{"id":18,"date":"2019-05-27T14:59:21","date_gmt":"2019-05-27T12:59:21","guid":{"rendered":"http:\/\/www.dainst.blog\/transpergmikro\/?page_id=18"},"modified":"2025-11-25T08:47:49","modified_gmt":"2025-11-25T07:47:49","slug":"team","status":"publish","type":"page","link":"https:\/\/www.dainst.blog\/transpergmikro\/team\/","title":{"rendered":"Team"},"content":{"rendered":"<h4>Principal Investigators<\/h4>\n\n\n<div class=\"wp-block-media-text is-stacked-on-mobile\" style=\"grid-template-columns:15% auto\"><figure class=\"wp-block-media-text__media\"><img fetchpriority=\"high\" decoding=\"async\" width=\"754\" height=\"756\" src=\"https:\/\/www.dainst.blog\/transpergmikro\/wp-content\/uploads\/sites\/10\/2019\/05\/19_Logo_TransPergMikro-1_edited_arch\u00e4ologie.jpg\" alt=\"\" class=\"wp-image-168 size-full\" srcset=\"https:\/\/www.dainst.blog\/transpergmikro\/wp-content\/uploads\/sites\/10\/2019\/05\/19_Logo_TransPergMikro-1_edited_arch\u00e4ologie.jpg 754w, https:\/\/www.dainst.blog\/transpergmikro\/wp-content\/uploads\/sites\/10\/2019\/05\/19_Logo_TransPergMikro-1_edited_arch\u00e4ologie-150x150.jpg 150w, https:\/\/www.dainst.blog\/transpergmikro\/wp-content\/uploads\/sites\/10\/2019\/05\/19_Logo_TransPergMikro-1_edited_arch\u00e4ologie-300x300.jpg 300w\" sizes=\"(max-width: 754px) 100vw, 754px\" \/><\/figure><div class=\"wp-block-media-text__content\">\n<p><a href=\"https:\/\/www.dainst.org\/wer-wir-sind\/mitarbeitende\/noslug\/414\" target=\"_blank\" rel=\"noreferrer noopener\">Prof. Dr. Felix Pirson<\/a> (Deutsches Arch\u00e4ologisches Institut, Abteilung Istanbul), together with&nbsp;<a href=\"https:\/\/cbuadmin.mcbu.edu.tr\/db_images\/site_127\/file\/Ozgecmis\/Guler_Ates.pdf\" target=\"_blank\" rel=\"noreferrer noopener\">Do\u00e7. Dr. G\u00fcler Ate\u015f<\/a> (Celal Bayar \u00dcniversitesi Manisa) and <a href=\"https:\/\/www.dainst.org\/wer-wir-sind\/mitarbeitende\/ulrich-mania\/417\" target=\"_blank\" rel=\"noreferrer noopener\">PD Dr. Ulrich Mania<\/a> (Deutsches Arch\u00e4ologisches Institut, Abteilung Istanbul)<\/p>\n<\/div><\/div>\n\n\n\n<div class=\"wp-block-media-text is-stacked-on-mobile\" style=\"grid-template-columns:15% auto\"><figure class=\"wp-block-media-text__media\"><img decoding=\"async\" width=\"754\" height=\"756\" src=\"https:\/\/www.dainst.blog\/transpergmikro\/wp-content\/uploads\/sites\/10\/2019\/05\/19_Logo_TransPergMikro-1_edited_bauforschung.jpg\" alt=\"\" class=\"wp-image-174 size-full\" srcset=\"https:\/\/www.dainst.blog\/transpergmikro\/wp-content\/uploads\/sites\/10\/2019\/05\/19_Logo_TransPergMikro-1_edited_bauforschung.jpg 754w, https:\/\/www.dainst.blog\/transpergmikro\/wp-content\/uploads\/sites\/10\/2019\/05\/19_Logo_TransPergMikro-1_edited_bauforschung-150x150.jpg 150w, https:\/\/www.dainst.blog\/transpergmikro\/wp-content\/uploads\/sites\/10\/2019\/05\/19_Logo_TransPergMikro-1_edited_bauforschung-300x300.jpg 300w\" sizes=\"(max-width: 754px) 100vw, 754px\" \/><\/figure><div class=\"wp-block-media-text__content\">\n<p><a href=\"https:\/\/www.tu.berlin\/hbd\/ueber-uns\/team\/prof-dr-ing-thekla-schulz-brize\" target=\"_blank\" rel=\"noreferrer noopener\">Prof. Dr.-Ing. Thekla Schulz-Brize<\/a> (Technische Universit\u00e4t Berlin) with <a href=\"https:\/\/www.tu.berlin\/bsg\/ueber-uns\/prof-dr-phil-ursula-quatember\" target=\"_blank\" rel=\"noreferrer noopener\">Prof. Dr. Ursula Quatember<\/a> (Technische Universit\u00e4t Berlin)<\/p>\n<\/div><\/div>\n\n\n\n<div class=\"wp-block-media-text is-stacked-on-mobile\" style=\"grid-template-columns:15% auto\"><figure class=\"wp-block-media-text__media\"><img decoding=\"async\" width=\"754\" height=\"756\" src=\"https:\/\/www.dainst.blog\/transpergmikro\/wp-content\/uploads\/sites\/10\/2019\/05\/19_Logo_TransPergMikro-1_edited_geographie.jpg\" alt=\"\" class=\"wp-image-173 size-full\" srcset=\"https:\/\/www.dainst.blog\/transpergmikro\/wp-content\/uploads\/sites\/10\/2019\/05\/19_Logo_TransPergMikro-1_edited_geographie.jpg 754w, https:\/\/www.dainst.blog\/transpergmikro\/wp-content\/uploads\/sites\/10\/2019\/05\/19_Logo_TransPergMikro-1_edited_geographie-150x150.jpg 150w, https:\/\/www.dainst.blog\/transpergmikro\/wp-content\/uploads\/sites\/10\/2019\/05\/19_Logo_TransPergMikro-1_edited_geographie-300x300.jpg 300w\" sizes=\"(max-width: 754px) 100vw, 754px\" \/><\/figure><div class=\"wp-block-media-text__content\">\n<p><a href=\"https:\/\/www.geo.fu-berlin.de\/geog\/fachrichtungen\/physgeog\/mitarbeiter\/bschuett\/index.html\" target=\"_blank\" rel=\"noreferrer noopener\">Prof. Dr. Brigitta Sch\u00fctt<\/a> (Freie Universit\u00e4t Berlin) with <a href=\"https:\/\/www.geo.fu-berlin.de\/geog\/fachrichtungen\/physgeog\/mitarbeiter\/fbecker\/index.html\" target=\"_blank\" rel=\"noreferrer noopener\">Dr. Fabian Becker<\/a> (Freie Universit\u00e4t Berlin) <\/p>\n<\/div><\/div>\n\n\n<h4>Staff<\/h4>\n<p><a href=\"https:\/\/www.oeaw.ac.at\/oeai\/institut\/team\/person\/philip-bes\" target=\"_blank\" rel=\"noopener\">Dr. Philip Bes<\/a> (Classical Archaeology | \u00d6sterreichisches Arch\u00e4ologisches Institut \u2013 \u00d6sterreichische Akademie der Wissenschaften) (temporarily, until 30 November 2023)<\/p>\n<p><a href=\"https:\/\/www.geo.fu-berlin.de\/geog\/fachrichtungen\/physgeog\/mitarbeiter\/rbusch\/index.html\" target=\"_blank\" rel=\"noopener\">Robert Busch M.Sc.<\/a> (Physical Geography | Freie Universit\u00e4t Berlin)<\/p>\n<p><a href=\"https:\/\/www.tu.berlin\/hbd\/forschung\/mitarbeiterinnen-in-forschung\/lea-geisler\" target=\"_blank\" rel=\"noopener\">L\u00e9a Geisler M.Sc.<\/a> (Historische Bauforschung | Technische Universit\u00e4t Berlin)<\/p>\n<p><a href=\"https:\/\/dainst.academia.edu\/AnnekeKewelohKaletta\" target=\"_blank\" rel=\"noopener\">Anneke Keweloh-Kaletta M.A.<\/a> (Classical Archaeology | Deutsches Arch\u00e4ologisches Institut, Abteilung Istanbul)<\/p>\n<p><a href=\"https:\/\/www.dainst.org\/wer-wir-sind\/mitarbeitende\/noslug\/468\" target=\"_blank\" rel=\"noreferrer noopener\" aria-label=\"Bernhard Ludwig M.Sc. (\u00f6ffnet in neuem Tab)\" data-rich-text-format-boundary=\"true\">Dr. Bernhard Ludwig<\/a>\u00a0(Field Archaeology and Landscape Archaeology | Deutsches Arch\u00e4ologisches Institut, Abteilung Istanbul)<\/p>\n<p><a href=\"https:\/\/www.tu.berlin\/hbd\/forschung\/mitarbeiterinnen-in-forschung\/ida-rewicki\" target=\"_blank\" rel=\"noopener\">Ida Luise Rewicki M.Sc.<\/a> (Historische Bauforschung | Technische Universit\u00e4t Berlin)<\/p>\n<p><a href=\"https:\/\/www.geo.fu-berlin.de\/geog\/fachrichtungen\/physgeog\/mitarbeiter\/jstarke\/index.html\" target=\"_blank\" rel=\"noopener\">Joris Starke M.Sc.<\/a> (Physical Geography | Freie Universit\u00e4t Berlin)<\/p>\n<p><a href=\"https:\/\/www.vfp-archaeologie.uni-muenchen.de\/personen\/professoren\/teegen\/index.html\" target=\"_blank\" rel=\"noopener\">apl. Prof. Dr. Wolf-R\u00fcdiger Teegen<\/a> (Physical Anthropology, Palaeopathology | Ludwig-Maximilians-Universit\u00e4t M\u00fcnchen) (temporarily)<\/p>\n<h4>Former staff members<\/h4>\n<p><a href=\"https:\/\/www.lgi.geographie.uni-kiel.de\/de\/team\/dr-daniel-knitter\" target=\"_blank\" rel=\"noreferrer noopener\" aria-label=\"Dr. Daniel Knitter (\u00f6ffnet in neuem Tab)\" data-rich-text-format-boundary=\"true\">Dr.<\/a><a href=\"https:\/\/www.lgi.geographie.uni-kiel.de\/de\/team\/dr-daniel-knitter\" target=\"_blank\" rel=\"noreferrer noopener\" aria-label=\"Dr. Daniel Knitter (\u00f6ffnet in neuem Tab)\" data-rich-text-format-boundary=\"true\"> Daniel Knitter<\/a> (Physical Geography | Christian-Albrechts-Universit\u00e4t zu Kiel)<\/p>\n<p><a href=\"https:\/\/www.ufg.uni-kiel.de\/de\/mitarbeiterinnen\/wissenschaftliche-mitarbeiter\/julian-laabs-m-sc\" target=\"_blank\" rel=\"noopener\">Julian Laabs M.Sc.<\/a> (Prehistoric Archaeology | Christian-Albrechts-Universit\u00e4t zu Kiel)<\/p>\n<p><a href=\"https:\/\/www.dainst.org\/mitarbeiter-detailansicht\/-\/person-display\/4485913\" target=\"_blank\" rel=\"noreferrer noopener\" aria-label=\"Sandra V\u00f6lkel M.A. (\u00f6ffnet in neuem Tab)\" data-rich-text-format-boundary=\"true\">Sandra V\u00f6lkel M.A.<\/a> (Classical Archaeology | Deutsches Arch\u00e4ologisches Institut, Abteilung Istanbul)<\/p>\n<p><a href=\"https:\/\/www.geo.fu-berlin.de\/geog\/fachrichtungen\/physgeog\/forschung\/Laufende-Projekte\/Die-Transformation-der-Mikroregion-Pergamon-zwischen-Hellenismus-und-roemischer-Kaiserzeit\/index.html\" target=\"_blank\" rel=\"noopener noreferrer\">Xun Yang M.Sc.<\/a> (Physical Geography | Chinese Scholarship Council | Freie Universit\u00e4t Berlin)<\/p>\n<p><a href=\"https:\/\/tu-berlin.academia.edu\/IhsanYeneroglu\" target=\"_blank\" rel=\"noreferrer noopener\" aria-label=\" (\u00f6ffnet in neuem Tab)\" data-rich-text-format-boundary=\"true\">Ihsan Yenero\u011flu M.A.<\/a> (Bauforschung | Technische Universit\u00e4t Berlin)<\/p>\n<header class=\"entry-header\">\n<h4 class=\"entry-title\">Partners<\/h4>\n<\/header>\n<div class=\"entry-content\">\n<p><a href=\"http:\/\/cv.sinop.edu.tr\/yonetilentezler\/ZEKI_METEAKSAN-460\" target=\"_blank\" rel=\"noopener\">Dr. Zeki Mete Aksan<\/a> (Sinop \u00dcniversitesi)<\/p>\n<p><a href=\"https:\/\/avesis.kocaeli.edu.tr\/sbaris\/\" target=\"_blank\" rel=\"noopener\">Prof. Dr. \u015eerif Bar\u0131\u015f<\/a>\u00a0(Kocaeli \u00dcniversitesi)<\/p>\n<p>Prof. Dr. Hasan B\u00f6ke (\u0130zmir Y\u00fcksek Teknoloji Enstit\u00fcs\u00fc)<\/p>\n<p><a href=\"https:\/\/www.leiza.de\/ueber-uns\/team\/person\/jeremie-chameroy\" target=\"_blank\" rel=\"noreferrer noopener\" aria-label=\"Dr. J\u00e9r\u00e9mie Chameroy (\u00f6ffnet in neuem Tab)\">Dr. J\u00e9r\u00e9mie Chameroy<\/a> (Leibniz-Zentrum f\u00fcr Arch\u00e4ologie Mainz)<\/p>\n<p>Prof. Dr. Emin \u00c7ift\u00e7i (\u0130stanbul Teknik \u00dcniversitesi)<\/p>\n<p><a href=\"http:\/\/www.archeo.ens.fr\/spip.php?article335&amp;lang=fr\" target=\"_blank\" rel=\"noreferrer noopener\" aria-label=\"Dr. Anca Dan (\u00f6ffnet in neuem Tab)\">Dr. Anca Dan<\/a>\u00a0(Centre National de la Recherche Scientifique Paris)<\/p>\n<p><a href=\"https:\/\/unisis.ege.edu.tr\/researcher=mehmet.dogan\" target=\"_blank\" rel=\"noreferrer noopener\">Do\u00e7. Dr. Mehmet Do\u011fan<\/a>\u00a0(Ege \u00dcniversitesi Izmir)<\/p>\n<p><a href=\"https:\/\/www.ai.uni-bonn.de\/mitarbeiter\/professoren\/stefan-feuser\" target=\"_blank\" rel=\"noreferrer noopener\" aria-label=\"Prof. Dr. Stefan Feuser (\u00f6ffnet in neuem Tab)\">Prof. Dr. Stefan Feuser<\/a> (Universit\u00e4t Bonn)<\/p>\n<p>Prof. Dr. Ba\u015fak \u0130peko\u011flu (\u0130zmir Y\u00fcksek Teknoloji Enstit\u00fcs\u00fc)<\/p>\n<p><a href=\"https:\/\/akademi.itu.edu.tr\/kaplanvural\/\" target=\"_blank\" rel=\"noopener\">Do\u00e7. Dr. \u0130smail Kaplanvural<\/a> (\u0130stanbul Teknik \u00dcniversitesi)<\/p>\n<p><a href=\"http:\/\/antik.gko.uni-leipzig.de\/index.php?id=238\" target=\"_blank\" rel=\"noreferrer noopener\" aria-label=\"Dr. J\u00f6rn Lang (\u00f6ffnet in neuem Tab)\">Dr. J\u00f6rn Lang<\/a>\u00a0(Universit\u00e4t Leipzig)<\/p>\n<p><a href=\"https:\/\/www.b-tu.de\/fg-architektur-und-visualisierung\/\" target=\"_blank\" rel=\"noreferrer noopener\" aria-label=\"Prof. Dr.-Ing. Dominik Lengyel (\u00f6ffnet in neuem Tab)\">Prof. Dominik Lengyel<\/a>\u00a0(Brandenburgisches Technische Universit\u00e4t Cottbus \u2013 Senftenberg)<\/p>\n<p><a href=\"http:\/\/ukarold.ff.cuni.cz\/en\/en\/Pavuk\" target=\"_blank\" rel=\"noopener\">doc. PhDr. Peter Pav\u00fak, PhD<\/a> (Charles University Prague)<\/p>\n<p><a href=\"https:\/\/www.dainst.org\/mitarbeiter-detailansicht\/-\/person-display\/1659384\" target=\"_blank\" rel=\"noreferrer noopener\" aria-label=\"Dr.-Ing. Katja Piesker (\u00f6ffnet in neuem Tab)\">Dr.-Ing. Katja Piesker<\/a> (Deutsches Arch\u00e4ologisches Institut, Architekturreferat)<\/p>\n<p><a href=\"https:\/\/www.kms.uni-kiel.de\/de\/mitglieder\/mitglieder\/wolfgang-rabbel\" target=\"_blank\" rel=\"noreferrer noopener\" aria-label=\"Prof. Dr. Wolfgang Rabbel (\u00f6ffnet in neuem Tab)\">Prof. Dr. Wolfgang Rabbel<\/a>\u00a0(Christian-Albrechts-Universit\u00e4t zu Kiel)<\/p>\n<p><a href=\"http:\/\/bio.metu.edu.tr\/en\/faculty\/mehmet-somel\" target=\"_blank\" rel=\"noopener\">Prof. Dr. Mehmet Somel<\/a> (Middle East Technical University Ankara)<\/p>\n<p>\u00d6\u011fr. G\u00f6r. Dr. Kerem \u015eerifaki (\u0130zmir Y\u00fcksek Teknoloji Enstit\u00fcs\u00fc)<\/p>\n<p><a href=\"https:\/\/www.vfp-archaeologie.uni-muenchen.de\/personen\/professoren\/teegen\/index.html\" target=\"_blank\" rel=\"noreferrer noopener\" aria-label=\"apl. Prof. Dr. Wolf-R\u00fcdiger Teegen (\u00f6ffnet in neuem Tab)\">apl. Prof. Dr. Wolf-R\u00fcdiger Teegen<\/a>\u00a0(Ludwig-Maximilians-Universit\u00e4t M\u00fcnchen)<\/p>\n<p><a href=\"https:\/\/avesis.ege.edu.tr\/murat.tozan\/\" target=\"_blank\" rel=\"noreferrer noopener\" aria-label=\"Do\u00e7. Prof. Dr. Murat Tozan (\u00f6ffnet in neuem Tab)\">Do\u00e7. Dr. Murat Tozan<\/a>\u00a0(Ege \u00dcniversitesi Izmir)<\/p>\n<p>Do\u00e7. Dr. Elif U\u011furlu Sa\u011f\u0131n (\u0130zmir Y\u00fcksek Teknoloji Enstit\u00fcs\u00fc)<\/p>\n<p><a href=\"http:\/\/www.bergama.gov.tr\/bergama-ilce-muze-mudurlugu\" target=\"_blank\" rel=\"noopener\">Nilg\u00fcn Ustura<\/a> (Bergama Museum Directorate)<\/p>\n<p><a href=\"https:\/\/www.hist.uzh.ch\/de\/fachbereiche\/altegeschichte\/lehrstuehle\/walser\/team\/walser.html\" target=\"_blank\" rel=\"noreferrer noopener\" aria-label=\"Prof. Dr. Victor Walser (\u00f6ffnet in neuem Tab)\">Prof. Dr. Andreas Victor Walser<\/a>\u00a0(Universit\u00e4t Z\u00fcrich)<\/p>\n<p><a href=\"https:\/\/www.htw-berlin.de\/hochschule\/personen\/person\/?eid=1123\" target=\"_blank\" rel=\"noopener noreferrer\">Arne Weiser<\/a>\u00a0(Hochschule f\u00fcr Technik und Wirtschaft Berlin)<\/p>\n<p><a href=\"https:\/\/www.th-luebeck.de\/hochschule\/hochschulorganisation\/personalverzeichnis\/person\/kai-wellbrock\/\" target=\"_blank\" rel=\"noreferrer noopener\" aria-label=\"Dr. Kai Wellbrock (\u00f6ffnet in neuem Tab)\">Dr. Kai Wellbrock<\/a>\u00a0(Technische Hochschule L\u00fcbeck)<\/p>\n<\/div>\n<p><strong>We are grateful to the Ministry of Culture and Tourism of the Republic of Turkey for the permission and support of our work.<\/strong><\/p>\n\n\n<p><\/p>\n","protected":false},"excerpt":{"rendered":"<p>Principal Investigators Prof. Dr. Felix Pirson (Deutsches Arch\u00e4ologisches Institut, Abteilung Istanbul), together with&nbsp;Do\u00e7. Dr. G\u00fcler Ate\u015f (Celal Bayar \u00dcniversitesi Manisa) and PD Dr. Ulrich&#8230;<\/p>\n","protected":false},"author":1,"featured_media":0,"parent":0,"menu_order":0,"comment_status":"closed","ping_status":"closed","template":"","meta":{"footnotes":""},"class_list":["post-18","page","type-page","status-publish","hentry"],"_links":{"self":[{"href":"https:\/\/www.dainst.blog\/transpergmikro\/wp-json\/wp\/v2\/pages\/18"}],"collection":[{"href":"https:\/\/www.dainst.blog\/transpergmikro\/wp-json\/wp\/v2\/pages"}],"about":[{"href":"https:\/\/www.dainst.blog\/transpergmikro\/wp-json\/wp\/v2\/types\/page"}],"author":[{"embeddable":true,"href":"https:\/\/www.dainst.blog\/transpergmikro\/wp-json\/wp\/v2\/users\/1"}],"replies":[{"embeddable":true,"href":"https:\/\/www.dainst.blog\/transpergmikro\/wp-json\/wp\/v2\/comments?post=18"}],"version-history":[{"count":72,"href":"https:\/\/www.dainst.blog\/transpergmikro\/wp-json\/wp\/v2\/pages\/18\/revisions"}],"predecessor-version":[{"id":2662,"href":"https:\/\/www.dainst.blog\/transpergmikro\/wp-json\/wp\/v2\/pages\/18\/revisions\/2662"}],"wp:attachment":[{"href":"https:\/\/www.dainst.blog\/transpergmikro\/wp-json\/wp\/v2\/media?parent=18"}],"curies":[{"name":"wp","href":"https:\/\/api.w.org\/{rel}","templated":true}]}}