{"id":632,"date":"2020-11-14T11:58:27","date_gmt":"2020-11-14T11:58:27","guid":{"rendered":"https:\/\/www.dainst.blog\/visual-narratives\/?page_id=632"},"modified":"2022-08-13T13:22:15","modified_gmt":"2022-08-13T12:22:15","slug":"erna-eckstein-fotografik-animsamalar","status":"publish","type":"page","link":"https:\/\/www.dainst.blog\/visual-narratives\/tr\/erna-eckstein-fotografik-animsamalar\/","title":{"rendered":"Erna Eckstein: Foto\u011frafik An\u0131msamalar"},"content":{"rendered":"\t\t<div data-elementor-type=\"wp-page\" data-elementor-id=\"632\" class=\"elementor elementor-632\">\n\t\t\t\t\t\t<section class=\"elementor-section elementor-top-section elementor-element elementor-element-d8752fa elementor-section-full_width elementor-section-height-full elementor-section-content-middle elementor-section-height-default elementor-section-items-middle\" data-id=\"d8752fa\" data-element_type=\"section\" data-e-type=\"section\" id=\"horizontal1\">\n\t\t\t\t\t\t<div class=\"elementor-container elementor-column-gap-no\">\n\t\t\t\t\t<div class=\"elementor-column elementor-col-100 elementor-top-column elementor-element elementor-element-bdae80f\" data-id=\"bdae80f\" data-element_type=\"column\" data-e-type=\"column\">\n\t\t\t<div class=\"elementor-widget-wrap\">\n\t\t\t\t\t\t\t<\/div>\n\t\t<\/div>\n\t\t\t\t\t<\/div>\n\t\t<\/section>\n\t\t\t\t<section class=\"elementor-section elementor-top-section elementor-element elementor-element-9b82bae elementor-section-height-full elementor-section-full_width elementor-section-content-middle elementor-section-height-default elementor-section-items-middle\" data-id=\"9b82bae\" data-element_type=\"section\" data-e-type=\"section\" id=\"section0\">\n\t\t\t\t\t\t<div class=\"elementor-container elementor-column-gap-no\">\n\t\t\t\t\t<div class=\"elementor-column elementor-col-100 elementor-top-column elementor-element elementor-element-d1fb506\" data-id=\"d1fb506\" data-element_type=\"column\" data-e-type=\"column\">\n\t\t\t<div class=\"elementor-widget-wrap elementor-element-populated\">\n\t\t\t\t\t\t<div class=\"elementor-element elementor-element-105d12b elementor-widget elementor-widget-image\" data-id=\"105d12b\" data-element_type=\"widget\" data-e-type=\"widget\" data-widget_type=\"image.default\">\n\t\t\t\t<div class=\"elementor-widget-container\">\n\t\t\t\t\t\t\t\t\t\t\t\t\t\t\t<img fetchpriority=\"high\" decoding=\"async\" width=\"2560\" height=\"1280\" src=\"https:\/\/www.dainst.blog\/visual-narratives\/wp-content\/uploads\/sites\/24\/2020\/11\/Erna-Eckstein-Kapak__TR-scaled.jpg\" class=\"attachment-full size-full wp-image-1062\" alt=\"Erna Eckstein Kapak\" srcset=\"https:\/\/www.dainst.blog\/visual-narratives\/wp-content\/uploads\/sites\/24\/2020\/11\/Erna-Eckstein-Kapak__TR-scaled.jpg 2560w, https:\/\/www.dainst.blog\/visual-narratives\/wp-content\/uploads\/sites\/24\/2020\/11\/Erna-Eckstein-Kapak__TR-300x150.jpg 300w, https:\/\/www.dainst.blog\/visual-narratives\/wp-content\/uploads\/sites\/24\/2020\/11\/Erna-Eckstein-Kapak__TR-1024x512.jpg 1024w, https:\/\/www.dainst.blog\/visual-narratives\/wp-content\/uploads\/sites\/24\/2020\/11\/Erna-Eckstein-Kapak__TR-768x384.jpg 768w, https:\/\/www.dainst.blog\/visual-narratives\/wp-content\/uploads\/sites\/24\/2020\/11\/Erna-Eckstein-Kapak__TR-1536x768.jpg 1536w, https:\/\/www.dainst.blog\/visual-narratives\/wp-content\/uploads\/sites\/24\/2020\/11\/Erna-Eckstein-Kapak__TR-2048x1024.jpg 2048w\" sizes=\"100vw\" \/>\t\t\t\t\t\t\t\t\t\t\t\t\t\t\t<\/div>\n\t\t\t\t<\/div>\n\t\t\t\t\t<\/div>\n\t\t<\/div>\n\t\t\t\t\t<\/div>\n\t\t<\/section>\n\t\t\t\t<section class=\"elementor-section elementor-top-section elementor-element elementor-element-cefa639 elementor-section-height-full elementor-section-boxed elementor-section-height-default elementor-section-items-middle\" data-id=\"cefa639\" data-element_type=\"section\" data-e-type=\"section\" id=\"section1\">\n\t\t\t\t\t\t<div class=\"elementor-container elementor-column-gap-default\">\n\t\t\t\t\t<div class=\"elementor-column elementor-col-100 elementor-top-column elementor-element elementor-element-fa4ce3a\" data-id=\"fa4ce3a\" data-element_type=\"column\" data-e-type=\"column\">\n\t\t\t<div class=\"elementor-widget-wrap elementor-element-populated\">\n\t\t\t\t\t\t<section class=\"elementor-section elementor-inner-section elementor-element elementor-element-8b76897 elementor-section-boxed elementor-section-height-default elementor-section-height-default\" data-id=\"8b76897\" data-element_type=\"section\" data-e-type=\"section\">\n\t\t\t\t\t\t<div class=\"elementor-container elementor-column-gap-default\">\n\t\t\t\t\t<div class=\"elementor-column elementor-col-50 elementor-inner-column elementor-element elementor-element-7ef13ef\" data-id=\"7ef13ef\" data-element_type=\"column\" data-e-type=\"column\">\n\t\t\t<div class=\"elementor-widget-wrap elementor-element-populated\">\n\t\t\t\t\t\t<div class=\"elementor-element elementor-element-aaf612b elementor-widget elementor-widget-text-editor\" data-id=\"aaf612b\" data-element_type=\"widget\" data-e-type=\"widget\" data-widget_type=\"text-editor.default\">\n\t\t\t\t<div class=\"elementor-widget-container\">\n\t\t\t\t\t\t\t\t\t<p>Bu sergi, T\u00fcrkiye\u2019ye Atat\u00fcrk\u2019\u00fcn \u00dcniversite reformu \u00e7er\u00e7evesinde davetli olarak gelen \u00e7ocuk doktoru Albert Eckstein\u2019\u0131n hayat arkada\u015f\u0131 Erna Eckstein hakk\u0131ndad\u0131r. Bug\u00fcne kadar Albert Eckstein ile ilgili pek \u00e7ok sergi, haber ve yay\u0131n yap\u0131lm\u0131\u015f; fakat Erna hep biraz g\u00f6lgede kalm\u0131\u015ft\u0131r. Bu sergi ile onun \u00fczerindeki bu toz tabakas\u0131n\u0131 kald\u0131rmak istiyoruz.<\/p>\t\t\t\t\t\t\t\t<\/div>\n\t\t\t\t<\/div>\n\t\t\t\t\t<\/div>\n\t\t<\/div>\n\t\t\t\t<div class=\"elementor-column elementor-col-50 elementor-inner-column elementor-element elementor-element-8ec757f\" data-id=\"8ec757f\" data-element_type=\"column\" data-e-type=\"column\">\n\t\t\t<div class=\"elementor-widget-wrap elementor-element-populated\">\n\t\t\t\t\t\t<div class=\"elementor-element elementor-element-134b3f8 elementor-widget elementor-widget-image\" data-id=\"134b3f8\" data-element_type=\"widget\" data-e-type=\"widget\" data-widget_type=\"image.default\">\n\t\t\t\t<div class=\"elementor-widget-container\">\n\t\t\t\t\t\t\t\t\t\t\t\t<figure class=\"wp-caption\">\n\t\t\t\t\t\t\t\t\t\t<img decoding=\"async\" width=\"344\" height=\"495\" src=\"https:\/\/www.dainst.blog\/visual-narratives\/wp-content\/uploads\/sites\/24\/2020\/11\/Erna-Eckstein-1931.jpg\" class=\"attachment-full size-full wp-image-1016\" alt=\"Erna Eckstein 1931\" srcset=\"https:\/\/www.dainst.blog\/visual-narratives\/wp-content\/uploads\/sites\/24\/2020\/11\/Erna-Eckstein-1931.jpg 344w, https:\/\/www.dainst.blog\/visual-narratives\/wp-content\/uploads\/sites\/24\/2020\/11\/Erna-Eckstein-1931-208x300.jpg 208w\" sizes=\"100vw\" \/>\t\t\t\t\t\t\t\t\t\t\t<figcaption class=\"widget-image-caption wp-caption-text\">Erna Eckstein<\/figcaption>\n\t\t\t\t\t\t\t\t\t\t<\/figure>\n\t\t\t\t\t\t\t\t\t<\/div>\n\t\t\t\t<\/div>\n\t\t\t\t\t<\/div>\n\t\t<\/div>\n\t\t\t\t\t<\/div>\n\t\t<\/section>\n\t\t\t\t\t<\/div>\n\t\t<\/div>\n\t\t\t\t\t<\/div>\n\t\t<\/section>\n\t\t\t\t<section class=\"elementor-section elementor-top-section elementor-element elementor-element-8e7d2c5 elementor-section-height-full elementor-section-boxed elementor-section-height-default elementor-section-items-middle\" data-id=\"8e7d2c5\" data-element_type=\"section\" data-e-type=\"section\" id=\"section1a\">\n\t\t\t\t\t\t<div class=\"elementor-container elementor-column-gap-default\">\n\t\t\t\t\t<div class=\"elementor-column elementor-col-50 elementor-top-column elementor-element elementor-element-d09d645\" data-id=\"d09d645\" data-element_type=\"column\" data-e-type=\"column\">\n\t\t\t<div class=\"elementor-widget-wrap elementor-element-populated\">\n\t\t\t\t\t\t<div class=\"elementor-element elementor-element-bd2f861 elementor-widget elementor-widget-image\" data-id=\"bd2f861\" data-element_type=\"widget\" data-e-type=\"widget\" data-widget_type=\"image.default\">\n\t\t\t\t<div class=\"elementor-widget-container\">\n\t\t\t\t\t\t\t\t\t\t\t\t<figure class=\"wp-caption\">\n\t\t\t\t\t\t\t\t\t\t<img decoding=\"async\" width=\"979\" height=\"639\" src=\"https:\/\/www.dainst.blog\/visual-narratives\/wp-content\/uploads\/sites\/24\/2020\/11\/D-DAI-IST-NAE-03492.jpg\" class=\"attachment-full size-full wp-image-1070\" alt=\"\" srcset=\"https:\/\/www.dainst.blog\/visual-narratives\/wp-content\/uploads\/sites\/24\/2020\/11\/D-DAI-IST-NAE-03492.jpg 979w, https:\/\/www.dainst.blog\/visual-narratives\/wp-content\/uploads\/sites\/24\/2020\/11\/D-DAI-IST-NAE-03492-300x196.jpg 300w, https:\/\/www.dainst.blog\/visual-narratives\/wp-content\/uploads\/sites\/24\/2020\/11\/D-DAI-IST-NAE-03492-768x501.jpg 768w\" sizes=\"100vw\" \/>\t\t\t\t\t\t\t\t\t\t\t<figcaption class=\"widget-image-caption wp-caption-text\">E. Eckstein, Be\u015fikte Bebek, Ankara Etimesgut<\/figcaption>\n\t\t\t\t\t\t\t\t\t\t<\/figure>\n\t\t\t\t\t\t\t\t\t<\/div>\n\t\t\t\t<\/div>\n\t\t\t\t\t<\/div>\n\t\t<\/div>\n\t\t\t\t<div class=\"elementor-column elementor-col-50 elementor-top-column elementor-element elementor-element-62e9387\" data-id=\"62e9387\" data-element_type=\"column\" data-e-type=\"column\">\n\t\t\t<div class=\"elementor-widget-wrap elementor-element-populated\">\n\t\t\t\t\t\t<div class=\"elementor-element elementor-element-939995a elementor-widget elementor-widget-text-editor\" data-id=\"939995a\" data-element_type=\"widget\" data-e-type=\"widget\" data-widget_type=\"text-editor.default\">\n\t\t\t\t<div class=\"elementor-widget-container\">\n\t\t\t\t\t\t\t\t\t<p><span style=\"font-size: 1rem\">Serginin malzemesi Erna\u2019n\u0131n mesleki ya\u015fam\u0131n\u0131 ve bu gezilerini belgeledi\u011fi dialard\u0131r. Bu sergiye kadar g\u00fcn y\u00fcz\u00fcne hi\u00e7 \u00e7\u0131kmam\u0131\u015f olan bu dialar, 1950\u2019li y\u0131llar\u0131n T\u00fcrkiye\u2019sini bizlere geni\u015f bir perspektiften sunmaktad\u0131r.\u00a0<\/span>Bu g\u00f6rseller sadece \u00e7ok \u00e7e\u015fitli ilgi alanlar\u0131na sahip, kendine g\u00fcvenen bir kad\u0131n\u0131n bak\u0131\u015f a\u00e7\u0131s\u0131n\u0131 yans\u0131tmakla kalmay\u0131p T\u00fcrkiye ile Almanya aras\u0131ndaki kamusal i\u015f birli\u01e7inin bir belgesi olarak da tarihe \u0131\u015f\u0131k tutmaktad\u0131r.<\/p>\t\t\t\t\t\t\t\t<\/div>\n\t\t\t\t<\/div>\n\t\t\t\t\t<\/div>\n\t\t<\/div>\n\t\t\t\t\t<\/div>\n\t\t<\/section>\n\t\t\t\t<section class=\"elementor-section elementor-top-section elementor-element elementor-element-38263c0 elementor-section-height-full elementor-section-boxed elementor-section-height-default elementor-section-items-middle\" data-id=\"38263c0\" data-element_type=\"section\" data-e-type=\"section\" id=\"section2\">\n\t\t\t\t\t\t<div class=\"elementor-container elementor-column-gap-default\">\n\t\t\t\t\t<div class=\"elementor-column elementor-col-100 elementor-top-column elementor-element elementor-element-5767ed8\" data-id=\"5767ed8\" data-element_type=\"column\" data-e-type=\"column\">\n\t\t\t<div class=\"elementor-widget-wrap elementor-element-populated\">\n\t\t\t\t\t\t<section class=\"elementor-section elementor-inner-section elementor-element elementor-element-7ffb0e2 elementor-section-full_width elementor-section-height-default elementor-section-height-default\" data-id=\"7ffb0e2\" data-element_type=\"section\" data-e-type=\"section\">\n\t\t\t\t\t\t<div class=\"elementor-container elementor-column-gap-no\">\n\t\t\t\t\t<div class=\"elementor-column elementor-col-50 elementor-inner-column elementor-element elementor-element-72eb76b\" data-id=\"72eb76b\" data-element_type=\"column\" data-e-type=\"column\">\n\t\t\t<div class=\"elementor-widget-wrap elementor-element-populated\">\n\t\t\t\t\t\t<div class=\"elementor-element elementor-element-c6e1d0b elementor-widget elementor-widget-image\" data-id=\"c6e1d0b\" data-element_type=\"widget\" data-e-type=\"widget\" data-widget_type=\"image.default\">\n\t\t\t\t<div class=\"elementor-widget-container\">\n\t\t\t\t\t\t\t\t\t\t\t\t<figure class=\"wp-caption\">\n\t\t\t\t\t\t\t\t\t\t<img loading=\"lazy\" decoding=\"async\" width=\"403\" height=\"303\" src=\"https:\/\/www.dainst.blog\/visual-narratives\/wp-content\/uploads\/sites\/24\/2020\/11\/Erna-Eckstein-and-Albert-Eckstein.png\" class=\"attachment-full size-full wp-image-1021\" alt=\"Erna Eckstein and Albert Eckstein\" srcset=\"https:\/\/www.dainst.blog\/visual-narratives\/wp-content\/uploads\/sites\/24\/2020\/11\/Erna-Eckstein-and-Albert-Eckstein.png 403w, https:\/\/www.dainst.blog\/visual-narratives\/wp-content\/uploads\/sites\/24\/2020\/11\/Erna-Eckstein-and-Albert-Eckstein-300x226.png 300w\" sizes=\"100vw\" \/>\t\t\t\t\t\t\t\t\t\t\t<figcaption class=\"widget-image-caption wp-caption-text\">Erna Eckstein &amp; Albert Eckstein<\/figcaption>\n\t\t\t\t\t\t\t\t\t\t<\/figure>\n\t\t\t\t\t\t\t\t\t<\/div>\n\t\t\t\t<\/div>\n\t\t\t\t\t<\/div>\n\t\t<\/div>\n\t\t\t\t<div class=\"elementor-column elementor-col-50 elementor-inner-column elementor-element elementor-element-ed39f9c\" data-id=\"ed39f9c\" data-element_type=\"column\" data-e-type=\"column\">\n\t\t\t<div class=\"elementor-widget-wrap elementor-element-populated\">\n\t\t\t\t\t\t<div class=\"elementor-element elementor-element-f2770d5 elementor-widget elementor-widget-text-editor\" data-id=\"f2770d5\" data-element_type=\"widget\" data-e-type=\"widget\" data-widget_type=\"text-editor.default\">\n\t\t\t\t<div class=\"elementor-widget-container\">\n\t\t\t\t\t\t\t\t\t<p><span style=\"font-size: 1rem\">Erna Eckstein 1895 y\u0131l\u0131nda do\u01e7mu\u015ftur. Babas\u0131 Arthur Schlossmann \u00e7ocuk doktorudur ve D\u00fcsseldorf \u00c7ocuk Klini\u011fi ba\u015fhekimidir. Almanya\u2019da t\u0131p e\u01e7itimi alan ilk kad\u0131n \u00f6\u01e7rencilerden biri olan Erna, 1920\u2019lerde Auguste-Victoria \u00c7ocuk Klini\u01e7i\u2019nde ba\u015fhekimlik yaparken ilk o\u01e7lunun do\u01e7umuyla buradaki i\u015fini b\u0131rakmak zorunda kal\u0131r. \u0130\u015f hayat\u0131 ve \u00e7ocuk bak\u0131m\u0131 bir kez daha bir arada y\u00fcr\u00fct\u00fclememi\u015ftir.<\/span><\/p><p>Hayat arkada\u015f\u0131 Albert Eckstein da \u00e7ocuk doktorudur. Her ikisi de Yahudi k\u00f6kenlidir. 1933 y\u0131l\u0131ndan itibaren Almanya\u2019da artarak devam eden Yahudi kar\u015f\u0131t\u0131 sald\u0131r\u0131lar, onlar\u0131 s\u00fcrg\u00fcnde ya\u015fama plan\u0131 yapmaya iter. Albert Eckstein, \u0130ngiltere ve Amerika\u2019dan gelen i\u015f tekliflerini reddederek T\u00fcrkiye\u2019nin davetini kabul eder.<\/p>\t\t\t\t\t\t\t\t<\/div>\n\t\t\t\t<\/div>\n\t\t\t\t\t<\/div>\n\t\t<\/div>\n\t\t\t\t\t<\/div>\n\t\t<\/section>\n\t\t\t\t\t<\/div>\n\t\t<\/div>\n\t\t\t\t\t<\/div>\n\t\t<\/section>\n\t\t\t\t<section class=\"elementor-section elementor-top-section elementor-element elementor-element-4f3ba46 elementor-section-height-full elementor-section-boxed elementor-section-height-default elementor-section-items-middle\" data-id=\"4f3ba46\" data-element_type=\"section\" data-e-type=\"section\" id=\"section3\">\n\t\t\t\t\t\t<div class=\"elementor-container elementor-column-gap-default\">\n\t\t\t\t\t<div class=\"elementor-column elementor-col-100 elementor-top-column elementor-element elementor-element-ef79c3a\" data-id=\"ef79c3a\" data-element_type=\"column\" data-e-type=\"column\">\n\t\t\t<div class=\"elementor-widget-wrap elementor-element-populated\">\n\t\t\t\t\t\t<section class=\"elementor-section elementor-inner-section elementor-element elementor-element-12e0b16 elementor-section-full_width elementor-section-content-middle elementor-section-height-default elementor-section-height-default\" data-id=\"12e0b16\" data-element_type=\"section\" data-e-type=\"section\">\n\t\t\t\t\t\t<div class=\"elementor-container elementor-column-gap-default\">\n\t\t\t\t\t<div class=\"elementor-column elementor-col-50 elementor-inner-column elementor-element elementor-element-8475d4e\" data-id=\"8475d4e\" data-element_type=\"column\" data-e-type=\"column\">\n\t\t\t<div class=\"elementor-widget-wrap elementor-element-populated\">\n\t\t\t\t\t\t<div class=\"elementor-element elementor-element-3c82580 elementor-widget elementor-widget-image\" data-id=\"3c82580\" data-element_type=\"widget\" data-e-type=\"widget\" data-widget_type=\"image.default\">\n\t\t\t\t<div class=\"elementor-widget-container\">\n\t\t\t\t\t\t\t\t\t\t\t\t<figure class=\"wp-caption\">\n\t\t\t\t\t\t\t\t\t\t<img loading=\"lazy\" decoding=\"async\" width=\"600\" height=\"419\" src=\"https:\/\/www.dainst.blog\/visual-narratives\/wp-content\/uploads\/sites\/24\/2020\/11\/1.3.-a.Gastebuch-e1606744241496.png\" class=\"attachment-full size-full wp-image-670\" alt=\"Gastebuch\" sizes=\"100vw\" \/>\t\t\t\t\t\t\t\t\t\t\t<figcaption class=\"widget-image-caption wp-caption-text\">Alman ve T\u00fcrk Konuklar taraf\u0131ndan imzalanm\u0131\u015f Eckstein Ailesi Konuk Defteri (1935-1950)<\/figcaption>\n\t\t\t\t\t\t\t\t\t\t<\/figure>\n\t\t\t\t\t\t\t\t\t<\/div>\n\t\t\t\t<\/div>\n\t\t\t\t\t<\/div>\n\t\t<\/div>\n\t\t\t\t<div class=\"elementor-column elementor-col-50 elementor-inner-column elementor-element elementor-element-e5f36e3\" data-id=\"e5f36e3\" data-element_type=\"column\" data-e-type=\"column\">\n\t\t\t<div class=\"elementor-widget-wrap elementor-element-populated\">\n\t\t\t\t\t\t<div class=\"elementor-element elementor-element-a118af8 elementor-widget elementor-widget-text-editor\" data-id=\"a118af8\" data-element_type=\"widget\" data-e-type=\"widget\" data-widget_type=\"text-editor.default\">\n\t\t\t\t<div class=\"elementor-widget-container\">\n\t\t\t\t\t\t\t\t\t<p>B\u00f6ylece Ecksteinlar 1935 y\u0131l\u0131nda, g\u00f6revinden at\u0131lm\u0131\u015f pek \u00e7ok Alman akademisyen gibi yeni kurulan gen\u00e7 T\u00fcrkiye Cumhuriyeti\u2019ne do\u01e7ru yola \u00e7\u0131karlar. 1933 y\u0131l\u0131ndaki \u00dcniversite Reformu kapsam\u0131nda Atat\u00fcrk, bu iyi e\u01e7itimli akademisyenleri T\u00fcrkiye\u2019ye davet etmi\u015ftir. Bu daveti kabul etmi\u015f \u00e7o\u01e7u Yahudi, yakla\u015f\u0131k binin \u00fczerinde vatans\u0131z akademisyen 1930\u2019lar T\u00fcrkiye\u2018sinde yeni ve etkili bir y\u00f6netimin, modern kentlerin, ba\u015far\u0131l\u0131 bir e\u01e7itim ve sa\u01e7l\u0131k sisteminin kurulmas\u0131na katk\u0131 sunarlar. B\u00f6ylece, kendi \u00fclkeleri h\u0131zla sava\u015fa ve \u00e7\u00f6k\u00fc\u015fe do\u01e7ru giderken, onlar \u00e7oktan T\u00fcrkiye\u2019deki k\u00fclt\u00fcrel ve sosyal devrimin bir par\u00e7as\u0131 olurlar.<\/p>\t\t\t\t\t\t\t\t<\/div>\n\t\t\t\t<\/div>\n\t\t\t\t\t<\/div>\n\t\t<\/div>\n\t\t\t\t\t<\/div>\n\t\t<\/section>\n\t\t\t\t\t<\/div>\n\t\t<\/div>\n\t\t\t\t\t<\/div>\n\t\t<\/section>\n\t\t\t\t<section class=\"elementor-section elementor-top-section elementor-element elementor-element-b2637bf elementor-section-height-full elementor-section-boxed elementor-section-height-default elementor-section-items-middle\" data-id=\"b2637bf\" data-element_type=\"section\" data-e-type=\"section\" id=\"section4\">\n\t\t\t\t\t\t<div class=\"elementor-container elementor-column-gap-default\">\n\t\t\t\t\t<div class=\"elementor-column elementor-col-50 elementor-top-column elementor-element elementor-element-f91426a\" data-id=\"f91426a\" data-element_type=\"column\" data-e-type=\"column\">\n\t\t\t<div class=\"elementor-widget-wrap elementor-element-populated\">\n\t\t\t\t\t\t<div class=\"elementor-element elementor-element-303fbfb elementor-widget elementor-widget-text-editor\" data-id=\"303fbfb\" data-element_type=\"widget\" data-e-type=\"widget\" data-widget_type=\"text-editor.default\">\n\t\t\t\t<div class=\"elementor-widget-container\">\n\t\t\t\t\t\t\t\t\t<p>Bu akademisyenlerden biri de Albert Eckstein\u2019d\u0131r. Albert ve ekibi, T\u00fcrkiye\u2019de \u00e7ocuk sa\u01e7l\u0131\u01e7\u0131 ara\u015ft\u0131rmalar\u0131 ve t\u0131p kurumlar\u0131n\u0131n kurulmas\u0131ndan resmi olarak sorumlu olur. Bu kapsamda Sa\u01e7l\u0131k Bakanl\u0131\u01e7\u0131\u2018n\u0131n g\u00f6revlendirmesi ile Anadolu\u2019da yakla\u015f\u0131k 19 il, 60 k\u00f6yde sa\u01e7l\u0131k taramalar\u0131 yaparlar. B\u00fct\u00fcn bu \u00e7al\u0131\u015fmalar s\u0131ras\u0131nda Erna Eckstein e\u015fini sadece lojistik olarak de\u01e7il mesleki olarak da destekler. \u00d6zellikle k\u0131rsal b\u00f6lgelerde, anne ve \u00e7ocuk sa\u01e7l\u0131k taramalar\u0131 i\u00e7in Anadolu\u2019ya yapt\u0131klar\u0131 seyahatler \u00e7iftin ortak \u00e7abas\u0131n\u0131n \u00fcr\u00fcn\u00fcd\u00fcr. Bu \u00e7al\u0131\u015fmalar T\u00fcrk pediatrisinin \u00f6nc\u00fc \u00e7al\u0131\u015fmalar\u0131d\u0131r. Buradaki ya\u015fam\u0131 boyunca Ecksteinlar\u0131n ilgisi sadece t\u0131p alan\u0131 ile s\u0131n\u0131rl\u0131 kalmaz: \u0130kisi de b\u00fcy\u00fck bir i\u00e7tenlikle k\u0131rsal ya\u015fam\u0131n bir par\u00e7as\u0131 olur, kendilerine c\u00f6mert\u00e7e a\u00e7\u0131lan k\u00f6y evlerinin kap\u0131lar\u0131ndan i\u00e7eri girer, macera dolu ke\u015fif turlar\u0131na \u00e7\u0131kar; 35 milimetre foto\u01e7raf makinalar\u0131yla k\u00f6y ya\u015fam\u0131n\u0131, manzaray\u0131, insanlar\u0131, arkeolojik kal\u0131nt\u0131lar\u0131, Osmanl\u0131 mimarisini ve ge\u00e7tikleri sokaklardaki g\u00fcnl\u00fck ya\u015fam\u0131 belgelerler. Ankara\u2019daki evlerinin kap\u0131s\u0131 sadece s\u00fcrg\u00fcndeki Alman toplumuna de\u01e7il, ayn\u0131 zamanda T\u00fcrk meslekta\u015flar\u0131na ve aile dostlar\u0131na da sonuna kadar a\u00e7\u0131kt\u0131r.<\/p>\t\t\t\t\t\t\t\t<\/div>\n\t\t\t\t<\/div>\n\t\t\t\t\t<\/div>\n\t\t<\/div>\n\t\t\t\t<div class=\"elementor-column elementor-col-50 elementor-top-column elementor-element elementor-element-d442913\" data-id=\"d442913\" data-element_type=\"column\" data-e-type=\"column\">\n\t\t\t<div class=\"elementor-widget-wrap elementor-element-populated\">\n\t\t\t\t\t\t<div class=\"elementor-element elementor-element-b1f7814 elementor-widget elementor-widget-image\" data-id=\"b1f7814\" data-element_type=\"widget\" data-e-type=\"widget\" data-widget_type=\"image.default\">\n\t\t\t\t<div class=\"elementor-widget-container\">\n\t\t\t\t\t\t\t\t\t\t\t\t<figure class=\"wp-caption\">\n\t\t\t\t\t\t\t\t\t\t<img loading=\"lazy\" decoding=\"async\" width=\"2560\" height=\"1716\" src=\"https:\/\/www.dainst.blog\/visual-narratives\/wp-content\/uploads\/sites\/24\/2020\/11\/Eckstein-Tekne-Istanbul-1945-scaled.jpg\" class=\"attachment-full size-full wp-image-679\" alt=\"Eckstein, Tekne, \u0130stanbul, 1945\" srcset=\"https:\/\/www.dainst.blog\/visual-narratives\/wp-content\/uploads\/sites\/24\/2020\/11\/Eckstein-Tekne-Istanbul-1945-scaled.jpg 2560w, https:\/\/www.dainst.blog\/visual-narratives\/wp-content\/uploads\/sites\/24\/2020\/11\/Eckstein-Tekne-Istanbul-1945-300x201.jpg 300w, https:\/\/www.dainst.blog\/visual-narratives\/wp-content\/uploads\/sites\/24\/2020\/11\/Eckstein-Tekne-Istanbul-1945-1024x686.jpg 1024w, https:\/\/www.dainst.blog\/visual-narratives\/wp-content\/uploads\/sites\/24\/2020\/11\/Eckstein-Tekne-Istanbul-1945-768x515.jpg 768w, https:\/\/www.dainst.blog\/visual-narratives\/wp-content\/uploads\/sites\/24\/2020\/11\/Eckstein-Tekne-Istanbul-1945-1536x1030.jpg 1536w, https:\/\/www.dainst.blog\/visual-narratives\/wp-content\/uploads\/sites\/24\/2020\/11\/Eckstein-Tekne-Istanbul-1945-2048x1373.jpg 2048w\" sizes=\"100vw\" \/>\t\t\t\t\t\t\t\t\t\t\t<figcaption class=\"widget-image-caption wp-caption-text\">A. Eckstein, Albert Ailesi ve Arkada\u015flar\u0131, Sel\u00e7uk Yak\u0131nlar\u0131<\/figcaption>\n\t\t\t\t\t\t\t\t\t\t<\/figure>\n\t\t\t\t\t\t\t\t\t<\/div>\n\t\t\t\t<\/div>\n\t\t\t\t\t<\/div>\n\t\t<\/div>\n\t\t\t\t\t<\/div>\n\t\t<\/section>\n\t\t\t\t<section class=\"elementor-section elementor-top-section elementor-element elementor-element-117401d elementor-section-height-full elementor-section-boxed elementor-section-height-default elementor-section-items-middle\" data-id=\"117401d\" data-element_type=\"section\" data-e-type=\"section\" id=\"section5\">\n\t\t\t\t\t\t<div class=\"elementor-container elementor-column-gap-default\">\n\t\t\t\t\t<div class=\"elementor-column elementor-col-50 elementor-top-column elementor-element elementor-element-6bd6c2b\" data-id=\"6bd6c2b\" data-element_type=\"column\" data-e-type=\"column\">\n\t\t\t<div class=\"elementor-widget-wrap elementor-element-populated\">\n\t\t\t\t\t\t<div class=\"elementor-element elementor-element-5354d49 elementor-widget elementor-widget-image\" data-id=\"5354d49\" data-element_type=\"widget\" data-e-type=\"widget\" data-widget_type=\"image.default\">\n\t\t\t\t<div class=\"elementor-widget-container\">\n\t\t\t\t\t\t\t\t\t\t\t\t<figure class=\"wp-caption\">\n\t\t\t\t\t\t\t\t\t\t<img loading=\"lazy\" decoding=\"async\" width=\"1200\" height=\"790\" src=\"https:\/\/www.dainst.blog\/visual-narratives\/wp-content\/uploads\/sites\/24\/2020\/11\/Eckstein-Albert-Ailesi-ve-Arkadaslari-Selcuk-Yakinlari-scaled-e1606744362102.jpg\" class=\"attachment-full size-full wp-image-691\" alt=\"Eckstein, Albert Ailesi ve Arkada\u015flar\u0131, Sel\u00e7uk Yak\u0131nlar\u0131\" sizes=\"100vw\" \/>\t\t\t\t\t\t\t\t\t\t\t<figcaption class=\"widget-image-caption wp-caption-text\">A. Eckstein, Kayak\u00e7\u0131lar, Uluda\u01e7, 1937<\/figcaption>\n\t\t\t\t\t\t\t\t\t\t<\/figure>\n\t\t\t\t\t\t\t\t\t<\/div>\n\t\t\t\t<\/div>\n\t\t\t\t\t<\/div>\n\t\t<\/div>\n\t\t\t\t<div class=\"elementor-column elementor-col-50 elementor-top-column elementor-element elementor-element-7e5abe0\" data-id=\"7e5abe0\" data-element_type=\"column\" data-e-type=\"column\">\n\t\t\t<div class=\"elementor-widget-wrap elementor-element-populated\">\n\t\t\t\t\t\t<div class=\"elementor-element elementor-element-ea819cf elementor-widget elementor-widget-text-editor\" data-id=\"ea819cf\" data-element_type=\"widget\" data-e-type=\"widget\" data-widget_type=\"text-editor.default\">\n\t\t\t\t<div class=\"elementor-widget-container\">\n\t\t\t\t\t\t\t\t\t<p>\u00c7ift, yeni \u00fclkelerinde y\u00fczmek, kayak yapmak, foto\u011fraf \u00e7ekmek gibi T\u00fcrkiye\u2019de o zaman i\u00e7in s\u0131rad\u0131\u015f\u0131 say\u0131labilecek bo\u015f zaman aktiviteleri ile de \u00f6nc\u00fcd\u00fcr. Erna Eckstein T\u00fcrkiye\u2019deki s\u00fcrg\u00fcn y\u0131llar\u0131n\u0131 hayat\u0131n\u0131n en g\u00fczel zamanlar\u0131 olarak tarifler.<\/p>\t\t\t\t\t\t\t\t<\/div>\n\t\t\t\t<\/div>\n\t\t\t\t\t<\/div>\n\t\t<\/div>\n\t\t\t\t\t<\/div>\n\t\t<\/section>\n\t\t\t\t<section class=\"elementor-section elementor-top-section elementor-element elementor-element-67ef4f6 elementor-section-height-full elementor-section-boxed elementor-section-height-default elementor-section-items-middle\" data-id=\"67ef4f6\" data-element_type=\"section\" data-e-type=\"section\" id=\"section6\">\n\t\t\t\t\t\t<div class=\"elementor-container elementor-column-gap-default\">\n\t\t\t\t\t<div class=\"elementor-column elementor-col-50 elementor-top-column elementor-element elementor-element-682cdff\" data-id=\"682cdff\" data-element_type=\"column\" data-e-type=\"column\">\n\t\t\t<div class=\"elementor-widget-wrap elementor-element-populated\">\n\t\t\t\t\t\t<div class=\"elementor-element elementor-element-0b7b55a elementor-widget elementor-widget-text-editor\" data-id=\"0b7b55a\" data-element_type=\"widget\" data-e-type=\"widget\" data-widget_type=\"text-editor.default\">\n\t\t\t\t<div class=\"elementor-widget-container\">\n\t\t\t\t\t\t\t\t\t<p>Albert\u2019in en \u00f6nemli d\u00fc\u015f\u00fc, Ankara\u2019da 300 yatakl\u0131 bir \u00e7ocuk hastanesi a\u00e7makt\u0131r. Maalesef Albert bu hayalini ger\u00e7ekle\u015ftiremez. Ecksteinlar 1950 y\u0131l\u0131nda bu kez Almanya\u2019dan davet al\u0131rlar ve Hamburg\u2019a geri d\u00f6nerler. Albert Eckstein, ayn\u0131 sene i\u00e7inde beklenmeyen bir alerji \u015fokundan erken ya\u015fta hayata g\u00f6zlerini yumar. Erna i\u00e7in bu kayb\u0131n anlam\u0131 pes etmemektir.<\/p>\t\t\t\t\t\t\t\t<\/div>\n\t\t\t\t<\/div>\n\t\t\t\t\t<\/div>\n\t\t<\/div>\n\t\t\t\t<div class=\"elementor-column elementor-col-50 elementor-top-column elementor-element elementor-element-2063b25\" data-id=\"2063b25\" data-element_type=\"column\" data-e-type=\"column\">\n\t\t\t<div class=\"elementor-widget-wrap elementor-element-populated\">\n\t\t\t\t\t\t<div class=\"elementor-element elementor-element-8e2c2fc elementor-widget elementor-widget-image\" data-id=\"8e2c2fc\" data-element_type=\"widget\" data-e-type=\"widget\" data-widget_type=\"image.default\">\n\t\t\t\t<div class=\"elementor-widget-container\">\n\t\t\t\t\t\t\t\t\t\t\t\t<figure class=\"wp-caption\">\n\t\t\t\t\t\t\t\t\t\t<img loading=\"lazy\" decoding=\"async\" width=\"2560\" height=\"1664\" src=\"https:\/\/www.dainst.blog\/visual-narratives\/wp-content\/uploads\/sites\/24\/2020\/11\/Eckstein-Kayakcilar-Uluda\u01e7-1937-scaled.jpg\" class=\"attachment-full size-full wp-image-695\" alt=\"Eckstein, Kayak\u00e7\u0131lar, Uluda\u01e7, 1937\" srcset=\"https:\/\/www.dainst.blog\/visual-narratives\/wp-content\/uploads\/sites\/24\/2020\/11\/Eckstein-Kayakcilar-Uluda\u01e7-1937-scaled.jpg 2560w, https:\/\/www.dainst.blog\/visual-narratives\/wp-content\/uploads\/sites\/24\/2020\/11\/Eckstein-Kayakcilar-Uluda\u01e7-1937-300x195.jpg 300w, https:\/\/www.dainst.blog\/visual-narratives\/wp-content\/uploads\/sites\/24\/2020\/11\/Eckstein-Kayakcilar-Uluda\u01e7-1937-1024x666.jpg 1024w, https:\/\/www.dainst.blog\/visual-narratives\/wp-content\/uploads\/sites\/24\/2020\/11\/Eckstein-Kayakcilar-Uluda\u01e7-1937-768x499.jpg 768w, https:\/\/www.dainst.blog\/visual-narratives\/wp-content\/uploads\/sites\/24\/2020\/11\/Eckstein-Kayakcilar-Uluda\u01e7-1937-1536x998.jpg 1536w, https:\/\/www.dainst.blog\/visual-narratives\/wp-content\/uploads\/sites\/24\/2020\/11\/Eckstein-Kayakcilar-Uluda\u01e7-1937-2048x1331.jpg 2048w\" sizes=\"100vw\" \/>\t\t\t\t\t\t\t\t\t\t\t<figcaption class=\"widget-image-caption wp-caption-text\">A. Eckstein, Tekne, \u0130stanbul, 1945<\/figcaption>\n\t\t\t\t\t\t\t\t\t\t<\/figure>\n\t\t\t\t\t\t\t\t\t<\/div>\n\t\t\t\t<\/div>\n\t\t\t\t\t<\/div>\n\t\t<\/div>\n\t\t\t\t\t<\/div>\n\t\t<\/section>\n\t\t\t\t<section class=\"elementor-section elementor-top-section elementor-element elementor-element-9806add elementor-section-height-full elementor-section-boxed elementor-section-height-default elementor-section-items-middle\" data-id=\"9806add\" data-element_type=\"section\" data-e-type=\"section\" id=\"section7\">\n\t\t\t\t\t\t<div class=\"elementor-container elementor-column-gap-default\">\n\t\t\t\t\t<div class=\"elementor-column elementor-col-50 elementor-top-column elementor-element elementor-element-a6309ca\" data-id=\"a6309ca\" data-element_type=\"column\" data-e-type=\"column\">\n\t\t\t<div class=\"elementor-widget-wrap elementor-element-populated\">\n\t\t\t\t\t\t<div class=\"elementor-element elementor-element-83c2845 elementor-widget elementor-widget-text-editor\" data-id=\"83c2845\" data-element_type=\"widget\" data-e-type=\"widget\" data-widget_type=\"text-editor.default\">\n\t\t\t\t<div class=\"elementor-widget-container\">\n\t\t\t\t\t\t\t\t\t<h1><strong>\u0130kinci Memleket<\/strong><\/h1><p>Eckstein ailesi Almanya\u2019daki Nazi sald\u0131r\u0131lar\u0131ndan ka\u00e7mak ve yeni bir ya\u015fama ba\u015flamak i\u00e7in bindikleri trende hi\u00e7bir \u015fey bilmedikleri bir \u00fclkenin bozk\u0131rlar\u0131nda Ankara\u2019ya do\u01e7ru ilerliyorlard\u0131. Bu \u00fclkeyle ilgili tek bilgileri, \u0130stanbul Kad\u0131n Hastal\u0131klar\u0131 Klini\u01e7i\u2018nde hem\u015fire olan Erna\u2019n\u0131n kuzeni \u0130lse\u2019den gelen mektupta yaz\u0131lanlard\u0131: \u201cBu \u00fclkeyi ya \u00e7ok seversiniz ya da nefret edersiniz!\u201d<\/p><p>Sabah Erna trende g\u00f6zlerini a\u00e7t\u0131\u01e7\u0131nda u\u00e7suz bucaks\u0131z renklerde parlayan kayalar\u0131 ve da\u01e7lar\u0131n \u00e7izgilerini i\u00e7ine alan b\u00fcy\u00fck, g\u00fczel bo\u015flu\u01e7u g\u00f6rd\u00fc. Heyecanlanm\u0131\u015ft\u0131.<\/p>\t\t\t\t\t\t\t\t<\/div>\n\t\t\t\t<\/div>\n\t\t\t\t\t<\/div>\n\t\t<\/div>\n\t\t\t\t<div class=\"elementor-column elementor-col-50 elementor-top-column elementor-element elementor-element-477b3af\" data-id=\"477b3af\" data-element_type=\"column\" data-e-type=\"column\">\n\t\t\t<div class=\"elementor-widget-wrap elementor-element-populated\">\n\t\t\t\t\t\t<div class=\"elementor-element elementor-element-b971e96 elementor-widget elementor-widget-image\" data-id=\"b971e96\" data-element_type=\"widget\" data-e-type=\"widget\" id=\"section7\" data-widget_type=\"image.default\">\n\t\t\t\t<div class=\"elementor-widget-container\">\n\t\t\t\t\t\t\t\t\t\t\t\t<figure class=\"wp-caption\">\n\t\t\t\t\t\t\t\t\t\t<img loading=\"lazy\" decoding=\"async\" width=\"980\" height=\"641\" src=\"https:\/\/www.dainst.blog\/visual-narratives\/wp-content\/uploads\/sites\/24\/2020\/11\/Eckstein-Kucukesat-Ankara.jpg\" class=\"attachment-full size-full wp-image-703\" alt=\"Eckstein , K\u00fc\u00e7\u00fckesat, Ankara\" srcset=\"https:\/\/www.dainst.blog\/visual-narratives\/wp-content\/uploads\/sites\/24\/2020\/11\/Eckstein-Kucukesat-Ankara.jpg 980w, https:\/\/www.dainst.blog\/visual-narratives\/wp-content\/uploads\/sites\/24\/2020\/11\/Eckstein-Kucukesat-Ankara-300x196.jpg 300w, https:\/\/www.dainst.blog\/visual-narratives\/wp-content\/uploads\/sites\/24\/2020\/11\/Eckstein-Kucukesat-Ankara-768x502.jpg 768w\" sizes=\"100vw\" \/>\t\t\t\t\t\t\t\t\t\t\t<figcaption class=\"widget-image-caption wp-caption-text\">E. Eckstein , K\u00fc\u00e7\u00fckesat, Ankara<\/figcaption>\n\t\t\t\t\t\t\t\t\t\t<\/figure>\n\t\t\t\t\t\t\t\t\t<\/div>\n\t\t\t\t<\/div>\n\t\t\t\t\t<\/div>\n\t\t<\/div>\n\t\t\t\t\t<\/div>\n\t\t<\/section>\n\t\t\t\t<section class=\"elementor-section elementor-top-section elementor-element elementor-element-6e1d432 elementor-section-height-full elementor-section-boxed elementor-section-height-default elementor-section-items-middle\" data-id=\"6e1d432\" data-element_type=\"section\" data-e-type=\"section\" id=\"section8\">\n\t\t\t\t\t\t<div class=\"elementor-container elementor-column-gap-default\">\n\t\t\t\t\t<div class=\"elementor-column elementor-col-50 elementor-top-column elementor-element elementor-element-268a8ce\" data-id=\"268a8ce\" data-element_type=\"column\" data-e-type=\"column\">\n\t\t\t<div class=\"elementor-widget-wrap elementor-element-populated\">\n\t\t\t\t\t\t<div class=\"elementor-element elementor-element-3652d91 elementor-widget elementor-widget-text-editor\" data-id=\"3652d91\" data-element_type=\"widget\" data-e-type=\"widget\" data-widget_type=\"text-editor.default\">\n\t\t\t\t<div class=\"elementor-widget-container\">\n\t\t\t\t\t\t\t\t\t<p>Ecksteinlar\u0131n vard\u0131\u01e7\u0131 Ankara, \u00a0gen\u00e7 Cumhuriyet\u2019in ba\u015fkentidir. Kale b\u00f6lgesindeki tarihi mahalleleri ve b\u00fcy\u00fck \u00e7o\u01e7unlu\u01e7u Almanya\u2019dan g\u00f6\u00e7 etmi\u015f mimar ve \u015fehir planc\u0131lar\u0131n\u0131n c\u00f6mert katk\u0131s\u0131yla \u015fekillenmi\u015f yeni \u015fehir merkezi ile 1930\u2019lu y\u0131llarda gururla in\u015fa edilen bir \u015fehirdir.<\/p>\t\t\t\t\t\t\t\t<\/div>\n\t\t\t\t<\/div>\n\t\t\t\t\t<\/div>\n\t\t<\/div>\n\t\t\t\t<div class=\"elementor-column elementor-col-50 elementor-top-column elementor-element elementor-element-99ec57a\" data-id=\"99ec57a\" data-element_type=\"column\" data-e-type=\"column\">\n\t\t\t<div class=\"elementor-widget-wrap elementor-element-populated\">\n\t\t\t\t\t\t<div class=\"elementor-element elementor-element-7fa884b elementor-pagination-position-outside elementor-widget elementor-widget-image-carousel\" data-id=\"7fa884b\" data-element_type=\"widget\" data-e-type=\"widget\" data-settings=\"{&quot;slides_to_show&quot;:&quot;1&quot;,&quot;navigation&quot;:&quot;dots&quot;,&quot;pause_on_hover&quot;:&quot;no&quot;,&quot;autoplay_speed&quot;:&quot;3000&quot;,&quot;autoplay&quot;:&quot;yes&quot;,&quot;pause_on_interaction&quot;:&quot;yes&quot;,&quot;infinite&quot;:&quot;yes&quot;,&quot;effect&quot;:&quot;slide&quot;,&quot;speed&quot;:500}\" data-widget_type=\"image-carousel.default\">\n\t\t\t\t<div class=\"elementor-widget-container\">\n\t\t\t\t\t\t\t<div class=\"elementor-image-carousel-wrapper swiper\" role=\"region\" aria-roledescription=\"carousel\" aria-label=\"Resim D\u00f6ng\u00fcs\u00fc\" dir=\"ltr\">\n\t\t\t<div class=\"elementor-image-carousel swiper-wrapper swiper-image-stretch\" aria-live=\"off\">\n\t\t\t\t\t\t\t\t<div class=\"swiper-slide\" role=\"group\" aria-roledescription=\"slide\" aria-label=\"1 \/ 2\"><figure class=\"swiper-slide-inner\"><img decoding=\"async\" class=\"swiper-slide-image\" src=\"https:\/\/www.dainst.blog\/visual-narratives\/wp-content\/uploads\/sites\/24\/2020\/11\/2a.D.Eckstein-Ankara-Kalesinde-Kar.jpg\" alt=\"E. Eckstein, Ankara Kalesi\u2019nde Kar\" \/><figcaption class=\"elementor-image-carousel-caption\">E. Eckstein, Ankara Kalesi\u2019nde Kar<\/figcaption><\/figure><\/div><div class=\"swiper-slide\" role=\"group\" aria-roledescription=\"slide\" aria-label=\"2 \/ 2\"><figure class=\"swiper-slide-inner\"><img decoding=\"async\" class=\"swiper-slide-image\" src=\"https:\/\/www.dainst.blog\/visual-narratives\/wp-content\/uploads\/sites\/24\/2020\/11\/3b.D.Eckstein-Ataturk-Aniti-Ankara.jpg\" alt=\"E. Eckstein, Atat\u00fcrk An\u0131t\u0131, Ankara\" \/><figcaption class=\"elementor-image-carousel-caption\">E. Eckstein, Atat\u00fcrk An\u0131t\u0131, Ankara<\/figcaption><\/figure><\/div>\t\t\t<\/div>\n\t\t\t\t\t\t\t\n\t\t\t\t\t\t\t\t\t<div class=\"swiper-pagination\"><\/div>\n\t\t\t\t\t\t\t\t\t<\/div>\n\t\t\t\t\t\t<\/div>\n\t\t\t\t<\/div>\n\t\t\t\t\t<\/div>\n\t\t<\/div>\n\t\t\t\t\t<\/div>\n\t\t<\/section>\n\t\t\t\t<section class=\"elementor-section elementor-top-section elementor-element elementor-element-753f913 elementor-section-height-full elementor-section-boxed elementor-section-height-default elementor-section-items-middle\" data-id=\"753f913\" data-element_type=\"section\" data-e-type=\"section\" id=\"section8a\">\n\t\t\t\t\t\t<div class=\"elementor-container elementor-column-gap-default\">\n\t\t\t\t\t<div class=\"elementor-column elementor-col-50 elementor-top-column elementor-element elementor-element-c9b6ee3\" data-id=\"c9b6ee3\" data-element_type=\"column\" data-e-type=\"column\">\n\t\t\t<div class=\"elementor-widget-wrap elementor-element-populated\">\n\t\t\t\t\t\t<div class=\"elementor-element elementor-element-1354c01 elementor-widget elementor-widget-text-editor\" data-id=\"1354c01\" data-element_type=\"widget\" data-e-type=\"widget\" data-widget_type=\"text-editor.default\">\n\t\t\t\t<div class=\"elementor-widget-container\">\n\t\t\t\t\t\t\t\t\t<p>Erna, Ankara\u2019ya geldikleri ilk g\u00fcnlerden birinde o\u01e7ullar\u0131 Herbert ve Peter\u2019i al\u0131\u015fveri\u015f yapmaya g\u00f6nderir. Bu olay\u0131 anlatt\u0131\u01e7\u0131 bir mektubunda Ankara, Erna i\u00e7in \u015f\u00f6yle bir yerdir: \u201cOnlara bir liste haz\u0131rlad\u0131m ve sadece listedekileri g\u00f6stermelerini, c\u00fczdan\u0131 da bakkala vermelerini s\u00f6yledim. B\u00f6yle yapa yapa Herbert d\u00f6rt hafta i\u00e7inde \u00e7ok g\u00fczel T\u00fcrk\u00e7e konu\u015fmaya ba\u015flad\u0131.\u201d<\/p><p>T\u00fcrkiye\u2019de 15 y\u0131l ya\u015fad\u0131ktan sonra 1949 y\u0131l\u0131nda Ecksteinlar Ankara\u2019y\u0131 terketti. \u201cSchumi (Albert\u2019in aile i\u00e7indeki l\u00e2kab\u0131), Ankara\u2019n\u0131n b\u00fct\u00fcn \u00e7ocuklar\u0131n\u0131 tedavi etti\u01e7i i\u00e7in tan\u0131d\u0131k, e\u015f, dost a\u01e7\u0131m\u0131z \u00e7ok geni\u015fti. Ve her nereye gitsek bah\u00e7elerden \u00e7ocuklar ko\u015farak yan\u0131m\u0131za gelir Schumi\u2019nin elini \u00f6perdi. Ankara\u2019dan ayr\u0131ld\u0131\u01e7\u0131m\u0131z g\u00fcn insanlar \u00e7ocuklar\u0131n\u0131 yan\u0131na al\u0131p son kez Albert\u2019in elini \u00f6pmek i\u00e7in istasyona gelmi\u015fti. Gazetelerde de yaz\u0131ld\u0131\u01e7\u0131 gibi buras\u0131 Ankara\u2019n\u0131n en b\u00fcy\u00fck tren istasyonuydu ve hi\u00e7 bu kadar kalabal\u0131k olmam\u0131\u015ft\u0131.\u201d<\/p>\t\t\t\t\t\t\t\t<\/div>\n\t\t\t\t<\/div>\n\t\t\t\t\t<\/div>\n\t\t<\/div>\n\t\t\t\t<div class=\"elementor-column elementor-col-50 elementor-top-column elementor-element elementor-element-d69674d\" data-id=\"d69674d\" data-element_type=\"column\" data-e-type=\"column\">\n\t\t\t<div class=\"elementor-widget-wrap elementor-element-populated\">\n\t\t\t\t\t\t<div class=\"elementor-element elementor-element-8202c48 elementor-widget elementor-widget-image\" data-id=\"8202c48\" data-element_type=\"widget\" data-e-type=\"widget\" data-widget_type=\"image.default\">\n\t\t\t\t<div class=\"elementor-widget-container\">\n\t\t\t\t\t\t\t\t\t\t\t\t<figure class=\"wp-caption\">\n\t\t\t\t\t\t\t\t\t\t<img loading=\"lazy\" decoding=\"async\" width=\"984\" height=\"643\" src=\"https:\/\/www.dainst.blog\/visual-narratives\/wp-content\/uploads\/sites\/24\/2020\/11\/3a.D.Eckstein-Anafarta-Caddesinden-Kalenin-Gorunumu.jpg\" class=\"attachment-full size-full wp-image-709\" alt=\"E. Eckstein, Anafarta Caddesi\u2019nden Kale\u2019nin G\u00f6r\u00fcn\u00fcm\u00fc\" srcset=\"https:\/\/www.dainst.blog\/visual-narratives\/wp-content\/uploads\/sites\/24\/2020\/11\/3a.D.Eckstein-Anafarta-Caddesinden-Kalenin-Gorunumu.jpg 984w, https:\/\/www.dainst.blog\/visual-narratives\/wp-content\/uploads\/sites\/24\/2020\/11\/3a.D.Eckstein-Anafarta-Caddesinden-Kalenin-Gorunumu-300x196.jpg 300w, https:\/\/www.dainst.blog\/visual-narratives\/wp-content\/uploads\/sites\/24\/2020\/11\/3a.D.Eckstein-Anafarta-Caddesinden-Kalenin-Gorunumu-768x502.jpg 768w\" sizes=\"100vw\" \/>\t\t\t\t\t\t\t\t\t\t\t<figcaption class=\"widget-image-caption wp-caption-text\">E. Eckstein, Anafarta Caddesi\u2019nden Kale\u2019nin G\u00f6r\u00fcn\u00fcm\u00fc<\/figcaption>\n\t\t\t\t\t\t\t\t\t\t<\/figure>\n\t\t\t\t\t\t\t\t\t<\/div>\n\t\t\t\t<\/div>\n\t\t\t\t\t<\/div>\n\t\t<\/div>\n\t\t\t\t\t<\/div>\n\t\t<\/section>\n\t\t\t\t<section class=\"elementor-section elementor-top-section elementor-element elementor-element-9bc5f6f elementor-section-height-full elementor-section-boxed elementor-section-height-default elementor-section-items-middle\" data-id=\"9bc5f6f\" data-element_type=\"section\" data-e-type=\"section\" id=\"section9\">\n\t\t\t\t\t\t<div class=\"elementor-container elementor-column-gap-default\">\n\t\t\t\t\t<div class=\"elementor-column elementor-col-50 elementor-top-column elementor-element elementor-element-384a3ac\" data-id=\"384a3ac\" data-element_type=\"column\" data-e-type=\"column\">\n\t\t\t<div class=\"elementor-widget-wrap elementor-element-populated\">\n\t\t\t\t\t\t<div class=\"elementor-element elementor-element-81f976f elementor-widget elementor-widget-text-editor\" data-id=\"81f976f\" data-element_type=\"widget\" data-e-type=\"widget\" data-widget_type=\"text-editor.default\">\n\t\t\t\t<div class=\"elementor-widget-container\">\n\t\t\t\t\t\t\t\t\t<p><span style=\"font-size: 1rem\">Erna, alt\u0131 y\u0131l sonra 1956 y\u0131l\u0131nda bu kez yan\u0131nda e\u015fi olmadan Ankara\u2019ya \u00e7a\u01e7r\u0131l\u0131r. O da foto\u01e7raf makinas\u0131yla t\u0131pk\u0131 e\u015fi Albert\u2019in 1930\u2019larda yapt\u0131\u01e7\u0131 gibi, T\u00fcrkiye\u2019deki ya\u015fam\u0131n\u0131 ilk andan itibaren belgeler.<\/span><\/p><p>O\u01e7lu Klaus\u2019la birlikte arabayla yola \u00e7\u0131karlar. Erna s\u0131n\u0131r\u0131 nas\u0131l ge\u00e7tiklerini ve \u0130stanbul\u2019da nas\u0131l mola verdiklerini \u015f\u00f6yle anlat\u0131r:<\/p><p>T\u00fcrk s\u0131n\u0131r\u0131nda benim pasaportumu kontrol eden g\u00fcmr\u00fck memuru ismimi tan\u0131m\u0131\u015ft\u0131. Benden kendi o\u01e7lu i\u00e7in ila\u00e7 istedi. Di\u01e7er g\u00fcmr\u00fck memuru da e\u015fimi Ankara\u2019dan tan\u0131yordu. Mesai arkada\u015f\u0131n\u0131 \u00e7a\u01e7\u0131rd\u0131 ve Albert\u2018le ilgili an\u0131lar\u0131n\u0131 anlatmaya ba\u015flad\u0131. O anda ger\u00e7ekten evimde, eski arkada\u015flar\u0131mla birlikteymi\u015f gibi hissettim.<\/p>\t\t\t\t\t\t\t\t<\/div>\n\t\t\t\t<\/div>\n\t\t\t\t\t<\/div>\n\t\t<\/div>\n\t\t\t\t<div class=\"elementor-column elementor-col-50 elementor-top-column elementor-element elementor-element-f457635\" data-id=\"f457635\" data-element_type=\"column\" data-e-type=\"column\">\n\t\t\t<div class=\"elementor-widget-wrap elementor-element-populated\">\n\t\t\t\t\t\t<div class=\"elementor-element elementor-element-f14211f elementor-widget elementor-widget-image\" data-id=\"f14211f\" data-element_type=\"widget\" data-e-type=\"widget\" data-widget_type=\"image.default\">\n\t\t\t\t<div class=\"elementor-widget-container\">\n\t\t\t\t\t\t\t\t\t\t\t\t<figure class=\"wp-caption\">\n\t\t\t\t\t\t\t\t\t\t<img loading=\"lazy\" decoding=\"async\" width=\"700\" height=\"450\" src=\"https:\/\/www.dainst.blog\/visual-narratives\/wp-content\/uploads\/sites\/24\/2020\/11\/4.D.Eckstein-Sinir-e1606744598650.jpg\" class=\"attachment-full size-full wp-image-727\" alt=\"Eckstein, S\u0131n\u0131r\" sizes=\"100vw\" \/>\t\t\t\t\t\t\t\t\t\t\t<figcaption class=\"widget-image-caption wp-caption-text\">E. Eckstein, S\u0131n\u0131r<\/figcaption>\n\t\t\t\t\t\t\t\t\t\t<\/figure>\n\t\t\t\t\t\t\t\t\t<\/div>\n\t\t\t\t<\/div>\n\t\t\t\t\t<\/div>\n\t\t<\/div>\n\t\t\t\t\t<\/div>\n\t\t<\/section>\n\t\t\t\t<section class=\"elementor-section elementor-top-section elementor-element elementor-element-fbad226 elementor-section-height-full elementor-section-boxed elementor-section-height-default elementor-section-items-middle\" data-id=\"fbad226\" data-element_type=\"section\" data-e-type=\"section\" id=\"section10\">\n\t\t\t\t\t\t<div class=\"elementor-container elementor-column-gap-default\">\n\t\t\t\t\t<div class=\"elementor-column elementor-col-50 elementor-top-column elementor-element elementor-element-db12438\" data-id=\"db12438\" data-element_type=\"column\" data-e-type=\"column\">\n\t\t\t<div class=\"elementor-widget-wrap elementor-element-populated\">\n\t\t\t\t\t\t<div class=\"elementor-element elementor-element-743cb42 elementor-widget elementor-widget-image\" data-id=\"743cb42\" data-element_type=\"widget\" data-e-type=\"widget\" data-widget_type=\"image.default\">\n\t\t\t\t<div class=\"elementor-widget-container\">\n\t\t\t\t\t\t\t\t\t\t\t\t<figure class=\"wp-caption\">\n\t\t\t\t\t\t\t\t\t\t<img loading=\"lazy\" decoding=\"async\" width=\"982\" height=\"639\" src=\"https:\/\/www.dainst.blog\/visual-narratives\/wp-content\/uploads\/sites\/24\/2020\/11\/2b.D.Eckstein-Ankarada-Kis.jpg\" class=\"attachment-full size-full wp-image-708\" alt=\"E. Eckstein, Ankara\u2019da K\u0131\u015f\" srcset=\"https:\/\/www.dainst.blog\/visual-narratives\/wp-content\/uploads\/sites\/24\/2020\/11\/2b.D.Eckstein-Ankarada-Kis.jpg 982w, https:\/\/www.dainst.blog\/visual-narratives\/wp-content\/uploads\/sites\/24\/2020\/11\/2b.D.Eckstein-Ankarada-Kis-300x195.jpg 300w, https:\/\/www.dainst.blog\/visual-narratives\/wp-content\/uploads\/sites\/24\/2020\/11\/2b.D.Eckstein-Ankarada-Kis-768x500.jpg 768w\" sizes=\"100vw\" \/>\t\t\t\t\t\t\t\t\t\t\t<figcaption class=\"widget-image-caption wp-caption-text\">E. Eckstein, Ankara\u2019da K\u0131\u015f<\/figcaption>\n\t\t\t\t\t\t\t\t\t\t<\/figure>\n\t\t\t\t\t\t\t\t\t<\/div>\n\t\t\t\t<\/div>\n\t\t\t\t\t<\/div>\n\t\t<\/div>\n\t\t\t\t<div class=\"elementor-column elementor-col-50 elementor-top-column elementor-element elementor-element-0b4fb85\" data-id=\"0b4fb85\" data-element_type=\"column\" data-e-type=\"column\">\n\t\t\t<div class=\"elementor-widget-wrap elementor-element-populated\">\n\t\t\t\t\t\t<div class=\"elementor-element elementor-element-c449e4b elementor-widget elementor-widget-text-editor\" data-id=\"c449e4b\" data-element_type=\"widget\" data-e-type=\"widget\" data-widget_type=\"text-editor.default\">\n\t\t\t\t<div class=\"elementor-widget-container\">\n\t\t\t\t\t\t\t\t\t<p>Sonunda Ankara\u2019ya var\u0131rlar. \u201cKar\u015f\u0131lanmam\u0131z tabii ki her zamanki gibi \u00e7ok i\u00e7tendi. Eski ayakkab\u0131c\u0131m\u0131z elimi \u00f6pt\u00fc, Klaus\u2019a sar\u0131ld\u0131. Kasab\u0131m\u0131z ve bakkal\u0131m\u0131z i\u015flerini g\u00fc\u00e7lerini b\u0131rak\u0131p bizi kar\u015f\u0131lamaya gelmi\u015flerdi. Her \u00f6\u01e7\u00fcnde ba\u015fka bir eve davet ediliyorduk ve kilo almam\u0131za az kalm\u0131\u015ft\u0131.\u201d<\/p><p>Erna, bu kez yar\u0131m kalan bir i\u015fi tamamlamak \u00fczere Ankara\u2019dad\u0131r.<\/p>\t\t\t\t\t\t\t\t<\/div>\n\t\t\t\t<\/div>\n\t\t\t\t\t<\/div>\n\t\t<\/div>\n\t\t\t\t\t<\/div>\n\t\t<\/section>\n\t\t\t\t<section class=\"elementor-section elementor-top-section elementor-element elementor-element-95daa19 elementor-section-height-full elementor-section-boxed elementor-section-height-default elementor-section-items-middle\" data-id=\"95daa19\" data-element_type=\"section\" data-e-type=\"section\" id=\"section11\">\n\t\t\t\t\t\t<div class=\"elementor-container elementor-column-gap-default\">\n\t\t\t\t\t<div class=\"elementor-column elementor-col-50 elementor-top-column elementor-element elementor-element-62c3952\" data-id=\"62c3952\" data-element_type=\"column\" data-e-type=\"column\">\n\t\t\t<div class=\"elementor-widget-wrap elementor-element-populated\">\n\t\t\t\t\t\t<div class=\"elementor-element elementor-element-3418f77 elementor-widget elementor-widget-text-editor\" data-id=\"3418f77\" data-element_type=\"widget\" data-e-type=\"widget\" data-widget_type=\"text-editor.default\">\n\t\t\t\t<div class=\"elementor-widget-container\">\n\t\t\t\t\t\t\t\t\t<h1><strong>Ger\u00e7e\u011fe D\u00f6n\u00fc\u015fen Hayal:<br \/><\/strong><strong>\u00c7ocuk Hastanesi<\/strong><\/h1><p>Erna, e\u015finin vefat\u0131ndan hemen sonra Albert\u2019e asistanl\u0131k yapan ve Anadolu\u2019daki ara\u015ft\u0131rmalar\u0131nda hep yan\u0131nda olan \u0130hsan Do\u01e7ramac\u0131\u2019dan yeni bir davet al\u0131r. Bu kez Erna\u2019dan Hacettepe \u00c7ocuk Hastanesi\u2019nin kurulu\u015f \u00e7al\u0131\u015fmalar\u0131na destek olmas\u0131 istenmektedir.<br \/><span style=\"font-size: 1rem\">Erna bu daveti memnuniyetle kabul eder ve 1956 y\u0131l\u0131ndan ba\u015flay\u0131p 1963\u2019e kadar s\u00fcrecek yeni Ankara ya\u015fam\u0131 ba\u015flar. Ankara\u2019ya ayak bast\u0131\u01e7\u0131 andan itibaren art\u0131k o, bir \u015fantiye \u015fefi, hastanedeki modern tesislerin kurucusu, Alman hem\u015fireleri T\u00fcrkiye\u2019ye getiren ve hastanede bir hem\u015firelik okulu a\u00e7an ki\u015fidir. Bu \u00e7al\u0131\u015fmalar\u0131 s\u0131ras\u0131nda k\u00fc\u00e7\u00fck o\u01e7lu Klaus annesine terc\u00fcman olarak e\u015flik eder; Londra\u2019da tan\u0131nm\u0131\u015f bir \u00e7ocuk cerrah\u0131 olan b\u00fcy\u00fck o\u01e7lu Herbert ise, 1961 y\u0131l\u0131na kadar Hacettepe \u00c7ocuk Hastanesi\u2019nde yeni kurulan cerrahi b\u00f6l\u00fcm\u00fcn\u00fcn \u015fefi olarak \u00fc\u00e7 y\u0131l boyunca hizmet eder.<\/span><\/p>\t\t\t\t\t\t\t\t<\/div>\n\t\t\t\t<\/div>\n\t\t\t\t\t<\/div>\n\t\t<\/div>\n\t\t\t\t<div class=\"elementor-column elementor-col-50 elementor-top-column elementor-element elementor-element-80afc6e\" data-id=\"80afc6e\" data-element_type=\"column\" data-e-type=\"column\">\n\t\t\t<div class=\"elementor-widget-wrap elementor-element-populated\">\n\t\t\t\t\t\t<div class=\"elementor-element elementor-element-e73387f elementor-widget elementor-widget-spacer\" data-id=\"e73387f\" data-element_type=\"widget\" data-e-type=\"widget\" data-widget_type=\"spacer.default\">\n\t\t\t\t<div class=\"elementor-widget-container\">\n\t\t\t\t\t\t\t<div class=\"elementor-spacer\">\n\t\t\t<div class=\"elementor-spacer-inner\"><\/div>\n\t\t<\/div>\n\t\t\t\t\t\t<\/div>\n\t\t\t\t<\/div>\n\t\t\t\t<div class=\"elementor-element elementor-element-b2a2a37 elementor-widget elementor-widget-image\" data-id=\"b2a2a37\" data-element_type=\"widget\" data-e-type=\"widget\" data-widget_type=\"image.default\">\n\t\t\t\t<div class=\"elementor-widget-container\">\n\t\t\t\t\t\t\t\t\t\t\t\t<figure class=\"wp-caption\">\n\t\t\t\t\t\t\t\t\t\t<img loading=\"lazy\" decoding=\"async\" width=\"650\" height=\"420\" src=\"https:\/\/www.dainst.blog\/visual-narratives\/wp-content\/uploads\/sites\/24\/2020\/11\/1.-Eckstein-Cocuk-Hastanesi\u2018nin-Hazirlanisi-1958-civari-e1606744591176.jpg\" class=\"attachment-full size-full wp-image-736\" alt=\"Eckstein, \u00c7ocuk Hastanesi\u2018nin Haz\u0131rlan\u0131\u015f\u0131, 1958 civar\u0131\" sizes=\"100vw\" \/>\t\t\t\t\t\t\t\t\t\t\t<figcaption class=\"widget-image-caption wp-caption-text\">E. Eckstein, \u00c7ocuk Hastanesi\u2018nin Haz\u0131rlan\u0131\u015f\u0131, 1958 civar\u0131<\/figcaption>\n\t\t\t\t\t\t\t\t\t\t<\/figure>\n\t\t\t\t\t\t\t\t\t<\/div>\n\t\t\t\t<\/div>\n\t\t\t\t\t<\/div>\n\t\t<\/div>\n\t\t\t\t\t<\/div>\n\t\t<\/section>\n\t\t\t\t<section class=\"elementor-section elementor-top-section elementor-element elementor-element-627ee94 elementor-section-height-full elementor-section-boxed elementor-section-height-default elementor-section-items-middle\" data-id=\"627ee94\" data-element_type=\"section\" data-e-type=\"section\" id=\"section12\">\n\t\t\t\t\t\t<div class=\"elementor-container elementor-column-gap-default\">\n\t\t\t\t\t<div class=\"elementor-column elementor-col-50 elementor-top-column elementor-element elementor-element-ec9f1d8\" data-id=\"ec9f1d8\" data-element_type=\"column\" data-e-type=\"column\">\n\t\t\t<div class=\"elementor-widget-wrap elementor-element-populated\">\n\t\t\t\t\t\t<div class=\"elementor-element elementor-element-563780d elementor-widget elementor-widget-text-editor\" data-id=\"563780d\" data-element_type=\"widget\" data-e-type=\"widget\" data-widget_type=\"text-editor.default\">\n\t\t\t\t<div class=\"elementor-widget-container\">\n\t\t\t\t\t\t\t\t\t<p>Ankara\u2019dan gelen bu davet, Erna Eckstein\u2019\u0131n T\u00fcrkiye\u2019deki s\u00fcrg\u00fcn y\u0131llar\u0131nda, kocas\u0131 Albert ile i\u015fbirli\u011fi i\u00e7inde ba\u015far\u0131l\u0131 bir \u00e7ocuk doktoru olarak ad\u0131n\u0131 duyurdu\u011fununun ispat\u0131d\u0131r.<\/p><p>Albert Eckstein ve ekibi 1937-1938 y\u0131llar\u0131nda Anadolu\u2019daki tarama gezileri s\u0131ras\u0131nda saha polikliniklerinde hastalar\u0131 muayene etmi\u015f; a\u015f\u0131lar yapm\u0131\u015flard\u0131r.<\/p><p>Erna Eckstein g\u00fcnl\u00fc\u01e7\u00fcne bu taramalar s\u0131ras\u0131nda k\u00f6ylerde ya\u015fad\u0131klar\u0131n\u0131 anlatarak ba\u015fl\u0131yor: \u201cBiz k\u00f6ylerde her zaman tasavvur edilemez bir samimiyetle kar\u015f\u0131land\u0131k. \u00c7\u00fcnk\u00fc k\u00f6yl\u00fcler, bizim ziyaretimizle bir doktorun k\u00f6ylerini ziyaret etme onuruna ve mutlulu\u01e7una ilk defa eri\u015fiyorlard\u0131. Evlerdeki ko\u015fullar\u0131 inceledikten sonra kendilerine ya\u015fam ko\u015fullar\u0131 ile ilgili sorular soruyorduk. \u00c7ocuklarla k\u00f6y meydan\u0131nda bulu\u015fup dalak ve karaci\u01e7er b\u00fcy\u00fcmesi muayenesi yap\u0131yorduk. Beslenme al\u0131\u015fkanl\u0131klar\u0131n\u0131 ve cilt hastal\u0131klar\u0131n\u0131 inceliyorduk. E\u01e7er k\u00f6y b\u00fcy\u00fckse i\u015fimiz daha uzun s\u00fcr\u00fcyordu ve yorucu \u00e7al\u0131\u015fma g\u00fcnlerimiz her zaman bir evde yemek davetiyle sonlan\u0131yordu.\u201d<\/p>\t\t\t\t\t\t\t\t<\/div>\n\t\t\t\t<\/div>\n\t\t\t\t<div class=\"elementor-element elementor-element-e7faa7e elementor-widget elementor-widget-text-editor\" data-id=\"e7faa7e\" data-element_type=\"widget\" data-e-type=\"widget\" data-widget_type=\"text-editor.default\">\n\t\t\t\t<div class=\"elementor-widget-container\">\n\t\t\t\t\t\t\t\t\t<p><em>Foto\u01e7rafta arka planda tesad\u00fcfen kadraja girmi\u015f Erna\u2019n\u0131n ne kadar yorgun oldu\u01e7u g\u00f6r\u00fcl\u00fcyor.<\/em><\/p>\t\t\t\t\t\t\t\t<\/div>\n\t\t\t\t<\/div>\n\t\t\t\t\t<\/div>\n\t\t<\/div>\n\t\t\t\t<div class=\"elementor-column elementor-col-50 elementor-top-column elementor-element elementor-element-c200149\" data-id=\"c200149\" data-element_type=\"column\" data-e-type=\"column\">\n\t\t\t<div class=\"elementor-widget-wrap elementor-element-populated\">\n\t\t\t\t\t\t<div class=\"elementor-element elementor-element-fccefbc elementor-widget elementor-widget-image\" data-id=\"fccefbc\" data-element_type=\"widget\" data-e-type=\"widget\" data-widget_type=\"image.default\">\n\t\t\t\t<div class=\"elementor-widget-container\">\n\t\t\t\t\t\t\t\t\t\t\t\t<figure class=\"wp-caption\">\n\t\t\t\t\t\t\t\t\t\t<img loading=\"lazy\" decoding=\"async\" width=\"1200\" height=\"798\" src=\"https:\/\/www.dainst.blog\/visual-narratives\/wp-content\/uploads\/sites\/24\/2020\/11\/2.-Eckstein-Muayene-Esnasinda-Bir-Doktor-ve-Arka-Planda-Erna-Eckstein-Van-Yakinlari-1949-scaled-e1606744583799.jpg\" class=\"attachment-full size-full wp-image-742\" alt=\"Eckstein, Muayene Esnas\u0131nda Bir Doktor ve Arka Planda Erna Eckstein, Van Yak\u0131nlar\u0131, 1949\" sizes=\"100vw\" \/>\t\t\t\t\t\t\t\t\t\t\t<figcaption class=\"widget-image-caption wp-caption-text\">A. Eckstein, Muayene Esnas\u0131nda Bir Doktor ve Arka Planda Erna Eckstein, Van Yak\u0131nlar\u0131, 1949<\/figcaption>\n\t\t\t\t\t\t\t\t\t\t<\/figure>\n\t\t\t\t\t\t\t\t\t<\/div>\n\t\t\t\t<\/div>\n\t\t\t\t\t<\/div>\n\t\t<\/div>\n\t\t\t\t\t<\/div>\n\t\t<\/section>\n\t\t\t\t<section class=\"elementor-section elementor-top-section elementor-element elementor-element-7e87f07 elementor-section-height-full elementor-section-boxed elementor-section-height-default elementor-section-items-middle\" data-id=\"7e87f07\" data-element_type=\"section\" data-e-type=\"section\" id=\"section13\">\n\t\t\t\t\t\t<div class=\"elementor-container elementor-column-gap-default\">\n\t\t\t\t\t<div class=\"elementor-column elementor-col-50 elementor-top-column elementor-element elementor-element-ec0ae58\" data-id=\"ec0ae58\" data-element_type=\"column\" data-e-type=\"column\">\n\t\t\t<div class=\"elementor-widget-wrap elementor-element-populated\">\n\t\t\t\t\t\t<div class=\"elementor-element elementor-element-4be975f elementor-pagination-position-outside elementor-widget elementor-widget-image-carousel\" data-id=\"4be975f\" data-element_type=\"widget\" data-e-type=\"widget\" data-settings=\"{&quot;slides_to_show&quot;:&quot;1&quot;,&quot;navigation&quot;:&quot;dots&quot;,&quot;pause_on_hover&quot;:&quot;no&quot;,&quot;autoplay_speed&quot;:&quot;3000&quot;,&quot;autoplay&quot;:&quot;yes&quot;,&quot;pause_on_interaction&quot;:&quot;yes&quot;,&quot;infinite&quot;:&quot;yes&quot;,&quot;effect&quot;:&quot;slide&quot;,&quot;speed&quot;:500}\" data-widget_type=\"image-carousel.default\">\n\t\t\t\t<div class=\"elementor-widget-container\">\n\t\t\t\t\t\t\t<div class=\"elementor-image-carousel-wrapper swiper\" role=\"region\" aria-roledescription=\"carousel\" aria-label=\"Resim D\u00f6ng\u00fcs\u00fc\" dir=\"ltr\">\n\t\t\t<div class=\"elementor-image-carousel swiper-wrapper swiper-image-stretch\" aria-live=\"off\">\n\t\t\t\t\t\t\t\t<div class=\"swiper-slide\" role=\"group\" aria-roledescription=\"slide\" aria-label=\"1 \/ 2\"><figure class=\"swiper-slide-inner\"><img decoding=\"async\" class=\"swiper-slide-image\" src=\"https:\/\/www.dainst.blog\/visual-narratives\/wp-content\/uploads\/sites\/24\/2020\/11\/3.-Eckstein-Hastane-Acilisi-8.-Juli-1958.jpg\" alt=\"E. Eckstein, Hastane A\u00e7\u0131l\u0131\u015f Konu\u015fmas\u0131, 8 Haziran 1958\" \/><figcaption class=\"elementor-image-carousel-caption\">E. Eckstein, Hastane A\u00e7\u0131l\u0131\u015f Konu\u015fmas\u0131, 8 Haziran 1958<\/figcaption><\/figure><\/div><div class=\"swiper-slide\" role=\"group\" aria-roledescription=\"slide\" aria-label=\"2 \/ 2\"><figure class=\"swiper-slide-inner\"><img decoding=\"async\" class=\"swiper-slide-image\" src=\"https:\/\/www.dainst.blog\/visual-narratives\/wp-content\/uploads\/sites\/24\/2020\/11\/4.-Eckstein-Kuvoz-Bolumu-1957.jpg\" alt=\"E. Eckstein, Kuv\u00f6z B\u00f6l\u00fcm\u00fc (1957)\" \/><figcaption class=\"elementor-image-carousel-caption\">E. Eckstein, Kuv\u00f6z B\u00f6l\u00fcm\u00fc (1957)<\/figcaption><\/figure><\/div>\t\t\t<\/div>\n\t\t\t\t\t\t\t\n\t\t\t\t\t\t\t\t\t<div class=\"swiper-pagination\"><\/div>\n\t\t\t\t\t\t\t\t\t<\/div>\n\t\t\t\t\t\t<\/div>\n\t\t\t\t<\/div>\n\t\t\t\t\t<\/div>\n\t\t<\/div>\n\t\t\t\t<div class=\"elementor-column elementor-col-50 elementor-top-column elementor-element elementor-element-892b223\" data-id=\"892b223\" data-element_type=\"column\" data-e-type=\"column\">\n\t\t\t<div class=\"elementor-widget-wrap elementor-element-populated\">\n\t\t\t\t\t\t<div class=\"elementor-element elementor-element-8af447a elementor-widget elementor-widget-text-editor\" data-id=\"8af447a\" data-element_type=\"widget\" data-e-type=\"widget\" data-widget_type=\"text-editor.default\">\n\t\t\t\t<div class=\"elementor-widget-container\">\n\t\t\t\t\t\t\t\t\t<p>1958\u2019de Ecksteinlar&#8217;\u0131n uzun zamand\u0131r \u00f6zlemle bekledi\u01e7i \u00e7ocuk hastanesi sonunda a\u00e7\u0131l\u0131r. Hacettepe \u00c7ocuk Hastanesi olduk\u00e7a iyi donan\u0131ml\u0131d\u0131r. Sundu\u01e7u imk\u00e2nlar d\u00fc\u015f\u00fcn\u00fcld\u00fc\u01e7\u00fcnde o zaman i\u00e7in belki de T\u00fcrkiye\u2019nin en modern hastanesi olacakt\u0131r.<\/p>\t\t\t\t\t\t\t\t<\/div>\n\t\t\t\t<\/div>\n\t\t\t\t\t<\/div>\n\t\t<\/div>\n\t\t\t\t\t<\/div>\n\t\t<\/section>\n\t\t\t\t<section class=\"elementor-section elementor-top-section elementor-element elementor-element-6bae287 elementor-section-height-full elementor-section-boxed elementor-section-height-default elementor-section-items-middle\" data-id=\"6bae287\" data-element_type=\"section\" data-e-type=\"section\" id=\"section14\">\n\t\t\t\t\t\t<div class=\"elementor-container elementor-column-gap-default\">\n\t\t\t\t\t<div class=\"elementor-column elementor-col-50 elementor-top-column elementor-element elementor-element-35da3ed\" data-id=\"35da3ed\" data-element_type=\"column\" data-e-type=\"column\">\n\t\t\t<div class=\"elementor-widget-wrap elementor-element-populated\">\n\t\t\t\t\t\t<div class=\"elementor-element elementor-element-601a504 elementor-widget elementor-widget-text-editor\" data-id=\"601a504\" data-element_type=\"widget\" data-e-type=\"widget\" data-widget_type=\"text-editor.default\">\n\t\t\t\t<div class=\"elementor-widget-container\">\n\t\t\t\t\t\t\t\t\t<p>Erna, 1956 y\u0131l\u0131nda yazd\u0131\u01e7\u0131 bir mektupta hastanenin a\u00e7\u0131l\u0131\u015f\u0131 i\u00e7in Amerika\u2019dan buldu\u01e7u mali destek hakk\u0131nda \u015funlar\u0131 yazar: \u201cYakla\u015f\u0131k 100.000 dolarl\u0131k c\u00f6mert Rockefeller ba\u01e7\u0131\u015f\u0131 sayesinde son teknoloji laboratuvar donan\u0131m\u0131n\u0131 sa\u01e7layabildik. Mutfaklar tavana kadar mavi \u00e7ini ile kapland\u0131. Birka\u00e7 g\u00fcn \u00f6nce odalar\u0131 d\u00f6\u015femeye ba\u015flad\u0131k. Hastanede kalmas\u0131 gereken \u00e7ocuklar i\u00e7in reng\u00e2renk masa ve sandalyelerle donat\u0131lm\u0131\u015f oyun odalar\u0131 ve s\u0131n\u0131flar haz\u0131rlad\u0131k. Her odan\u0131n b\u00fcy\u00fck bir balkonu var.\u201d<\/p>\t\t\t\t\t\t\t\t<\/div>\n\t\t\t\t<\/div>\n\t\t\t\t\t<\/div>\n\t\t<\/div>\n\t\t\t\t<div class=\"elementor-column elementor-col-50 elementor-top-column elementor-element elementor-element-4a022a2\" data-id=\"4a022a2\" data-element_type=\"column\" data-e-type=\"column\">\n\t\t\t<div class=\"elementor-widget-wrap elementor-element-populated\">\n\t\t\t\t\t\t<div class=\"elementor-element elementor-element-33c9989 elementor-pagination-position-outside elementor-widget elementor-widget-image-carousel\" data-id=\"33c9989\" data-element_type=\"widget\" data-e-type=\"widget\" data-settings=\"{&quot;slides_to_show&quot;:&quot;1&quot;,&quot;navigation&quot;:&quot;dots&quot;,&quot;pause_on_hover&quot;:&quot;no&quot;,&quot;autoplay_speed&quot;:&quot;3000&quot;,&quot;autoplay&quot;:&quot;yes&quot;,&quot;pause_on_interaction&quot;:&quot;yes&quot;,&quot;infinite&quot;:&quot;yes&quot;,&quot;effect&quot;:&quot;slide&quot;,&quot;speed&quot;:500}\" data-widget_type=\"image-carousel.default\">\n\t\t\t\t<div class=\"elementor-widget-container\">\n\t\t\t\t\t\t\t<div class=\"elementor-image-carousel-wrapper swiper\" role=\"region\" aria-roledescription=\"carousel\" aria-label=\"Resim D\u00f6ng\u00fcs\u00fc\" dir=\"ltr\">\n\t\t\t<div class=\"elementor-image-carousel swiper-wrapper swiper-image-stretch\" aria-live=\"off\">\n\t\t\t\t\t\t\t\t<div class=\"swiper-slide\" role=\"group\" aria-roledescription=\"slide\" aria-label=\"1 \/ 2\"><figure class=\"swiper-slide-inner\"><img decoding=\"async\" class=\"swiper-slide-image\" src=\"https:\/\/www.dainst.blog\/visual-narratives\/wp-content\/uploads\/sites\/24\/2020\/11\/5.-Eckstein-Kuvoz-Bolumu-1957-e1606744569793.jpg\" alt=\"E. Eckstein, Kuv\u00f6z B\u00f6l\u00fcm\u00fc (1957)\" \/><figcaption class=\"elementor-image-carousel-caption\">E. Eckstein, Kuv\u00f6z B\u00f6l\u00fcm\u00fc (1957)<\/figcaption><\/figure><\/div><div class=\"swiper-slide\" role=\"group\" aria-roledescription=\"slide\" aria-label=\"2 \/ 2\"><figure class=\"swiper-slide-inner\"><img decoding=\"async\" class=\"swiper-slide-image\" src=\"https:\/\/www.dainst.blog\/visual-narratives\/wp-content\/uploads\/sites\/24\/2020\/11\/6.-Eckstein-Cocuk-Sa\u01e7li\u01e7i-Bolumu-Calisanlari-e1606744017713.png\" alt=\"E. Eckstein, \u00c7ocuk Sa\u01e7l\u0131\u01e7\u0131 B\u00f6l\u00fcm\u00fc \u00c7al\u0131\u015fanlar\u0131\" \/><figcaption class=\"elementor-image-carousel-caption\">E. Eckstein, \u00c7ocuk Sa\u01e7l\u0131\u01e7\u0131 B\u00f6l\u00fcm\u00fc \u00c7al\u0131\u015fanlar\u0131<\/figcaption><\/figure><\/div>\t\t\t<\/div>\n\t\t\t\t\t\t\t\n\t\t\t\t\t\t\t\t\t<div class=\"swiper-pagination\"><\/div>\n\t\t\t\t\t\t\t\t\t<\/div>\n\t\t\t\t\t\t<\/div>\n\t\t\t\t<\/div>\n\t\t\t\t\t<\/div>\n\t\t<\/div>\n\t\t\t\t\t<\/div>\n\t\t<\/section>\n\t\t\t\t<section class=\"elementor-section elementor-top-section elementor-element elementor-element-8a6b678 elementor-section-height-full elementor-section-boxed elementor-section-height-default elementor-section-items-middle\" data-id=\"8a6b678\" data-element_type=\"section\" data-e-type=\"section\" id=\"section15\">\n\t\t\t\t\t\t<div class=\"elementor-container elementor-column-gap-default\">\n\t\t\t\t\t<div class=\"elementor-column elementor-col-50 elementor-top-column elementor-element elementor-element-dea05fa\" data-id=\"dea05fa\" data-element_type=\"column\" data-e-type=\"column\">\n\t\t\t<div class=\"elementor-widget-wrap elementor-element-populated\">\n\t\t\t\t\t\t<div class=\"elementor-element elementor-element-d4b2b3f elementor-widget elementor-widget-text-editor\" data-id=\"d4b2b3f\" data-element_type=\"widget\" data-e-type=\"widget\" data-widget_type=\"text-editor.default\">\n\t\t\t\t<div class=\"elementor-widget-container\">\n\t\t\t\t\t\t\t\t\t<p>Gelece\u01e7e d\u00f6n\u00fck b\u00fct\u00fcn bu u\u01e7ra\u015flar Erna\u2019y\u0131 ge\u00e7mi\u015fe g\u00f6t\u00fcr\u00fcr ve Albert\u2019le beraber y\u00fcr\u00fctt\u00fckleri \u00e7al\u0131\u015fmalar\u0131 hat\u0131rlat\u0131r. 1957 y\u0131l\u0131ndaki bir mektubunda \u015f\u00f6yle der: \u201c\u0130nan\u0131lmaz farkl\u0131 i\u015flerle u\u011fra\u015f\u0131yorum ve bu bana mutluluk veriyor. B\u00fct\u00fcn bu i\u015fler, uzun zaman sonra ilk kez kendimi oldu\u01e7umdan daha gen\u00e7 hissetmemi sa\u01e7l\u0131yor.\u201c<\/p><p>\u015eimdi hastanenin koridorlar\u0131nda y\u00fcr\u00fcyenlerin ve orada \u00e7al\u0131\u015fanlar\u0131n yoklu\u01e7undan bile haberdar olmad\u0131klar\u0131 Albert\u2019in b\u00fcst\u00fcn\u00fc ilk g\u00f6rd\u00fc\u01e7\u00fcnde Erna:<\/p><p>\u201cSchumi\u2019nin giri\u015fe konmas\u0131 planlanan b\u00fcst\u00fc k\u0131sa bir s\u00fcre \u00f6nce \u0130stanbullu bir heykelt\u0131ra\u015f taraf\u0131ndan tamamland\u0131. B\u00fcst Albert\u2019e pek benzemiyor ama yine de g\u00fczel.\u201d<\/p>\t\t\t\t\t\t\t\t<\/div>\n\t\t\t\t<\/div>\n\t\t\t\t\t<\/div>\n\t\t<\/div>\n\t\t\t\t<div class=\"elementor-column elementor-col-50 elementor-top-column elementor-element elementor-element-7613cc4\" data-id=\"7613cc4\" data-element_type=\"column\" data-e-type=\"column\">\n\t\t\t<div class=\"elementor-widget-wrap elementor-element-populated\">\n\t\t\t\t\t\t<div class=\"elementor-element elementor-element-2de7441 elementor-widget elementor-widget-image\" data-id=\"2de7441\" data-element_type=\"widget\" data-e-type=\"widget\" data-widget_type=\"image.default\">\n\t\t\t\t<div class=\"elementor-widget-container\">\n\t\t\t\t\t\t\t\t\t\t\t\t<figure class=\"wp-caption\">\n\t\t\t\t\t\t\t\t\t\t<img loading=\"lazy\" decoding=\"async\" width=\"700\" height=\"453\" src=\"https:\/\/www.dainst.blog\/visual-narratives\/wp-content\/uploads\/sites\/24\/2020\/11\/7.-Eckstein-Hastanenin-Albert-Eckstein-Bolumu-Onunde-Albert-Eckstein-Bustu-e1606744562154.jpg\" class=\"attachment-full size-full wp-image-773\" alt=\"Eckstein, Hastanenin Albert Eckstein B\u00f6l\u00fcm\u00fc \u00d6n\u00fcnde, Albert Eckstein B\u00fcst\u00fc\" sizes=\"100vw\" \/>\t\t\t\t\t\t\t\t\t\t\t<figcaption class=\"widget-image-caption wp-caption-text\">E. Eckstein, Hastanenin Albert Eckstein B\u00f6l\u00fcm\u00fc \u00d6n\u00fcnde, Albert Eckstein B\u00fcst\u00fc <\/figcaption>\n\t\t\t\t\t\t\t\t\t\t<\/figure>\n\t\t\t\t\t\t\t\t\t<\/div>\n\t\t\t\t<\/div>\n\t\t\t\t\t<\/div>\n\t\t<\/div>\n\t\t\t\t\t<\/div>\n\t\t<\/section>\n\t\t\t\t<section class=\"elementor-section elementor-top-section elementor-element elementor-element-2fd48f0 elementor-section-height-full elementor-section-boxed elementor-section-height-default elementor-section-items-middle\" data-id=\"2fd48f0\" data-element_type=\"section\" data-e-type=\"section\" id=\"section16\">\n\t\t\t\t\t\t<div class=\"elementor-container elementor-column-gap-default\">\n\t\t\t\t\t<div class=\"elementor-column elementor-col-100 elementor-top-column elementor-element elementor-element-760bb6a\" data-id=\"760bb6a\" data-element_type=\"column\" data-e-type=\"column\">\n\t\t\t<div class=\"elementor-widget-wrap elementor-element-populated\">\n\t\t\t\t\t\t<div class=\"elementor-element elementor-element-4bfe871 elementor-widget elementor-widget-text-editor\" data-id=\"4bfe871\" data-element_type=\"widget\" data-e-type=\"widget\" data-widget_type=\"text-editor.default\">\n\t\t\t\t<div class=\"elementor-widget-container\">\n\t\t\t\t\t\t\t\t\t<p>\u00c7ocuk hastanesinin a\u00e7\u0131l\u0131s\u0131 8 Temmuz 1958 y\u0131l\u0131nda ger\u00e7ekle\u015fir. Erna bir be\u015f y\u0131l daha hastanenin y\u00f6netimi ve iyile\u015ftirilmesi i\u00e7in \u00e7al\u0131\u015fmaya devam eder.<\/p><p>Erna\u2019n\u0131n a\u00e7\u0131l\u0131\u015f konu\u015fmas\u0131 \u00e7ok k\u0131sad\u0131r:<\/p>\t\t\t\t\t\t\t\t<\/div>\n\t\t\t\t<\/div>\n\t\t\t\t<div class=\"elementor-element elementor-element-c7d3ca1 elementor-widget elementor-widget-image\" data-id=\"c7d3ca1\" data-element_type=\"widget\" data-e-type=\"widget\" data-widget_type=\"image.default\">\n\t\t\t\t<div class=\"elementor-widget-container\">\n\t\t\t\t\t\t\t\t\t\t\t\t<figure class=\"wp-caption\">\n\t\t\t\t\t\t\t\t\t\t<img decoding=\"async\" src=\"https:\/\/www.dainst.blog\/visual-narratives\/wp-content\/uploads\/sites\/24\/elementor\/thumbs\/Hastane-Eroffnungsrede-scaled-oyukdxrd2v9f8pz9nq2j0044ydkyftxfuscp2ko0c8.jpg\" title=\"Hastane Er\u00f6ffnungsrede\" alt=\"Hastane Er\u00f6ffnungsrede\" loading=\"lazy\" \/>\t\t\t\t\t\t\t\t\t\t\t<figcaption class=\"widget-image-caption wp-caption-text\">Hastane A\u00e7\u0131l\u0131\u015f\u0131<\/figcaption>\n\t\t\t\t\t\t\t\t\t\t<\/figure>\n\t\t\t\t\t\t\t\t\t<\/div>\n\t\t\t\t<\/div>\n\t\t\t\t\t<\/div>\n\t\t<\/div>\n\t\t\t\t\t<\/div>\n\t\t<\/section>\n\t\t\t\t<section class=\"elementor-section elementor-top-section elementor-element elementor-element-01d2629 elementor-section-height-full elementor-section-boxed elementor-section-height-default elementor-section-items-middle\" data-id=\"01d2629\" data-element_type=\"section\" data-e-type=\"section\" id=\"section17\">\n\t\t\t\t\t\t<div class=\"elementor-container elementor-column-gap-default\">\n\t\t\t\t\t<div class=\"elementor-column elementor-col-50 elementor-top-column elementor-element elementor-element-c4399c4\" data-id=\"c4399c4\" data-element_type=\"column\" data-e-type=\"column\">\n\t\t\t<div class=\"elementor-widget-wrap elementor-element-populated\">\n\t\t\t\t\t\t<div class=\"elementor-element elementor-element-b2a6c58 elementor-widget elementor-widget-text-editor\" data-id=\"b2a6c58\" data-element_type=\"widget\" data-e-type=\"widget\" data-widget_type=\"text-editor.default\">\n\t\t\t\t<div class=\"elementor-widget-container\">\n\t\t\t\t\t\t\t\t\t<h1><strong>Seyahatlerde<\/strong><\/h1><p>Erna, 1935 y\u0131l\u0131nda \u00fc\u00e7 \u00e7ocuklu bir anne ve bir pediatrist olarak T\u00fcrkiye\u2019ye gelmi\u015ftir. T\u00fcrk devleti kendisine \u00e7al\u0131\u015fma izni vermedi\u01e7inden e\u015finin yan\u0131nda g\u00f6n\u00fcll\u00fc olarak mesle\u01e7ini icra etmi\u015ftir. Bir yandan k\u00f6ylerde kalm\u0131\u015f, bir yandan Ankara\u2019n\u0131n \u00f6nemli b\u00fcrokratlar\u0131n\u0131 a\u01e7\u0131rlayan bir evi idare etmi\u015ftir. E\u015fi Albert, sanki bir son s\u00f6z gibi \u201cOrta Anadolu i\u00e7in bir \u00e7ocuk hastanesini mutlaka kurunuz\u201d diyerek T\u00fcrkiye\u2019den ayr\u0131lm\u0131\u015ft\u0131r. Erna\u2019n\u0131n e\u015finin \u00f6l\u00fcm\u00fcnden sonra Hacettepe \u00c7ocuk Hastanesi\u2019nin a\u00e7\u0131l\u0131\u015f \u00e7al\u0131\u015fmalar\u0131 i\u00e7in yeniden T\u00fcrkiye\u2019ye gelmesi bu idealin tamamlanmas\u0131d\u0131r.<\/p><p>T\u00fcrkiye\u2019yi \u00e7ok iyi tan\u0131yan Erna, Alman Arkeoloji Enstit\u00fcs\u00fc\u2019ne ba\u01e7\u0131\u015flad\u0131\u01e7\u0131 dialar ve bu dialar \u00fczerindeki notlardan tespit edebildi\u01e7imize g\u00f6re 1956 ve 1963 y\u0131llar\u0131 aras\u0131ndaki i\u015f seyahati d\u0131\u015f\u0131nda 1980, 1986, 1987 y\u0131llar\u0131nda yeniden T\u00fcrkiye\u2019ye gelmi\u015ftir.<\/p>\t\t\t\t\t\t\t\t<\/div>\n\t\t\t\t<\/div>\n\t\t\t\t\t<\/div>\n\t\t<\/div>\n\t\t\t\t<div class=\"elementor-column elementor-col-50 elementor-top-column elementor-element elementor-element-be1a54f\" data-id=\"be1a54f\" data-element_type=\"column\" data-e-type=\"column\">\n\t\t\t<div class=\"elementor-widget-wrap elementor-element-populated\">\n\t\t\t\t\t\t<div class=\"elementor-element elementor-element-26dd7ed elementor-widget elementor-widget-image\" data-id=\"26dd7ed\" data-element_type=\"widget\" data-e-type=\"widget\" data-widget_type=\"image.default\">\n\t\t\t\t<div class=\"elementor-widget-container\">\n\t\t\t\t\t\t\t\t\t\t\t\t<figure class=\"wp-caption\">\n\t\t\t\t\t\t\t\t\t\t<img loading=\"lazy\" decoding=\"async\" width=\"2560\" height=\"1707\" src=\"https:\/\/www.dainst.blog\/visual-narratives\/wp-content\/uploads\/sites\/24\/2020\/11\/2.dia-defteri-scaled.jpg\" class=\"attachment-full size-full wp-image-788\" alt=\"B. G\u00fcler, Erna Eckstein\u2019a ait dia defteri\" srcset=\"https:\/\/www.dainst.blog\/visual-narratives\/wp-content\/uploads\/sites\/24\/2020\/11\/2.dia-defteri-scaled.jpg 2560w, https:\/\/www.dainst.blog\/visual-narratives\/wp-content\/uploads\/sites\/24\/2020\/11\/2.dia-defteri-300x200.jpg 300w, https:\/\/www.dainst.blog\/visual-narratives\/wp-content\/uploads\/sites\/24\/2020\/11\/2.dia-defteri-1024x683.jpg 1024w, https:\/\/www.dainst.blog\/visual-narratives\/wp-content\/uploads\/sites\/24\/2020\/11\/2.dia-defteri-768x512.jpg 768w, https:\/\/www.dainst.blog\/visual-narratives\/wp-content\/uploads\/sites\/24\/2020\/11\/2.dia-defteri-1536x1024.jpg 1536w, https:\/\/www.dainst.blog\/visual-narratives\/wp-content\/uploads\/sites\/24\/2020\/11\/2.dia-defteri-2048x1365.jpg 2048w\" sizes=\"100vw\" \/>\t\t\t\t\t\t\t\t\t\t\t<figcaption class=\"widget-image-caption wp-caption-text\">Erna Eckstein Dia Listesi<\/figcaption>\n\t\t\t\t\t\t\t\t\t\t<\/figure>\n\t\t\t\t\t\t\t\t\t<\/div>\n\t\t\t\t<\/div>\n\t\t\t\t\t<\/div>\n\t\t<\/div>\n\t\t\t\t\t<\/div>\n\t\t<\/section>\n\t\t\t\t<section class=\"elementor-section elementor-top-section elementor-element elementor-element-4eff14d elementor-section-height-full elementor-section-boxed elementor-section-height-default elementor-section-items-middle\" data-id=\"4eff14d\" data-element_type=\"section\" data-e-type=\"section\" id=\"section18\">\n\t\t\t\t\t\t<div class=\"elementor-container elementor-column-gap-default\">\n\t\t\t\t\t<div class=\"elementor-column elementor-col-50 elementor-top-column elementor-element elementor-element-668a8f1\" data-id=\"668a8f1\" data-element_type=\"column\" data-e-type=\"column\">\n\t\t\t<div class=\"elementor-widget-wrap elementor-element-populated\">\n\t\t\t\t\t\t<div class=\"elementor-element elementor-element-a880afe elementor-widget elementor-widget-image\" data-id=\"a880afe\" data-element_type=\"widget\" data-e-type=\"widget\" data-widget_type=\"image.default\">\n\t\t\t\t<div class=\"elementor-widget-container\">\n\t\t\t\t\t\t\t\t\t\t\t\t<figure class=\"wp-caption\">\n\t\t\t\t\t\t\t\t\t\t<img loading=\"lazy\" decoding=\"async\" width=\"983\" height=\"493\" src=\"https:\/\/www.dainst.blog\/visual-narratives\/wp-content\/uploads\/sites\/24\/2020\/11\/3.-E.-Eckstein-Turkiye-Yolculuk-Haritasi.jpg\" class=\"attachment-full size-full wp-image-793\" alt=\"E. Eckstein, T\u00fcrkiye Yolculuk Haritas\u0131\" srcset=\"https:\/\/www.dainst.blog\/visual-narratives\/wp-content\/uploads\/sites\/24\/2020\/11\/3.-E.-Eckstein-Turkiye-Yolculuk-Haritasi.jpg 983w, https:\/\/www.dainst.blog\/visual-narratives\/wp-content\/uploads\/sites\/24\/2020\/11\/3.-E.-Eckstein-Turkiye-Yolculuk-Haritasi-300x150.jpg 300w, https:\/\/www.dainst.blog\/visual-narratives\/wp-content\/uploads\/sites\/24\/2020\/11\/3.-E.-Eckstein-Turkiye-Yolculuk-Haritasi-768x385.jpg 768w\" sizes=\"100vw\" \/>\t\t\t\t\t\t\t\t\t\t\t<figcaption class=\"widget-image-caption wp-caption-text\">E. Eckstein, T\u00fcrkiye Yolculuk Haritas\u0131<\/figcaption>\n\t\t\t\t\t\t\t\t\t\t<\/figure>\n\t\t\t\t\t\t\t\t\t<\/div>\n\t\t\t\t<\/div>\n\t\t\t\t\t<\/div>\n\t\t<\/div>\n\t\t\t\t<div class=\"elementor-column elementor-col-50 elementor-top-column elementor-element elementor-element-06fe8e5\" data-id=\"06fe8e5\" data-element_type=\"column\" data-e-type=\"column\">\n\t\t\t<div class=\"elementor-widget-wrap elementor-element-populated\">\n\t\t\t\t\t\t<div class=\"elementor-element elementor-element-49dd46e elementor-widget elementor-widget-text-editor\" data-id=\"49dd46e\" data-element_type=\"widget\" data-e-type=\"widget\" data-widget_type=\"text-editor.default\">\n\t\t\t\t<div class=\"elementor-widget-container\">\n\t\t\t\t\t\t\t\t\t<p>Bu ziyaretleri s\u0131ras\u0131nda Albert\u2019le gittikleri \u015fehirlere yeniden gitmi\u015f ve Albert\u2019in 1930 ve 40\u2019l\u0131 y\u0131llarda \u00e7ekti\u01e7i foto\u01e7raflara \u00e7ok benzeyen foto\u01e7raflar \u00e7ekmi\u015ftir. Haritan\u0131n benzer yerlerinde dola\u015f\u0131p benzer \u015feylere odaklanm\u0131\u015ft\u0131r. K\u00f6y ya\u015fam\u0131n\u0131n otantik detaylar\u0131, arkeolojik alanlar, tarihi an\u0131tlar, camiler, leylekler, sa\u00e7 \u00f6rg\u00fcleri ve mutlaka s\u0131cak insan y\u00fczleri bu foto\u01e7raflardaki ortak noktalard\u0131r.<\/p>\t\t\t\t\t\t\t\t<\/div>\n\t\t\t\t<\/div>\n\t\t\t\t\t<\/div>\n\t\t<\/div>\n\t\t\t\t\t<\/div>\n\t\t<\/section>\n\t\t\t\t<section class=\"elementor-section elementor-top-section elementor-element elementor-element-36a8146 elementor-section-height-full elementor-section-boxed elementor-section-height-default elementor-section-items-middle\" data-id=\"36a8146\" data-element_type=\"section\" data-e-type=\"section\" id=\"section19\">\n\t\t\t\t\t\t<div class=\"elementor-container elementor-column-gap-default\">\n\t\t\t\t\t<div class=\"elementor-column elementor-col-100 elementor-top-column elementor-element elementor-element-493ff47\" data-id=\"493ff47\" data-element_type=\"column\" data-e-type=\"column\">\n\t\t\t<div class=\"elementor-widget-wrap elementor-element-populated\">\n\t\t\t\t\t\t<section class=\"elementor-section elementor-inner-section elementor-element elementor-element-f97c7d0 elementor-section-boxed elementor-section-height-default elementor-section-height-default\" data-id=\"f97c7d0\" data-element_type=\"section\" data-e-type=\"section\">\n\t\t\t\t\t\t<div class=\"elementor-container elementor-column-gap-default\">\n\t\t\t\t\t<div class=\"elementor-column elementor-col-50 elementor-inner-column elementor-element elementor-element-d6e16e8\" data-id=\"d6e16e8\" data-element_type=\"column\" data-e-type=\"column\">\n\t\t\t<div class=\"elementor-widget-wrap elementor-element-populated\">\n\t\t\t\t\t\t<div class=\"elementor-element elementor-element-f7b3109 elementor-widget elementor-widget-text-editor\" data-id=\"f7b3109\" data-element_type=\"widget\" data-e-type=\"widget\" data-widget_type=\"text-editor.default\">\n\t\t\t\t<div class=\"elementor-widget-container\">\n\t\t\t\t\t\t\t\t\t<p>Erna, b\u00fct\u00fcn bunlara viz\u00f6r\u00fcn arkas\u0131ndan bu kez tek ba\u015f\u0131na bakarken ne d\u00fc\u015f\u00fcn\u00fcyordu bilemiyoruz. Belki y\u00fcz\u00fcnc\u00fc do\u01e7um g\u00fcn\u00fcnde, uzun bir \u00f6mr\u00fc anlamaya \u00e7al\u0131\u015f\u0131r gibi s\u00f6yledi\u01e7i \u015fu s\u00f6zler daha o g\u00fcnlerde kafas\u0131nda \u015fekilleniyordu. Kim bilir\u2026<\/p><p>\u201cAsl\u0131nda hi\u00e7bir yerde evimde gibi hissetmiyorum. \u00c7ocuklu\u01e7umun ge\u00e7ti\u01e7i \u015fehir Dresden mahvedildi, D\u00fcsseldorf\u2019ta Nazilerle y\u00fczy\u00fcze geldim. En mutlu zamanlar\u0131m T\u00fcrkiye\u2019de ge\u00e7ti, ama oraya da yabanc\u0131y\u0131m. \u015eimdi burada Cambridge\u2019te de tamamen yaln\u0131z\u0131m.\u201d<\/p><p>Erna Eckstein Cambridge\u2019te 1998 y\u0131l\u0131nda, 104 ya\u015f\u0131ndayken hayata g\u00f6zlerini yummu\u015ftur.<\/p>\t\t\t\t\t\t\t\t<\/div>\n\t\t\t\t<\/div>\n\t\t\t\t\t<\/div>\n\t\t<\/div>\n\t\t\t\t<div class=\"elementor-column elementor-col-50 elementor-inner-column elementor-element elementor-element-6f9eebb\" data-id=\"6f9eebb\" data-element_type=\"column\" data-e-type=\"column\">\n\t\t\t<div class=\"elementor-widget-wrap elementor-element-populated\">\n\t\t\t\t\t\t<div class=\"elementor-element elementor-element-7cce54b elementor-widget elementor-widget-image\" data-id=\"7cce54b\" data-element_type=\"widget\" data-e-type=\"widget\" data-widget_type=\"image.default\">\n\t\t\t\t<div class=\"elementor-widget-container\">\n\t\t\t\t\t\t\t\t\t\t\t\t<figure class=\"wp-caption\">\n\t\t\t\t\t\t\t\t\t\t<img decoding=\"async\" src=\"https:\/\/www.dainst.blog\/visual-narratives\/wp-content\/uploads\/sites\/24\/elementor\/thumbs\/20.-A.-Olivier-Erna-Eckstein-Caddesi-Dusseldorf-scaled-e1606744553783-oz6hq7tq5h5t6da7zwp60cfwnzvb0ht6nxxiwjw39w.jpg\" title=\"A. Olivier, Erna Eckstein Caddesi, D\u00fcsseldorf\" alt=\"A. Olivier, Erna Eckstein Caddesi, D\u00fcsseldorf\" loading=\"lazy\" \/>\t\t\t\t\t\t\t\t\t\t\t<figcaption class=\"widget-image-caption wp-caption-text\">A. Olivier, Erna Eckstein Caddesi, D\u00fcsseldorf<\/figcaption>\n\t\t\t\t\t\t\t\t\t\t<\/figure>\n\t\t\t\t\t\t\t\t\t<\/div>\n\t\t\t\t<\/div>\n\t\t\t\t\t<\/div>\n\t\t<\/div>\n\t\t\t\t\t<\/div>\n\t\t<\/section>\n\t\t\t\t\t<\/div>\n\t\t<\/div>\n\t\t\t\t\t<\/div>\n\t\t<\/section>\n\t\t\t\t<section class=\"elementor-section elementor-top-section elementor-element elementor-element-a5498b2 elementor-section-height-full elementor-section-boxed elementor-section-height-default elementor-section-items-middle\" data-id=\"a5498b2\" data-element_type=\"section\" data-e-type=\"section\" id=\"section20\">\n\t\t\t\t\t\t<div class=\"elementor-container elementor-column-gap-default\">\n\t\t\t\t\t<div class=\"elementor-column elementor-col-50 elementor-top-column elementor-element elementor-element-56dc54a\" data-id=\"56dc54a\" data-element_type=\"column\" data-e-type=\"column\">\n\t\t\t<div class=\"elementor-widget-wrap elementor-element-populated\">\n\t\t\t\t\t\t<div class=\"elementor-element elementor-element-60d4e4b elementor-widget elementor-widget-image\" data-id=\"60d4e4b\" data-element_type=\"widget\" data-e-type=\"widget\" data-widget_type=\"image.default\">\n\t\t\t\t<div class=\"elementor-widget-container\">\n\t\t\t\t\t\t\t\t\t\t\t\t<figure class=\"wp-caption\">\n\t\t\t\t\t\t\t\t\t\t<img loading=\"lazy\" decoding=\"async\" width=\"978\" height=\"634\" src=\"https:\/\/www.dainst.blog\/visual-narratives\/wp-content\/uploads\/sites\/24\/2020\/11\/4a.-E.-Eckstein-Cadde-Goruntusu-Afyon-1959.jpg\" class=\"attachment-full size-full wp-image-815\" alt=\"E. Eckstein, Cadde G\u00f6r\u00fcnt\u00fcs\u00fc, Afyon, 1959\" srcset=\"https:\/\/www.dainst.blog\/visual-narratives\/wp-content\/uploads\/sites\/24\/2020\/11\/4a.-E.-Eckstein-Cadde-Goruntusu-Afyon-1959.jpg 978w, https:\/\/www.dainst.blog\/visual-narratives\/wp-content\/uploads\/sites\/24\/2020\/11\/4a.-E.-Eckstein-Cadde-Goruntusu-Afyon-1959-300x194.jpg 300w, https:\/\/www.dainst.blog\/visual-narratives\/wp-content\/uploads\/sites\/24\/2020\/11\/4a.-E.-Eckstein-Cadde-Goruntusu-Afyon-1959-768x498.jpg 768w\" sizes=\"100vw\" \/>\t\t\t\t\t\t\t\t\t\t\t<figcaption class=\"widget-image-caption wp-caption-text\">E. Eckstein, Cadde G\u00f6r\u00fcnt\u00fcs\u00fc, Afyon, 1959<\/figcaption>\n\t\t\t\t\t\t\t\t\t\t<\/figure>\n\t\t\t\t\t\t\t\t\t<\/div>\n\t\t\t\t<\/div>\n\t\t\t\t\t<\/div>\n\t\t<\/div>\n\t\t\t\t<div class=\"elementor-column elementor-col-50 elementor-top-column elementor-element elementor-element-6955053\" data-id=\"6955053\" data-element_type=\"column\" data-e-type=\"column\">\n\t\t\t<div class=\"elementor-widget-wrap elementor-element-populated\">\n\t\t\t\t\t\t<div class=\"elementor-element elementor-element-5ca0a4a elementor-widget elementor-widget-image\" data-id=\"5ca0a4a\" data-element_type=\"widget\" data-e-type=\"widget\" data-widget_type=\"image.default\">\n\t\t\t\t<div class=\"elementor-widget-container\">\n\t\t\t\t\t\t\t\t\t\t\t\t<figure class=\"wp-caption\">\n\t\t\t\t\t\t\t\t\t\t<img loading=\"lazy\" decoding=\"async\" width=\"1200\" height=\"806\" src=\"https:\/\/www.dainst.blog\/visual-narratives\/wp-content\/uploads\/sites\/24\/2020\/11\/4b.-A.-Eckstein-Camura-Batmis-Araba-Ford-Samsun-Yakinlari-1947-scaled-e1606744545519.jpg\" class=\"attachment-full size-full wp-image-816\" alt=\"A. Eckstein, \u00c7amura Batm\u0131\u015f Araba (Ford), Samsun Yak\u0131nlar\u0131, 1947\" sizes=\"100vw\" \/>\t\t\t\t\t\t\t\t\t\t\t<figcaption class=\"widget-image-caption wp-caption-text\">A. Eckstein, \u00c7amura Batm\u0131\u015f Araba (Ford), Samsun Yak\u0131nlar\u0131, 1947<\/figcaption>\n\t\t\t\t\t\t\t\t\t\t<\/figure>\n\t\t\t\t\t\t\t\t\t<\/div>\n\t\t\t\t<\/div>\n\t\t\t\t\t<\/div>\n\t\t<\/div>\n\t\t\t\t\t<\/div>\n\t\t<\/section>\n\t\t\t\t<section class=\"elementor-section elementor-top-section elementor-element elementor-element-ca9c26f elementor-section-height-full elementor-section-boxed elementor-section-height-default elementor-section-items-middle\" data-id=\"ca9c26f\" data-element_type=\"section\" data-e-type=\"section\" id=\"section21\">\n\t\t\t\t\t\t<div class=\"elementor-container elementor-column-gap-wide\">\n\t\t\t\t\t<div class=\"elementor-column elementor-col-50 elementor-top-column elementor-element elementor-element-f461be4\" data-id=\"f461be4\" data-element_type=\"column\" data-e-type=\"column\">\n\t\t\t<div class=\"elementor-widget-wrap elementor-element-populated\">\n\t\t\t\t\t\t<div class=\"elementor-element elementor-element-7ae7e58 elementor-widget elementor-widget-image\" data-id=\"7ae7e58\" data-element_type=\"widget\" data-e-type=\"widget\" data-widget_type=\"image.default\">\n\t\t\t\t<div class=\"elementor-widget-container\">\n\t\t\t\t\t\t\t\t\t\t\t\t<figure class=\"wp-caption\">\n\t\t\t\t\t\t\t\t\t\t<img loading=\"lazy\" decoding=\"async\" width=\"979\" height=\"633\" src=\"https:\/\/www.dainst.blog\/visual-narratives\/wp-content\/uploads\/sites\/24\/2020\/11\/5a.-E.-Eckstein-Peribacalari-Nevsehir-1949.jpg\" class=\"attachment-full size-full wp-image-820\" alt=\"E. Eckstein, Peribacalar\u0131, Nev\u015fehir, 1949\" srcset=\"https:\/\/www.dainst.blog\/visual-narratives\/wp-content\/uploads\/sites\/24\/2020\/11\/5a.-E.-Eckstein-Peribacalari-Nevsehir-1949.jpg 979w, https:\/\/www.dainst.blog\/visual-narratives\/wp-content\/uploads\/sites\/24\/2020\/11\/5a.-E.-Eckstein-Peribacalari-Nevsehir-1949-300x194.jpg 300w, https:\/\/www.dainst.blog\/visual-narratives\/wp-content\/uploads\/sites\/24\/2020\/11\/5a.-E.-Eckstein-Peribacalari-Nevsehir-1949-768x497.jpg 768w\" sizes=\"100vw\" \/>\t\t\t\t\t\t\t\t\t\t\t<figcaption class=\"widget-image-caption wp-caption-text\">E. Eckstein, Peribacalar\u0131, Nev\u015fehir<\/figcaption>\n\t\t\t\t\t\t\t\t\t\t<\/figure>\n\t\t\t\t\t\t\t\t\t<\/div>\n\t\t\t\t<\/div>\n\t\t\t\t\t<\/div>\n\t\t<\/div>\n\t\t\t\t<div class=\"elementor-column elementor-col-50 elementor-top-column elementor-element elementor-element-4ebdc0e\" data-id=\"4ebdc0e\" data-element_type=\"column\" data-e-type=\"column\">\n\t\t\t<div class=\"elementor-widget-wrap elementor-element-populated\">\n\t\t\t\t\t\t<div class=\"elementor-element elementor-element-0acbd67 elementor-widget elementor-widget-image\" data-id=\"0acbd67\" data-element_type=\"widget\" data-e-type=\"widget\" data-widget_type=\"image.default\">\n\t\t\t\t<div class=\"elementor-widget-container\">\n\t\t\t\t\t\t\t\t\t\t\t\t<figure class=\"wp-caption\">\n\t\t\t\t\t\t\t\t\t\t<img loading=\"lazy\" decoding=\"async\" width=\"1100\" height=\"746\" src=\"https:\/\/www.dainst.blog\/visual-narratives\/wp-content\/uploads\/sites\/24\/2020\/11\/5b.-A.-Eckstein-Tuf-Kayalari-ve-Ma\u01e7ara-Konutlari-1949-scaled-e1606744538828.jpg\" class=\"attachment-full size-full wp-image-822\" alt=\"A. Eckstein, T\u00fcf Kayalar\u0131 ve Ma\u01e7ara Konutlar\u0131, 1949\" sizes=\"100vw\" \/>\t\t\t\t\t\t\t\t\t\t\t<figcaption class=\"widget-image-caption wp-caption-text\">A. Eckstein, T\u00fcf Kayalar\u0131 ve Ma\u01e7ara Konutlar\u0131, 1949<\/figcaption>\n\t\t\t\t\t\t\t\t\t\t<\/figure>\n\t\t\t\t\t\t\t\t\t<\/div>\n\t\t\t\t<\/div>\n\t\t\t\t\t<\/div>\n\t\t<\/div>\n\t\t\t\t\t<\/div>\n\t\t<\/section>\n\t\t\t\t<section class=\"elementor-section elementor-top-section elementor-element elementor-element-3c6dad2 elementor-section-height-full elementor-section-boxed elementor-section-height-default elementor-section-items-middle\" data-id=\"3c6dad2\" data-element_type=\"section\" data-e-type=\"section\" id=\"section22\">\n\t\t\t\t\t\t<div class=\"elementor-container elementor-column-gap-wide\">\n\t\t\t\t\t<div class=\"elementor-column elementor-col-50 elementor-top-column elementor-element elementor-element-acc204a\" data-id=\"acc204a\" data-element_type=\"column\" data-e-type=\"column\">\n\t\t\t<div class=\"elementor-widget-wrap elementor-element-populated\">\n\t\t\t\t\t\t<div class=\"elementor-element elementor-element-5529dda elementor-widget elementor-widget-image\" data-id=\"5529dda\" data-element_type=\"widget\" data-e-type=\"widget\" data-widget_type=\"image.default\">\n\t\t\t\t<div class=\"elementor-widget-container\">\n\t\t\t\t\t\t\t\t\t\t\t\t<figure class=\"wp-caption\">\n\t\t\t\t\t\t\t\t\t\t<img loading=\"lazy\" decoding=\"async\" width=\"983\" height=\"634\" src=\"https:\/\/www.dainst.blog\/visual-narratives\/wp-content\/uploads\/sites\/24\/2020\/11\/6a.-E.-Eckstein-Turkiye-Yunanistan-Sinirinda-Hasat.jpg\" class=\"attachment-full size-full wp-image-827\" alt=\"E. Eckstein, T\u00fcrkiye Yunanistan S\u0131n\u0131r\u0131nda Hasat\" srcset=\"https:\/\/www.dainst.blog\/visual-narratives\/wp-content\/uploads\/sites\/24\/2020\/11\/6a.-E.-Eckstein-Turkiye-Yunanistan-Sinirinda-Hasat.jpg 983w, https:\/\/www.dainst.blog\/visual-narratives\/wp-content\/uploads\/sites\/24\/2020\/11\/6a.-E.-Eckstein-Turkiye-Yunanistan-Sinirinda-Hasat-300x193.jpg 300w, https:\/\/www.dainst.blog\/visual-narratives\/wp-content\/uploads\/sites\/24\/2020\/11\/6a.-E.-Eckstein-Turkiye-Yunanistan-Sinirinda-Hasat-768x495.jpg 768w\" sizes=\"100vw\" \/>\t\t\t\t\t\t\t\t\t\t\t<figcaption class=\"widget-image-caption wp-caption-text\">E. Eckstein, T\u00fcrkiye Yunanistan S\u0131n\u0131r\u0131nda Hasat<\/figcaption>\n\t\t\t\t\t\t\t\t\t\t<\/figure>\n\t\t\t\t\t\t\t\t\t<\/div>\n\t\t\t\t<\/div>\n\t\t\t\t\t<\/div>\n\t\t<\/div>\n\t\t\t\t<div class=\"elementor-column elementor-col-50 elementor-top-column elementor-element elementor-element-fec132d\" data-id=\"fec132d\" data-element_type=\"column\" data-e-type=\"column\">\n\t\t\t<div class=\"elementor-widget-wrap elementor-element-populated\">\n\t\t\t\t\t\t<div class=\"elementor-element elementor-element-ebf4606 elementor-widget elementor-widget-image\" data-id=\"ebf4606\" data-element_type=\"widget\" data-e-type=\"widget\" data-widget_type=\"image.default\">\n\t\t\t\t<div class=\"elementor-widget-container\">\n\t\t\t\t\t\t\t\t\t\t\t\t<figure class=\"wp-caption\">\n\t\t\t\t\t\t\t\t\t\t<img loading=\"lazy\" decoding=\"async\" width=\"1100\" height=\"724\" src=\"https:\/\/www.dainst.blog\/visual-narratives\/wp-content\/uploads\/sites\/24\/2020\/11\/6b.-A.-Eckstein-Harman-Dovme-Turkiye-1949-scaled-e1606744531827.jpg\" class=\"attachment-full size-full wp-image-829\" alt=\"A. Eckstein, Harman D\u00f6vme, T\u00fcrkiye, 1949\" sizes=\"100vw\" \/>\t\t\t\t\t\t\t\t\t\t\t<figcaption class=\"widget-image-caption wp-caption-text\">A. Eckstein, Harman D\u00f6vme, T\u00fcrkiye, 1949<\/figcaption>\n\t\t\t\t\t\t\t\t\t\t<\/figure>\n\t\t\t\t\t\t\t\t\t<\/div>\n\t\t\t\t<\/div>\n\t\t\t\t\t<\/div>\n\t\t<\/div>\n\t\t\t\t\t<\/div>\n\t\t<\/section>\n\t\t\t\t<section class=\"elementor-section elementor-top-section elementor-element elementor-element-1396a8d elementor-section-height-full elementor-section-boxed elementor-section-height-default elementor-section-items-middle\" data-id=\"1396a8d\" data-element_type=\"section\" data-e-type=\"section\" id=\"section23\">\n\t\t\t\t\t\t<div class=\"elementor-container elementor-column-gap-wide\">\n\t\t\t\t\t<div class=\"elementor-column elementor-col-50 elementor-top-column elementor-element elementor-element-00a6155\" data-id=\"00a6155\" data-element_type=\"column\" data-e-type=\"column\">\n\t\t\t<div class=\"elementor-widget-wrap elementor-element-populated\">\n\t\t\t\t\t\t<div class=\"elementor-element elementor-element-ede84cb elementor-widget elementor-widget-image\" data-id=\"ede84cb\" data-element_type=\"widget\" data-e-type=\"widget\" data-widget_type=\"image.default\">\n\t\t\t\t<div class=\"elementor-widget-container\">\n\t\t\t\t\t\t\t\t\t\t\t\t<figure class=\"wp-caption\">\n\t\t\t\t\t\t\t\t\t\t<img loading=\"lazy\" decoding=\"async\" width=\"971\" height=\"630\" src=\"https:\/\/www.dainst.blog\/visual-narratives\/wp-content\/uploads\/sites\/24\/2020\/11\/7a.-E.-Eckstein-Ka\u01e7ni.jpg\" class=\"attachment-full size-full wp-image-831\" alt=\"E. Eckstein, Ka\u01e7n\u0131\" srcset=\"https:\/\/www.dainst.blog\/visual-narratives\/wp-content\/uploads\/sites\/24\/2020\/11\/7a.-E.-Eckstein-Ka\u01e7ni.jpg 971w, https:\/\/www.dainst.blog\/visual-narratives\/wp-content\/uploads\/sites\/24\/2020\/11\/7a.-E.-Eckstein-Ka\u01e7ni-300x195.jpg 300w, https:\/\/www.dainst.blog\/visual-narratives\/wp-content\/uploads\/sites\/24\/2020\/11\/7a.-E.-Eckstein-Ka\u01e7ni-768x498.jpg 768w\" sizes=\"100vw\" \/>\t\t\t\t\t\t\t\t\t\t\t<figcaption class=\"widget-image-caption wp-caption-text\">E. Eckstein, Ka\u01e7n\u0131<\/figcaption>\n\t\t\t\t\t\t\t\t\t\t<\/figure>\n\t\t\t\t\t\t\t\t\t<\/div>\n\t\t\t\t<\/div>\n\t\t\t\t\t<\/div>\n\t\t<\/div>\n\t\t\t\t<div class=\"elementor-column elementor-col-50 elementor-top-column elementor-element elementor-element-b103e74\" data-id=\"b103e74\" data-element_type=\"column\" data-e-type=\"column\">\n\t\t\t<div class=\"elementor-widget-wrap elementor-element-populated\">\n\t\t\t\t\t\t<div class=\"elementor-element elementor-element-fea45e0 elementor-widget elementor-widget-image\" data-id=\"fea45e0\" data-element_type=\"widget\" data-e-type=\"widget\" data-widget_type=\"image.default\">\n\t\t\t\t<div class=\"elementor-widget-container\">\n\t\t\t\t\t\t\t\t\t\t\t\t<figure class=\"wp-caption\">\n\t\t\t\t\t\t\t\t\t\t<img loading=\"lazy\" decoding=\"async\" width=\"974\" height=\"627\" src=\"https:\/\/www.dainst.blog\/visual-narratives\/wp-content\/uploads\/sites\/24\/2020\/11\/7b.-E.-Eckstein-Ka\u01e7ni.jpg\" class=\"attachment-full size-full wp-image-832\" alt=\"E. Eckstein, Ka\u01e7n\u0131\" srcset=\"https:\/\/www.dainst.blog\/visual-narratives\/wp-content\/uploads\/sites\/24\/2020\/11\/7b.-E.-Eckstein-Ka\u01e7ni.jpg 974w, https:\/\/www.dainst.blog\/visual-narratives\/wp-content\/uploads\/sites\/24\/2020\/11\/7b.-E.-Eckstein-Ka\u01e7ni-300x193.jpg 300w, https:\/\/www.dainst.blog\/visual-narratives\/wp-content\/uploads\/sites\/24\/2020\/11\/7b.-E.-Eckstein-Ka\u01e7ni-768x494.jpg 768w\" sizes=\"100vw\" \/>\t\t\t\t\t\t\t\t\t\t\t<figcaption class=\"widget-image-caption wp-caption-text\">A. Eckstein, Ka\u01e7n\u0131<\/figcaption>\n\t\t\t\t\t\t\t\t\t\t<\/figure>\n\t\t\t\t\t\t\t\t\t<\/div>\n\t\t\t\t<\/div>\n\t\t\t\t\t<\/div>\n\t\t<\/div>\n\t\t\t\t\t<\/div>\n\t\t<\/section>\n\t\t\t\t<section class=\"elementor-section elementor-top-section elementor-element elementor-element-5943108 elementor-section-height-full elementor-section-full_width elementor-section-height-default elementor-section-items-middle\" data-id=\"5943108\" data-element_type=\"section\" data-e-type=\"section\" id=\"section24\">\n\t\t\t\t\t\t<div class=\"elementor-container elementor-column-gap-default\">\n\t\t\t\t\t<div class=\"elementor-column elementor-col-50 elementor-top-column elementor-element elementor-element-bd83224\" data-id=\"bd83224\" data-element_type=\"column\" data-e-type=\"column\">\n\t\t\t<div class=\"elementor-widget-wrap elementor-element-populated\">\n\t\t\t\t\t\t<div class=\"elementor-element elementor-element-e72ca86 elementor-widget elementor-widget-image\" data-id=\"e72ca86\" data-element_type=\"widget\" data-e-type=\"widget\" data-widget_type=\"image.default\">\n\t\t\t\t<div class=\"elementor-widget-container\">\n\t\t\t\t\t\t\t\t\t\t\t\t<figure class=\"wp-caption\">\n\t\t\t\t\t\t\t\t\t\t<img loading=\"lazy\" decoding=\"async\" width=\"624\" height=\"984\" src=\"https:\/\/www.dainst.blog\/visual-narratives\/wp-content\/uploads\/sites\/24\/2020\/11\/8a.-E.-Eckstein-Aksaray-Sultanhani-.jpg\" class=\"attachment-full size-full wp-image-834\" alt=\"E. Eckstein, Aksaray Sultanhan\u0131\" srcset=\"https:\/\/www.dainst.blog\/visual-narratives\/wp-content\/uploads\/sites\/24\/2020\/11\/8a.-E.-Eckstein-Aksaray-Sultanhani-.jpg 624w, https:\/\/www.dainst.blog\/visual-narratives\/wp-content\/uploads\/sites\/24\/2020\/11\/8a.-E.-Eckstein-Aksaray-Sultanhani--190x300.jpg 190w\" sizes=\"100vw\" \/>\t\t\t\t\t\t\t\t\t\t\t<figcaption class=\"widget-image-caption wp-caption-text\">E. Eckstein, Aksaray Sultanhan\u0131<\/figcaption>\n\t\t\t\t\t\t\t\t\t\t<\/figure>\n\t\t\t\t\t\t\t\t\t<\/div>\n\t\t\t\t<\/div>\n\t\t\t\t\t<\/div>\n\t\t<\/div>\n\t\t\t\t<div class=\"elementor-column elementor-col-50 elementor-top-column elementor-element elementor-element-6fb06d1\" data-id=\"6fb06d1\" data-element_type=\"column\" data-e-type=\"column\">\n\t\t\t<div class=\"elementor-widget-wrap elementor-element-populated\">\n\t\t\t\t\t\t<div class=\"elementor-element elementor-element-6b5bd4d elementor-widget elementor-widget-image\" data-id=\"6b5bd4d\" data-element_type=\"widget\" data-e-type=\"widget\" data-widget_type=\"image.default\">\n\t\t\t\t<div class=\"elementor-widget-container\">\n\t\t\t\t\t\t\t\t\t\t\t\t<figure class=\"wp-caption\">\n\t\t\t\t\t\t\t\t\t\t<img loading=\"lazy\" decoding=\"async\" width=\"1100\" height=\"1619\" src=\"https:\/\/www.dainst.blog\/visual-narratives\/wp-content\/uploads\/sites\/24\/2020\/11\/8b.-A.-Eckstein-Timarhane-Girisi-Amasya-1937--scaled-e1606744521485.jpg\" class=\"attachment-full size-full wp-image-835\" alt=\"A. Eckstein, T\u0131marhane Giri\u015fi, Amasya, 1937\" sizes=\"100vw\" \/>\t\t\t\t\t\t\t\t\t\t\t<figcaption class=\"widget-image-caption wp-caption-text\">A. Eckstein, T\u0131marhane Giri\u015fi, Amasya, 1937<\/figcaption>\n\t\t\t\t\t\t\t\t\t\t<\/figure>\n\t\t\t\t\t\t\t\t\t<\/div>\n\t\t\t\t<\/div>\n\t\t\t\t\t<\/div>\n\t\t<\/div>\n\t\t\t\t\t<\/div>\n\t\t<\/section>\n\t\t\t\t<section class=\"elementor-section elementor-top-section elementor-element elementor-element-151cf51 elementor-section-height-full elementor-section-boxed elementor-section-height-default elementor-section-items-middle\" data-id=\"151cf51\" data-element_type=\"section\" data-e-type=\"section\" id=\"section25\">\n\t\t\t\t\t\t<div class=\"elementor-container elementor-column-gap-wide\">\n\t\t\t\t\t<div class=\"elementor-column elementor-col-50 elementor-top-column elementor-element elementor-element-4948501\" data-id=\"4948501\" data-element_type=\"column\" data-e-type=\"column\">\n\t\t\t<div class=\"elementor-widget-wrap elementor-element-populated\">\n\t\t\t\t\t\t<div class=\"elementor-element elementor-element-be7762e elementor-widget elementor-widget-image\" data-id=\"be7762e\" data-element_type=\"widget\" data-e-type=\"widget\" data-widget_type=\"image.default\">\n\t\t\t\t<div class=\"elementor-widget-container\">\n\t\t\t\t\t\t\t\t\t\t\t\t<figure class=\"wp-caption\">\n\t\t\t\t\t\t\t\t\t\t<img loading=\"lazy\" decoding=\"async\" width=\"974\" height=\"628\" src=\"https:\/\/www.dainst.blog\/visual-narratives\/wp-content\/uploads\/sites\/24\/2021\/01\/9a.-E.-Eckstein-Rumeli-Hisarindan-Anadolu-Hisarina-Bakis_.jpg\" class=\"attachment-full size-full wp-image-3085\" alt=\"E. Eckstein, Rumeli Hisar\u0131ndan Anadolu Hisar\u0131\u2019na Bak\u0131\u015f\" srcset=\"https:\/\/www.dainst.blog\/visual-narratives\/wp-content\/uploads\/sites\/24\/2021\/01\/9a.-E.-Eckstein-Rumeli-Hisarindan-Anadolu-Hisarina-Bakis_.jpg 974w, https:\/\/www.dainst.blog\/visual-narratives\/wp-content\/uploads\/sites\/24\/2021\/01\/9a.-E.-Eckstein-Rumeli-Hisarindan-Anadolu-Hisarina-Bakis_-300x193.jpg 300w, https:\/\/www.dainst.blog\/visual-narratives\/wp-content\/uploads\/sites\/24\/2021\/01\/9a.-E.-Eckstein-Rumeli-Hisarindan-Anadolu-Hisarina-Bakis_-768x495.jpg 768w\" sizes=\"100vw\" \/>\t\t\t\t\t\t\t\t\t\t\t<figcaption class=\"widget-image-caption wp-caption-text\">E. Eckstein, Rumeli Hisar\u0131'ndan Anadolu Hisar\u0131\u2019na Bak\u0131\u015f<\/figcaption>\n\t\t\t\t\t\t\t\t\t\t<\/figure>\n\t\t\t\t\t\t\t\t\t<\/div>\n\t\t\t\t<\/div>\n\t\t\t\t\t<\/div>\n\t\t<\/div>\n\t\t\t\t<div class=\"elementor-column elementor-col-50 elementor-top-column elementor-element elementor-element-806475b\" data-id=\"806475b\" data-element_type=\"column\" data-e-type=\"column\">\n\t\t\t<div class=\"elementor-widget-wrap elementor-element-populated\">\n\t\t\t\t\t\t<div class=\"elementor-element elementor-element-5c248d8 elementor-widget elementor-widget-image\" data-id=\"5c248d8\" data-element_type=\"widget\" data-e-type=\"widget\" data-widget_type=\"image.default\">\n\t\t\t\t<div class=\"elementor-widget-container\">\n\t\t\t\t\t\t\t\t\t\t\t\t<figure class=\"wp-caption\">\n\t\t\t\t\t\t\t\t\t\t<img loading=\"lazy\" decoding=\"async\" width=\"1200\" height=\"793\" src=\"https:\/\/www.dainst.blog\/visual-narratives\/wp-content\/uploads\/sites\/24\/2020\/11\/9b.-A.-Eckstein-Rumeli-Hisari-Istanbul-1945-scaled-e1606744504691.jpg\" class=\"attachment-full size-full wp-image-838\" alt=\"A. Eckstein Rumeli Hisar\u0131, \u0130stanbul, 1945\" sizes=\"100vw\" \/>\t\t\t\t\t\t\t\t\t\t\t<figcaption class=\"widget-image-caption wp-caption-text\">A. Eckstein Rumeli Hisar\u0131, \u0130stanbul, 1945<\/figcaption>\n\t\t\t\t\t\t\t\t\t\t<\/figure>\n\t\t\t\t\t\t\t\t\t<\/div>\n\t\t\t\t<\/div>\n\t\t\t\t\t<\/div>\n\t\t<\/div>\n\t\t\t\t\t<\/div>\n\t\t<\/section>\n\t\t\t\t<section class=\"elementor-section elementor-top-section elementor-element elementor-element-202d80d elementor-section-height-full elementor-section-boxed elementor-section-height-default elementor-section-items-middle\" data-id=\"202d80d\" data-element_type=\"section\" data-e-type=\"section\" id=\"section26\">\n\t\t\t\t\t\t<div class=\"elementor-container elementor-column-gap-wide\">\n\t\t\t\t\t<div class=\"elementor-column elementor-col-50 elementor-top-column elementor-element elementor-element-9a3dc11\" data-id=\"9a3dc11\" data-element_type=\"column\" data-e-type=\"column\">\n\t\t\t<div class=\"elementor-widget-wrap elementor-element-populated\">\n\t\t\t\t\t\t<div class=\"elementor-element elementor-element-6615e62 elementor-widget elementor-widget-image\" data-id=\"6615e62\" data-element_type=\"widget\" data-e-type=\"widget\" data-widget_type=\"image.default\">\n\t\t\t\t<div class=\"elementor-widget-container\">\n\t\t\t\t\t\t\t\t\t\t\t\t<figure class=\"wp-caption\">\n\t\t\t\t\t\t\t\t\t\t<img loading=\"lazy\" decoding=\"async\" width=\"972\" height=\"633\" src=\"https:\/\/www.dainst.blog\/visual-narratives\/wp-content\/uploads\/sites\/24\/2020\/11\/10a.-E.-Eckstein-Eminonu-Balik-Pazari-Yikimi.jpg\" class=\"attachment-full size-full wp-image-844\" alt=\"E. Eckstein, Emin\u00f6n\u00fc Bal\u0131k Pazar\u0131 Y\u0131k\u0131m\u0131\" srcset=\"https:\/\/www.dainst.blog\/visual-narratives\/wp-content\/uploads\/sites\/24\/2020\/11\/10a.-E.-Eckstein-Eminonu-Balik-Pazari-Yikimi.jpg 972w, https:\/\/www.dainst.blog\/visual-narratives\/wp-content\/uploads\/sites\/24\/2020\/11\/10a.-E.-Eckstein-Eminonu-Balik-Pazari-Yikimi-300x195.jpg 300w, https:\/\/www.dainst.blog\/visual-narratives\/wp-content\/uploads\/sites\/24\/2020\/11\/10a.-E.-Eckstein-Eminonu-Balik-Pazari-Yikimi-768x500.jpg 768w\" sizes=\"100vw\" \/>\t\t\t\t\t\t\t\t\t\t\t<figcaption class=\"widget-image-caption wp-caption-text\">E. Eckstein, Emin\u00f6n\u00fc Bal\u0131k Pazar\u0131 Y\u0131k\u0131m\u0131<\/figcaption>\n\t\t\t\t\t\t\t\t\t\t<\/figure>\n\t\t\t\t\t\t\t\t\t<\/div>\n\t\t\t\t<\/div>\n\t\t\t\t\t<\/div>\n\t\t<\/div>\n\t\t\t\t<div class=\"elementor-column elementor-col-50 elementor-top-column elementor-element elementor-element-250a813\" data-id=\"250a813\" data-element_type=\"column\" data-e-type=\"column\">\n\t\t\t<div class=\"elementor-widget-wrap elementor-element-populated\">\n\t\t\t\t\t\t<div class=\"elementor-element elementor-element-84c27a0 elementor-widget elementor-widget-image\" data-id=\"84c27a0\" data-element_type=\"widget\" data-e-type=\"widget\" data-widget_type=\"image.default\">\n\t\t\t\t<div class=\"elementor-widget-container\">\n\t\t\t\t\t\t\t\t\t\t\t\t<figure class=\"wp-caption\">\n\t\t\t\t\t\t\t\t\t\t<img loading=\"lazy\" decoding=\"async\" width=\"2560\" height=\"1746\" src=\"https:\/\/www.dainst.blog\/visual-narratives\/wp-content\/uploads\/sites\/24\/2020\/11\/10b.-A.-Eckstein-Suleymaniye-Camii-Tahtakale-ve-Halic-Guney-Kiyilari-1945--scaled.jpg\" class=\"attachment-full size-full wp-image-845\" alt=\"A. Eckstein, S\u00fcleymaniye Camii, Tahtakale ve Hali\u00e7 G\u00fcney K\u0131y\u0131lar\u0131, 1945\" srcset=\"https:\/\/www.dainst.blog\/visual-narratives\/wp-content\/uploads\/sites\/24\/2020\/11\/10b.-A.-Eckstein-Suleymaniye-Camii-Tahtakale-ve-Halic-Guney-Kiyilari-1945--scaled.jpg 2560w, https:\/\/www.dainst.blog\/visual-narratives\/wp-content\/uploads\/sites\/24\/2020\/11\/10b.-A.-Eckstein-Suleymaniye-Camii-Tahtakale-ve-Halic-Guney-Kiyilari-1945--300x205.jpg 300w, https:\/\/www.dainst.blog\/visual-narratives\/wp-content\/uploads\/sites\/24\/2020\/11\/10b.-A.-Eckstein-Suleymaniye-Camii-Tahtakale-ve-Halic-Guney-Kiyilari-1945--1024x698.jpg 1024w, https:\/\/www.dainst.blog\/visual-narratives\/wp-content\/uploads\/sites\/24\/2020\/11\/10b.-A.-Eckstein-Suleymaniye-Camii-Tahtakale-ve-Halic-Guney-Kiyilari-1945--768x524.jpg 768w, https:\/\/www.dainst.blog\/visual-narratives\/wp-content\/uploads\/sites\/24\/2020\/11\/10b.-A.-Eckstein-Suleymaniye-Camii-Tahtakale-ve-Halic-Guney-Kiyilari-1945--1536x1047.jpg 1536w, https:\/\/www.dainst.blog\/visual-narratives\/wp-content\/uploads\/sites\/24\/2020\/11\/10b.-A.-Eckstein-Suleymaniye-Camii-Tahtakale-ve-Halic-Guney-Kiyilari-1945--2048x1396.jpg 2048w\" sizes=\"100vw\" \/>\t\t\t\t\t\t\t\t\t\t\t<figcaption class=\"widget-image-caption wp-caption-text\">A. Eckstein, S\u00fcleymaniye Camii, Tahtakale ve Hali\u00e7 G\u00fcney K\u0131y\u0131lar\u0131, 1945<\/figcaption>\n\t\t\t\t\t\t\t\t\t\t<\/figure>\n\t\t\t\t\t\t\t\t\t<\/div>\n\t\t\t\t<\/div>\n\t\t\t\t\t<\/div>\n\t\t<\/div>\n\t\t\t\t\t<\/div>\n\t\t<\/section>\n\t\t\t\t<section class=\"elementor-section elementor-top-section elementor-element elementor-element-fe8205c elementor-section-height-full elementor-section-boxed elementor-section-height-default elementor-section-items-middle\" data-id=\"fe8205c\" data-element_type=\"section\" data-e-type=\"section\" id=\"section27\">\n\t\t\t\t\t\t<div class=\"elementor-container elementor-column-gap-default\">\n\t\t\t\t\t<div class=\"elementor-column elementor-col-50 elementor-top-column elementor-element elementor-element-02affe3\" data-id=\"02affe3\" data-element_type=\"column\" data-e-type=\"column\">\n\t\t\t<div class=\"elementor-widget-wrap elementor-element-populated\">\n\t\t\t\t\t\t<div class=\"elementor-element elementor-element-f52aa1e elementor-widget elementor-widget-image\" data-id=\"f52aa1e\" data-element_type=\"widget\" data-e-type=\"widget\" data-widget_type=\"image.default\">\n\t\t\t\t<div class=\"elementor-widget-container\">\n\t\t\t\t\t\t\t\t\t\t\t\t<figure class=\"wp-caption\">\n\t\t\t\t\t\t\t\t\t\t<img loading=\"lazy\" decoding=\"async\" width=\"653\" height=\"978\" src=\"https:\/\/www.dainst.blog\/visual-narratives\/wp-content\/uploads\/sites\/24\/2020\/11\/11a.-E.-Eckstein-Valide-Mihrisah-Sultan-Sebili-Eyup.jpg\" class=\"attachment-full size-full wp-image-857\" alt=\"E. Eckstein, Valide Mihri\u015fah Sultan Sebili, Ey\u00fcp\" srcset=\"https:\/\/www.dainst.blog\/visual-narratives\/wp-content\/uploads\/sites\/24\/2020\/11\/11a.-E.-Eckstein-Valide-Mihrisah-Sultan-Sebili-Eyup.jpg 653w, https:\/\/www.dainst.blog\/visual-narratives\/wp-content\/uploads\/sites\/24\/2020\/11\/11a.-E.-Eckstein-Valide-Mihrisah-Sultan-Sebili-Eyup-200x300.jpg 200w\" sizes=\"100vw\" \/>\t\t\t\t\t\t\t\t\t\t\t<figcaption class=\"widget-image-caption wp-caption-text\">E. Eckstein, Valide Mihri\u015fah Sultan Sebili, Ey\u00fcp<\/figcaption>\n\t\t\t\t\t\t\t\t\t\t<\/figure>\n\t\t\t\t\t\t\t\t\t<\/div>\n\t\t\t\t<\/div>\n\t\t\t\t\t<\/div>\n\t\t<\/div>\n\t\t\t\t<div class=\"elementor-column elementor-col-50 elementor-top-column elementor-element elementor-element-291c91a\" data-id=\"291c91a\" data-element_type=\"column\" data-e-type=\"column\">\n\t\t\t<div class=\"elementor-widget-wrap elementor-element-populated\">\n\t\t\t\t\t\t<div class=\"elementor-element elementor-element-b10d82d elementor-widget elementor-widget-image\" data-id=\"b10d82d\" data-element_type=\"widget\" data-e-type=\"widget\" data-widget_type=\"image.default\">\n\t\t\t\t<div class=\"elementor-widget-container\">\n\t\t\t\t\t\t\t\t\t\t\t\t<figure class=\"wp-caption\">\n\t\t\t\t\t\t\t\t\t\t<img loading=\"lazy\" decoding=\"async\" width=\"1100\" height=\"1612\" src=\"https:\/\/www.dainst.blog\/visual-narratives\/wp-content\/uploads\/sites\/24\/2020\/11\/11b.-A.-Eckstein-Mihrisah-Valide-Sultan-Cesmesi-Eyup-Bost.-Isk.-Sokak-1937-scaled-e1606744492529.jpg\" class=\"attachment-full size-full wp-image-858\" alt=\"A. Eckstein Mihri\u015fah Valide Sultan \u00c7e\u015fmesi, Ey\u00fcp, Bost. Isk. Sokak, 1937\" sizes=\"100vw\" \/>\t\t\t\t\t\t\t\t\t\t\t<figcaption class=\"widget-image-caption wp-caption-text\">A. Eckstein Valide Mihri\u015fah Sultan Sebili, Ey\u00fcp, 1937<\/figcaption>\n\t\t\t\t\t\t\t\t\t\t<\/figure>\n\t\t\t\t\t\t\t\t\t<\/div>\n\t\t\t\t<\/div>\n\t\t\t\t\t<\/div>\n\t\t<\/div>\n\t\t\t\t\t<\/div>\n\t\t<\/section>\n\t\t\t\t<section class=\"elementor-section elementor-top-section elementor-element elementor-element-b599ab6 elementor-section-height-full elementor-section-boxed elementor-section-height-default elementor-section-items-middle\" data-id=\"b599ab6\" data-element_type=\"section\" data-e-type=\"section\" id=\"section28\">\n\t\t\t\t\t\t<div class=\"elementor-container elementor-column-gap-default\">\n\t\t\t\t\t<div class=\"elementor-column elementor-col-50 elementor-top-column elementor-element elementor-element-6e78eb8\" data-id=\"6e78eb8\" data-element_type=\"column\" data-e-type=\"column\">\n\t\t\t<div class=\"elementor-widget-wrap elementor-element-populated\">\n\t\t\t\t\t\t<div class=\"elementor-element elementor-element-f1f47b1 elementor-widget elementor-widget-image\" data-id=\"f1f47b1\" data-element_type=\"widget\" data-e-type=\"widget\" data-widget_type=\"image.default\">\n\t\t\t\t<div class=\"elementor-widget-container\">\n\t\t\t\t\t\t\t\t\t\t\t\t<figure class=\"wp-caption\">\n\t\t\t\t\t\t\t\t\t\t<img loading=\"lazy\" decoding=\"async\" width=\"641\" height=\"963\" src=\"https:\/\/www.dainst.blog\/visual-narratives\/wp-content\/uploads\/sites\/24\/2020\/11\/12a.-E.-Eckstein-Aziziye-Cami-Konya-.jpg\" class=\"attachment-full size-full wp-image-860\" alt=\"E. Eckstein, Aziziye Cami, Konya\" srcset=\"https:\/\/www.dainst.blog\/visual-narratives\/wp-content\/uploads\/sites\/24\/2020\/11\/12a.-E.-Eckstein-Aziziye-Cami-Konya-.jpg 641w, https:\/\/www.dainst.blog\/visual-narratives\/wp-content\/uploads\/sites\/24\/2020\/11\/12a.-E.-Eckstein-Aziziye-Cami-Konya--200x300.jpg 200w\" sizes=\"100vw\" \/>\t\t\t\t\t\t\t\t\t\t\t<figcaption class=\"widget-image-caption wp-caption-text\">E. Eckstein, Aziziye Cami, Konya<\/figcaption>\n\t\t\t\t\t\t\t\t\t\t<\/figure>\n\t\t\t\t\t\t\t\t\t<\/div>\n\t\t\t\t<\/div>\n\t\t\t\t\t<\/div>\n\t\t<\/div>\n\t\t\t\t<div class=\"elementor-column elementor-col-50 elementor-top-column elementor-element elementor-element-1544cf9\" data-id=\"1544cf9\" data-element_type=\"column\" data-e-type=\"column\">\n\t\t\t<div class=\"elementor-widget-wrap elementor-element-populated\">\n\t\t\t\t\t\t<div class=\"elementor-element elementor-element-b861b2b elementor-widget elementor-widget-image\" data-id=\"b861b2b\" data-element_type=\"widget\" data-e-type=\"widget\" data-widget_type=\"image.default\">\n\t\t\t\t<div class=\"elementor-widget-container\">\n\t\t\t\t\t\t\t\t\t\t\t\t<figure class=\"wp-caption\">\n\t\t\t\t\t\t\t\t\t\t<img loading=\"lazy\" decoding=\"async\" width=\"1701\" height=\"2560\" src=\"https:\/\/www.dainst.blog\/visual-narratives\/wp-content\/uploads\/sites\/24\/2020\/11\/12b.-A.-Eckstein-Aziziye-Camii-Konya-1937--scaled.jpg\" class=\"attachment-full size-full wp-image-861\" alt=\"A. Eckstein, Aziziye Camii, Konya, 1937\" srcset=\"https:\/\/www.dainst.blog\/visual-narratives\/wp-content\/uploads\/sites\/24\/2020\/11\/12b.-A.-Eckstein-Aziziye-Camii-Konya-1937--scaled.jpg 1701w, https:\/\/www.dainst.blog\/visual-narratives\/wp-content\/uploads\/sites\/24\/2020\/11\/12b.-A.-Eckstein-Aziziye-Camii-Konya-1937--199x300.jpg 199w, https:\/\/www.dainst.blog\/visual-narratives\/wp-content\/uploads\/sites\/24\/2020\/11\/12b.-A.-Eckstein-Aziziye-Camii-Konya-1937--680x1024.jpg 680w, https:\/\/www.dainst.blog\/visual-narratives\/wp-content\/uploads\/sites\/24\/2020\/11\/12b.-A.-Eckstein-Aziziye-Camii-Konya-1937--768x1156.jpg 768w, https:\/\/www.dainst.blog\/visual-narratives\/wp-content\/uploads\/sites\/24\/2020\/11\/12b.-A.-Eckstein-Aziziye-Camii-Konya-1937--1021x1536.jpg 1021w, https:\/\/www.dainst.blog\/visual-narratives\/wp-content\/uploads\/sites\/24\/2020\/11\/12b.-A.-Eckstein-Aziziye-Camii-Konya-1937--1361x2048.jpg 1361w\" sizes=\"100vw\" \/>\t\t\t\t\t\t\t\t\t\t\t<figcaption class=\"widget-image-caption wp-caption-text\">A. Eckstein, Aziziye Camii, Konya, 1937 <\/figcaption>\n\t\t\t\t\t\t\t\t\t\t<\/figure>\n\t\t\t\t\t\t\t\t\t<\/div>\n\t\t\t\t<\/div>\n\t\t\t\t\t<\/div>\n\t\t<\/div>\n\t\t\t\t\t<\/div>\n\t\t<\/section>\n\t\t\t\t<section class=\"elementor-section elementor-top-section elementor-element elementor-element-2e1b917 elementor-section-height-full elementor-section-boxed elementor-section-height-default elementor-section-items-middle\" data-id=\"2e1b917\" data-element_type=\"section\" data-e-type=\"section\" id=\"section29\">\n\t\t\t\t\t\t<div class=\"elementor-container elementor-column-gap-wide\">\n\t\t\t\t\t<div class=\"elementor-column elementor-col-50 elementor-top-column elementor-element elementor-element-d599acc\" data-id=\"d599acc\" data-element_type=\"column\" data-e-type=\"column\">\n\t\t\t<div class=\"elementor-widget-wrap elementor-element-populated\">\n\t\t\t\t\t\t<div class=\"elementor-element elementor-element-e5622b0 elementor-widget elementor-widget-image\" data-id=\"e5622b0\" data-element_type=\"widget\" data-e-type=\"widget\" data-widget_type=\"image.default\">\n\t\t\t\t<div class=\"elementor-widget-container\">\n\t\t\t\t\t\t\t\t\t\t\t\t<figure class=\"wp-caption\">\n\t\t\t\t\t\t\t\t\t\t<img loading=\"lazy\" decoding=\"async\" width=\"983\" height=\"642\" src=\"https:\/\/www.dainst.blog\/visual-narratives\/wp-content\/uploads\/sites\/24\/2020\/11\/13a.-E.-Eckstein-Amasya-.jpg\" class=\"attachment-full size-full wp-image-862\" alt=\"E. Eckstein, Amasya\" srcset=\"https:\/\/www.dainst.blog\/visual-narratives\/wp-content\/uploads\/sites\/24\/2020\/11\/13a.-E.-Eckstein-Amasya-.jpg 983w, https:\/\/www.dainst.blog\/visual-narratives\/wp-content\/uploads\/sites\/24\/2020\/11\/13a.-E.-Eckstein-Amasya--300x196.jpg 300w, https:\/\/www.dainst.blog\/visual-narratives\/wp-content\/uploads\/sites\/24\/2020\/11\/13a.-E.-Eckstein-Amasya--768x502.jpg 768w\" sizes=\"100vw\" \/>\t\t\t\t\t\t\t\t\t\t\t<figcaption class=\"widget-image-caption wp-caption-text\">E. Eckstein, Amasya<\/figcaption>\n\t\t\t\t\t\t\t\t\t\t<\/figure>\n\t\t\t\t\t\t\t\t\t<\/div>\n\t\t\t\t<\/div>\n\t\t\t\t\t<\/div>\n\t\t<\/div>\n\t\t\t\t<div class=\"elementor-column elementor-col-50 elementor-top-column elementor-element elementor-element-b26a4c9\" data-id=\"b26a4c9\" data-element_type=\"column\" data-e-type=\"column\">\n\t\t\t<div class=\"elementor-widget-wrap elementor-element-populated\">\n\t\t\t\t\t\t<div class=\"elementor-element elementor-element-f4cb06f elementor-widget elementor-widget-image\" data-id=\"f4cb06f\" data-element_type=\"widget\" data-e-type=\"widget\" data-widget_type=\"image.default\">\n\t\t\t\t<div class=\"elementor-widget-container\">\n\t\t\t\t\t\t\t\t\t\t\t\t<figure class=\"wp-caption\">\n\t\t\t\t\t\t\t\t\t\t<img loading=\"lazy\" decoding=\"async\" width=\"1200\" height=\"789\" src=\"https:\/\/www.dainst.blog\/visual-narratives\/wp-content\/uploads\/sites\/24\/2020\/11\/13b.-A.-Eckstein-Yesilirmak-Kenarinda-Evler-Amasya-1937--scaled-e1606744478837.jpg\" class=\"attachment-full size-full wp-image-863\" alt=\"A. Eckstein, Ye\u015fil\u0131rmak Kenar\u0131nda Evler, Amasya, 1937\" sizes=\"100vw\" \/>\t\t\t\t\t\t\t\t\t\t\t<figcaption class=\"widget-image-caption wp-caption-text\">A. Eckstein, Ye\u015fil\u0131rmak Kenar\u0131nda Evler, Amasya, 1937<\/figcaption>\n\t\t\t\t\t\t\t\t\t\t<\/figure>\n\t\t\t\t\t\t\t\t\t<\/div>\n\t\t\t\t<\/div>\n\t\t\t\t\t<\/div>\n\t\t<\/div>\n\t\t\t\t\t<\/div>\n\t\t<\/section>\n\t\t\t\t<section class=\"elementor-section elementor-top-section elementor-element elementor-element-96607a9 elementor-section-height-full elementor-section-boxed elementor-section-height-default elementor-section-items-middle\" data-id=\"96607a9\" data-element_type=\"section\" data-e-type=\"section\" id=\"section30\">\n\t\t\t\t\t\t<div class=\"elementor-container elementor-column-gap-wide\">\n\t\t\t\t\t<div class=\"elementor-column elementor-col-50 elementor-top-column elementor-element elementor-element-2f88d29\" data-id=\"2f88d29\" data-element_type=\"column\" data-e-type=\"column\">\n\t\t\t<div class=\"elementor-widget-wrap elementor-element-populated\">\n\t\t\t\t\t\t<div class=\"elementor-element elementor-element-4532a31 elementor-widget elementor-widget-image\" data-id=\"4532a31\" data-element_type=\"widget\" data-e-type=\"widget\" data-widget_type=\"image.default\">\n\t\t\t\t<div class=\"elementor-widget-container\">\n\t\t\t\t\t\t\t\t\t\t\t\t<figure class=\"wp-caption\">\n\t\t\t\t\t\t\t\t\t\t<img loading=\"lazy\" decoding=\"async\" width=\"979\" height=\"632\" src=\"https:\/\/www.dainst.blog\/visual-narratives\/wp-content\/uploads\/sites\/24\/2020\/11\/14a.-E.-Eckstein-Saclari-Orgulu-Gelin-.jpg\" class=\"attachment-full size-full wp-image-865\" alt=\"E. Eckstein, Sa\u00e7lar\u0131 \u00d6rg\u00fcl\u00fc Gelin\" srcset=\"https:\/\/www.dainst.blog\/visual-narratives\/wp-content\/uploads\/sites\/24\/2020\/11\/14a.-E.-Eckstein-Saclari-Orgulu-Gelin-.jpg 979w, https:\/\/www.dainst.blog\/visual-narratives\/wp-content\/uploads\/sites\/24\/2020\/11\/14a.-E.-Eckstein-Saclari-Orgulu-Gelin--300x194.jpg 300w, https:\/\/www.dainst.blog\/visual-narratives\/wp-content\/uploads\/sites\/24\/2020\/11\/14a.-E.-Eckstein-Saclari-Orgulu-Gelin--768x496.jpg 768w\" sizes=\"100vw\" \/>\t\t\t\t\t\t\t\t\t\t\t<figcaption class=\"widget-image-caption wp-caption-text\">E. Eckstein, Sa\u00e7lar\u0131 \u00d6rg\u00fcl\u00fc Gelin<\/figcaption>\n\t\t\t\t\t\t\t\t\t\t<\/figure>\n\t\t\t\t\t\t\t\t\t<\/div>\n\t\t\t\t<\/div>\n\t\t\t\t\t<\/div>\n\t\t<\/div>\n\t\t\t\t<div class=\"elementor-column elementor-col-50 elementor-top-column elementor-element elementor-element-e1323cb\" data-id=\"e1323cb\" data-element_type=\"column\" data-e-type=\"column\">\n\t\t\t<div class=\"elementor-widget-wrap elementor-element-populated\">\n\t\t\t\t\t\t<div class=\"elementor-element elementor-element-b5bd562 elementor-widget elementor-widget-image\" data-id=\"b5bd562\" data-element_type=\"widget\" data-e-type=\"widget\" data-widget_type=\"image.default\">\n\t\t\t\t<div class=\"elementor-widget-container\">\n\t\t\t\t\t\t\t\t\t\t\t\t<figure class=\"wp-caption\">\n\t\t\t\t\t\t\t\t\t\t<img loading=\"lazy\" decoding=\"async\" width=\"1100\" height=\"1662\" src=\"https:\/\/www.dainst.blog\/visual-narratives\/wp-content\/uploads\/sites\/24\/2020\/11\/14b.-A.-Eckstein-Kiz-Cocu\u01e7u-Ni\u01e7de1937--scaled-e1606744470256.jpg\" class=\"attachment-full size-full wp-image-866\" alt=\"A. Eckstein, K\u0131z \u00c7ocu\u01e7u, Ni\u01e7de,1937\" sizes=\"100vw\" \/>\t\t\t\t\t\t\t\t\t\t\t<figcaption class=\"widget-image-caption wp-caption-text\">A. Eckstein, K\u0131z \u00c7ocu\u01e7u, Ni\u01e7de,1937<\/figcaption>\n\t\t\t\t\t\t\t\t\t\t<\/figure>\n\t\t\t\t\t\t\t\t\t<\/div>\n\t\t\t\t<\/div>\n\t\t\t\t\t<\/div>\n\t\t<\/div>\n\t\t\t\t\t<\/div>\n\t\t<\/section>\n\t\t\t\t<section class=\"elementor-section elementor-top-section elementor-element elementor-element-c2e5715 elementor-section-height-full elementor-section-boxed elementor-section-height-default elementor-section-items-middle\" data-id=\"c2e5715\" data-element_type=\"section\" data-e-type=\"section\" id=\"section31\">\n\t\t\t\t\t\t<div class=\"elementor-container elementor-column-gap-wide\">\n\t\t\t\t\t<div class=\"elementor-column elementor-col-50 elementor-top-column elementor-element elementor-element-39e10c9\" data-id=\"39e10c9\" data-element_type=\"column\" data-e-type=\"column\">\n\t\t\t<div class=\"elementor-widget-wrap elementor-element-populated\">\n\t\t\t\t\t\t<div class=\"elementor-element elementor-element-0051267 elementor-widget elementor-widget-image\" data-id=\"0051267\" data-element_type=\"widget\" data-e-type=\"widget\" data-widget_type=\"image.default\">\n\t\t\t\t<div class=\"elementor-widget-container\">\n\t\t\t\t\t\t\t\t\t\t\t\t<figure class=\"wp-caption\">\n\t\t\t\t\t\t\t\t\t\t<img loading=\"lazy\" decoding=\"async\" width=\"666\" height=\"964\" src=\"https:\/\/www.dainst.blog\/visual-narratives\/wp-content\/uploads\/sites\/24\/2020\/11\/15a.-E.-Eckstein-Leylek-Yuvasi-.jpg\" class=\"attachment-full size-full wp-image-868\" alt=\"E. Eckstein, Leylek Yuvas\u0131\" srcset=\"https:\/\/www.dainst.blog\/visual-narratives\/wp-content\/uploads\/sites\/24\/2020\/11\/15a.-E.-Eckstein-Leylek-Yuvasi-.jpg 666w, https:\/\/www.dainst.blog\/visual-narratives\/wp-content\/uploads\/sites\/24\/2020\/11\/15a.-E.-Eckstein-Leylek-Yuvasi--207x300.jpg 207w\" sizes=\"100vw\" \/>\t\t\t\t\t\t\t\t\t\t\t<figcaption class=\"widget-image-caption wp-caption-text\">E. Eckstein, Leylek Yuvas\u0131<\/figcaption>\n\t\t\t\t\t\t\t\t\t\t<\/figure>\n\t\t\t\t\t\t\t\t\t<\/div>\n\t\t\t\t<\/div>\n\t\t\t\t\t<\/div>\n\t\t<\/div>\n\t\t\t\t<div class=\"elementor-column elementor-col-50 elementor-top-column elementor-element elementor-element-07da87f\" data-id=\"07da87f\" data-element_type=\"column\" data-e-type=\"column\">\n\t\t\t<div class=\"elementor-widget-wrap elementor-element-populated\">\n\t\t\t\t\t\t<div class=\"elementor-element elementor-element-8d62231 elementor-widget elementor-widget-image\" data-id=\"8d62231\" data-element_type=\"widget\" data-e-type=\"widget\" data-widget_type=\"image.default\">\n\t\t\t\t<div class=\"elementor-widget-container\">\n\t\t\t\t\t\t\t\t\t\t\t\t<figure class=\"wp-caption\">\n\t\t\t\t\t\t\t\t\t\t<img loading=\"lazy\" decoding=\"async\" width=\"1300\" height=\"863\" src=\"https:\/\/www.dainst.blog\/visual-narratives\/wp-content\/uploads\/sites\/24\/2020\/11\/15b.-A.-Eckstein-Eyup-Sultan-Camii-Arkasi-1937--scaled-e1606744462233.jpg\" class=\"attachment-full size-full wp-image-869\" alt=\"A. Eckstein, Ey\u00fcp Sultan Camii Arkas\u0131, 1937\" sizes=\"100vw\" \/>\t\t\t\t\t\t\t\t\t\t\t<figcaption class=\"widget-image-caption wp-caption-text\">A. Eckstein, Ey\u00fcp Sultan Camii Arkas\u0131, 1937<\/figcaption>\n\t\t\t\t\t\t\t\t\t\t<\/figure>\n\t\t\t\t\t\t\t\t\t<\/div>\n\t\t\t\t<\/div>\n\t\t\t\t\t<\/div>\n\t\t<\/div>\n\t\t\t\t\t<\/div>\n\t\t<\/section>\n\t\t\t\t<section class=\"elementor-section elementor-top-section elementor-element elementor-element-208cbe5 elementor-section-height-full elementor-section-boxed elementor-section-height-default elementor-section-items-middle\" data-id=\"208cbe5\" data-element_type=\"section\" data-e-type=\"section\" id=\"section32\">\n\t\t\t\t\t\t<div class=\"elementor-container elementor-column-gap-wide\">\n\t\t\t\t\t<div class=\"elementor-column elementor-col-50 elementor-top-column elementor-element elementor-element-0902a76\" data-id=\"0902a76\" data-element_type=\"column\" data-e-type=\"column\">\n\t\t\t<div class=\"elementor-widget-wrap elementor-element-populated\">\n\t\t\t\t\t\t<div class=\"elementor-element elementor-element-6bc9885 elementor-widget elementor-widget-image\" data-id=\"6bc9885\" data-element_type=\"widget\" data-e-type=\"widget\" data-widget_type=\"image.default\">\n\t\t\t\t<div class=\"elementor-widget-container\">\n\t\t\t\t\t\t\t\t\t\t\t\t<figure class=\"wp-caption\">\n\t\t\t\t\t\t\t\t\t\t<img loading=\"lazy\" decoding=\"async\" width=\"973\" height=\"628\" src=\"https:\/\/www.dainst.blog\/visual-narratives\/wp-content\/uploads\/sites\/24\/2020\/11\/16a.-E.-Eckstein-Ankara-Kalesi-.jpg\" class=\"attachment-full size-full wp-image-871\" alt=\"E. Eckstein, Ankara Kalesi\" srcset=\"https:\/\/www.dainst.blog\/visual-narratives\/wp-content\/uploads\/sites\/24\/2020\/11\/16a.-E.-Eckstein-Ankara-Kalesi-.jpg 973w, https:\/\/www.dainst.blog\/visual-narratives\/wp-content\/uploads\/sites\/24\/2020\/11\/16a.-E.-Eckstein-Ankara-Kalesi--300x194.jpg 300w, https:\/\/www.dainst.blog\/visual-narratives\/wp-content\/uploads\/sites\/24\/2020\/11\/16a.-E.-Eckstein-Ankara-Kalesi--768x496.jpg 768w\" sizes=\"100vw\" \/>\t\t\t\t\t\t\t\t\t\t\t<figcaption class=\"widget-image-caption wp-caption-text\">E. Eckstein, Ankara Kalesi  <\/figcaption>\n\t\t\t\t\t\t\t\t\t\t<\/figure>\n\t\t\t\t\t\t\t\t\t<\/div>\n\t\t\t\t<\/div>\n\t\t\t\t\t<\/div>\n\t\t<\/div>\n\t\t\t\t<div class=\"elementor-column elementor-col-50 elementor-top-column elementor-element elementor-element-4d6856c\" data-id=\"4d6856c\" data-element_type=\"column\" data-e-type=\"column\">\n\t\t\t<div class=\"elementor-widget-wrap elementor-element-populated\">\n\t\t\t\t\t\t<div class=\"elementor-element elementor-element-ab344b1 elementor-widget elementor-widget-image\" data-id=\"ab344b1\" data-element_type=\"widget\" data-e-type=\"widget\" data-widget_type=\"image.default\">\n\t\t\t\t<div class=\"elementor-widget-container\">\n\t\t\t\t\t\t\t\t\t\t\t\t<figure class=\"wp-caption\">\n\t\t\t\t\t\t\t\t\t\t<img loading=\"lazy\" decoding=\"async\" width=\"1250\" height=\"813\" src=\"https:\/\/www.dainst.blog\/visual-narratives\/wp-content\/uploads\/sites\/24\/2020\/11\/16b.-A.-Eckstein-Yasli-Bir-Adam-Afyon-1937--scaled-e1606744451680.jpg\" class=\"attachment-full size-full wp-image-872\" alt=\"A. Eckstein, Ya\u015fl\u0131 Bir Adam, Afyon, 1937\" sizes=\"100vw\" \/>\t\t\t\t\t\t\t\t\t\t\t<figcaption class=\"widget-image-caption wp-caption-text\">A. Eckstein, Ya\u015fl\u0131 Bir Adam, Afyon, 1937<\/figcaption>\n\t\t\t\t\t\t\t\t\t\t<\/figure>\n\t\t\t\t\t\t\t\t\t<\/div>\n\t\t\t\t<\/div>\n\t\t\t\t\t<\/div>\n\t\t<\/div>\n\t\t\t\t\t<\/div>\n\t\t<\/section>\n\t\t\t\t<section class=\"elementor-section elementor-top-section elementor-element elementor-element-1dcbe3b elementor-section-height-full elementor-section-boxed elementor-section-height-default elementor-section-items-middle\" data-id=\"1dcbe3b\" data-element_type=\"section\" data-e-type=\"section\" id=\"section33\">\n\t\t\t\t\t\t<div class=\"elementor-container elementor-column-gap-wide\">\n\t\t\t\t\t<div class=\"elementor-column elementor-col-50 elementor-top-column elementor-element elementor-element-8ec2e6e\" data-id=\"8ec2e6e\" data-element_type=\"column\" data-e-type=\"column\">\n\t\t\t<div class=\"elementor-widget-wrap elementor-element-populated\">\n\t\t\t\t\t\t<div class=\"elementor-element elementor-element-d703eb5 elementor-widget elementor-widget-image\" data-id=\"d703eb5\" data-element_type=\"widget\" data-e-type=\"widget\" data-widget_type=\"image.default\">\n\t\t\t\t<div class=\"elementor-widget-container\">\n\t\t\t\t\t\t\t\t\t\t\t\t<figure class=\"wp-caption\">\n\t\t\t\t\t\t\t\t\t\t<img loading=\"lazy\" decoding=\"async\" width=\"976\" height=\"619\" src=\"https:\/\/www.dainst.blog\/visual-narratives\/wp-content\/uploads\/sites\/24\/2020\/11\/17a.-E.-Eckstein-Tiyatro-Prusias-Antik-Kenti-Duzce.jpg\" class=\"attachment-full size-full wp-image-873\" alt=\"E. Eckstein Tiyatro, Prusias Antik Kenti, D\u00fczce\" srcset=\"https:\/\/www.dainst.blog\/visual-narratives\/wp-content\/uploads\/sites\/24\/2020\/11\/17a.-E.-Eckstein-Tiyatro-Prusias-Antik-Kenti-Duzce.jpg 976w, https:\/\/www.dainst.blog\/visual-narratives\/wp-content\/uploads\/sites\/24\/2020\/11\/17a.-E.-Eckstein-Tiyatro-Prusias-Antik-Kenti-Duzce-300x190.jpg 300w, https:\/\/www.dainst.blog\/visual-narratives\/wp-content\/uploads\/sites\/24\/2020\/11\/17a.-E.-Eckstein-Tiyatro-Prusias-Antik-Kenti-Duzce-768x487.jpg 768w\" sizes=\"100vw\" \/>\t\t\t\t\t\t\t\t\t\t\t<figcaption class=\"widget-image-caption wp-caption-text\">E. Eckstein Tiyatro, Prusias Antik Kenti, D\u00fczce<\/figcaption>\n\t\t\t\t\t\t\t\t\t\t<\/figure>\n\t\t\t\t\t\t\t\t\t<\/div>\n\t\t\t\t<\/div>\n\t\t\t\t\t<\/div>\n\t\t<\/div>\n\t\t\t\t<div class=\"elementor-column elementor-col-50 elementor-top-column elementor-element elementor-element-f70b02c\" data-id=\"f70b02c\" data-element_type=\"column\" data-e-type=\"column\">\n\t\t\t<div class=\"elementor-widget-wrap elementor-element-populated\">\n\t\t\t\t\t\t<div class=\"elementor-element elementor-element-08d5505 elementor-widget elementor-widget-image\" data-id=\"08d5505\" data-element_type=\"widget\" data-e-type=\"widget\" data-widget_type=\"image.default\">\n\t\t\t\t<div class=\"elementor-widget-container\">\n\t\t\t\t\t\t\t\t\t\t\t\t<figure class=\"wp-caption\">\n\t\t\t\t\t\t\t\t\t\t<img loading=\"lazy\" decoding=\"async\" width=\"1250\" height=\"822\" src=\"https:\/\/www.dainst.blog\/visual-narratives\/wp-content\/uploads\/sites\/24\/2020\/11\/17b.-A.-Eckstein-Bouleuterion-Priene-1938--scaled-e1606744443549.jpg\" class=\"attachment-full size-full wp-image-874\" alt=\"A. Eckstein Bouleuterion, Priene, 1938\" sizes=\"100vw\" \/>\t\t\t\t\t\t\t\t\t\t\t<figcaption class=\"widget-image-caption wp-caption-text\">A. Eckstein Bouleuterion, Priene, 1938<\/figcaption>\n\t\t\t\t\t\t\t\t\t\t<\/figure>\n\t\t\t\t\t\t\t\t\t<\/div>\n\t\t\t\t<\/div>\n\t\t\t\t\t<\/div>\n\t\t<\/div>\n\t\t\t\t\t<\/div>\n\t\t<\/section>\n\t\t\t\t<section class=\"elementor-section elementor-top-section elementor-element elementor-element-67fd2d3 elementor-section-height-full elementor-section-boxed elementor-section-height-default elementor-section-items-middle\" data-id=\"67fd2d3\" data-element_type=\"section\" data-e-type=\"section\" id=\"section34\">\n\t\t\t\t\t\t<div class=\"elementor-container elementor-column-gap-wide\">\n\t\t\t\t\t<div class=\"elementor-column elementor-col-50 elementor-top-column elementor-element elementor-element-7e87fe3\" data-id=\"7e87fe3\" data-element_type=\"column\" data-e-type=\"column\">\n\t\t\t<div class=\"elementor-widget-wrap elementor-element-populated\">\n\t\t\t\t\t\t<div class=\"elementor-element elementor-element-64ef8bf elementor-widget elementor-widget-image\" data-id=\"64ef8bf\" data-element_type=\"widget\" data-e-type=\"widget\" data-widget_type=\"image.default\">\n\t\t\t\t<div class=\"elementor-widget-container\">\n\t\t\t\t\t\t\t\t\t\t\t\t<figure class=\"wp-caption\">\n\t\t\t\t\t\t\t\t\t\t<img loading=\"lazy\" decoding=\"async\" width=\"979\" height=\"637\" src=\"https:\/\/www.dainst.blog\/visual-narratives\/wp-content\/uploads\/sites\/24\/2020\/11\/18a.-E.-Eckstein-Efes-1980-.jpg\" class=\"attachment-full size-full wp-image-876\" alt=\"E. Eckstein, Efes, 1980\" srcset=\"https:\/\/www.dainst.blog\/visual-narratives\/wp-content\/uploads\/sites\/24\/2020\/11\/18a.-E.-Eckstein-Efes-1980-.jpg 979w, https:\/\/www.dainst.blog\/visual-narratives\/wp-content\/uploads\/sites\/24\/2020\/11\/18a.-E.-Eckstein-Efes-1980--300x195.jpg 300w, https:\/\/www.dainst.blog\/visual-narratives\/wp-content\/uploads\/sites\/24\/2020\/11\/18a.-E.-Eckstein-Efes-1980--768x500.jpg 768w\" sizes=\"100vw\" \/>\t\t\t\t\t\t\t\t\t\t\t<figcaption class=\"widget-image-caption wp-caption-text\">E. Eckstein, Hadrian Tap\u0131na\u011f\u0131, Efes, 1980<\/figcaption>\n\t\t\t\t\t\t\t\t\t\t<\/figure>\n\t\t\t\t\t\t\t\t\t<\/div>\n\t\t\t\t<\/div>\n\t\t\t\t\t<\/div>\n\t\t<\/div>\n\t\t\t\t<div class=\"elementor-column elementor-col-50 elementor-top-column elementor-element elementor-element-e30bf3f\" data-id=\"e30bf3f\" data-element_type=\"column\" data-e-type=\"column\">\n\t\t\t<div class=\"elementor-widget-wrap elementor-element-populated\">\n\t\t\t\t\t\t<div class=\"elementor-element elementor-element-2663d54 elementor-widget elementor-widget-image\" data-id=\"2663d54\" data-element_type=\"widget\" data-e-type=\"widget\" data-widget_type=\"image.default\">\n\t\t\t\t<div class=\"elementor-widget-container\">\n\t\t\t\t\t\t\t\t\t\t\t\t<figure class=\"wp-caption\">\n\t\t\t\t\t\t\t\t\t\t<img loading=\"lazy\" decoding=\"async\" width=\"1200\" height=\"816\" src=\"https:\/\/www.dainst.blog\/visual-narratives\/wp-content\/uploads\/sites\/24\/2020\/11\/18b.-A.-Eckstein-Celsus-Kutuphanesi-Efes-1938-scaled-e1606744428678.jpg\" class=\"attachment-full size-full wp-image-877\" alt=\"A. Eckstein, Celsus K\u00fct\u00fcphanesi, Efes, 1938\" sizes=\"100vw\" \/>\t\t\t\t\t\t\t\t\t\t\t<figcaption class=\"widget-image-caption wp-caption-text\">A. Eckstein, Celsus K\u00fct\u00fcphanesi, Efes, 1938<\/figcaption>\n\t\t\t\t\t\t\t\t\t\t<\/figure>\n\t\t\t\t\t\t\t\t\t<\/div>\n\t\t\t\t<\/div>\n\t\t\t\t\t<\/div>\n\t\t<\/div>\n\t\t\t\t\t<\/div>\n\t\t<\/section>\n\t\t\t\t<section class=\"elementor-section elementor-top-section elementor-element elementor-element-af8a0a4 elementor-section-height-full elementor-section-boxed elementor-section-height-default elementor-section-items-middle\" data-id=\"af8a0a4\" data-element_type=\"section\" data-e-type=\"section\" id=\"section35\">\n\t\t\t\t\t\t<div class=\"elementor-container elementor-column-gap-wide\">\n\t\t\t\t\t<div class=\"elementor-column elementor-col-50 elementor-top-column elementor-element elementor-element-a6148ca\" data-id=\"a6148ca\" data-element_type=\"column\" data-e-type=\"column\">\n\t\t\t<div class=\"elementor-widget-wrap elementor-element-populated\">\n\t\t\t\t\t\t<div class=\"elementor-element elementor-element-d3007fc elementor-widget elementor-widget-image\" data-id=\"d3007fc\" data-element_type=\"widget\" data-e-type=\"widget\" data-widget_type=\"image.default\">\n\t\t\t\t<div class=\"elementor-widget-container\">\n\t\t\t\t\t\t\t\t\t\t\t\t<figure class=\"wp-caption\">\n\t\t\t\t\t\t\t\t\t\t<img loading=\"lazy\" decoding=\"async\" width=\"982\" height=\"631\" src=\"https:\/\/www.dainst.blog\/visual-narratives\/wp-content\/uploads\/sites\/24\/2020\/11\/19a.-E.-Eckstein-Bo\u01e7azkoy-Kral-Kapisi-Corum-1986-.jpg\" class=\"attachment-full size-full wp-image-879\" alt=\"E. Eckstein, Bo\u01e7azk\u00f6y Kral Kap\u0131s\u0131, \u00c7orum, 1986\" srcset=\"https:\/\/www.dainst.blog\/visual-narratives\/wp-content\/uploads\/sites\/24\/2020\/11\/19a.-E.-Eckstein-Bo\u01e7azkoy-Kral-Kapisi-Corum-1986-.jpg 982w, https:\/\/www.dainst.blog\/visual-narratives\/wp-content\/uploads\/sites\/24\/2020\/11\/19a.-E.-Eckstein-Bo\u01e7azkoy-Kral-Kapisi-Corum-1986--300x193.jpg 300w, https:\/\/www.dainst.blog\/visual-narratives\/wp-content\/uploads\/sites\/24\/2020\/11\/19a.-E.-Eckstein-Bo\u01e7azkoy-Kral-Kapisi-Corum-1986--768x493.jpg 768w\" sizes=\"100vw\" \/>\t\t\t\t\t\t\t\t\t\t\t<figcaption class=\"widget-image-caption wp-caption-text\">E. Eckstein, Bo\u01e7azk\u00f6y Kral Kap\u0131s\u0131, \u00c7orum, 1986<\/figcaption>\n\t\t\t\t\t\t\t\t\t\t<\/figure>\n\t\t\t\t\t\t\t\t\t<\/div>\n\t\t\t\t<\/div>\n\t\t\t\t\t<\/div>\n\t\t<\/div>\n\t\t\t\t<div class=\"elementor-column elementor-col-50 elementor-top-column elementor-element elementor-element-97d96f3\" data-id=\"97d96f3\" data-element_type=\"column\" data-e-type=\"column\">\n\t\t\t<div class=\"elementor-widget-wrap elementor-element-populated\">\n\t\t\t\t\t\t<div class=\"elementor-element elementor-element-0361cad elementor-widget elementor-widget-image\" data-id=\"0361cad\" data-element_type=\"widget\" data-e-type=\"widget\" data-widget_type=\"image.default\">\n\t\t\t\t<div class=\"elementor-widget-container\">\n\t\t\t\t\t\t\t\t\t\t\t\t<figure class=\"wp-caption\">\n\t\t\t\t\t\t\t\t\t\t<img loading=\"lazy\" decoding=\"async\" width=\"2560\" height=\"1752\" src=\"https:\/\/www.dainst.blog\/visual-narratives\/wp-content\/uploads\/sites\/24\/2020\/11\/A.-Eckstein-Kaya-Kabartmasi-Gavurkale-1949-scaled.jpg\" class=\"attachment-full size-full wp-image-1108\" alt=\"A. Eckstein, Kaya Kabartmas\u0131, Gavurkale, 1949\" srcset=\"https:\/\/www.dainst.blog\/visual-narratives\/wp-content\/uploads\/sites\/24\/2020\/11\/A.-Eckstein-Kaya-Kabartmasi-Gavurkale-1949-scaled.jpg 2560w, https:\/\/www.dainst.blog\/visual-narratives\/wp-content\/uploads\/sites\/24\/2020\/11\/A.-Eckstein-Kaya-Kabartmasi-Gavurkale-1949-300x205.jpg 300w, https:\/\/www.dainst.blog\/visual-narratives\/wp-content\/uploads\/sites\/24\/2020\/11\/A.-Eckstein-Kaya-Kabartmasi-Gavurkale-1949-1024x701.jpg 1024w, https:\/\/www.dainst.blog\/visual-narratives\/wp-content\/uploads\/sites\/24\/2020\/11\/A.-Eckstein-Kaya-Kabartmasi-Gavurkale-1949-768x525.jpg 768w, https:\/\/www.dainst.blog\/visual-narratives\/wp-content\/uploads\/sites\/24\/2020\/11\/A.-Eckstein-Kaya-Kabartmasi-Gavurkale-1949-1536x1051.jpg 1536w, https:\/\/www.dainst.blog\/visual-narratives\/wp-content\/uploads\/sites\/24\/2020\/11\/A.-Eckstein-Kaya-Kabartmasi-Gavurkale-1949-2048x1401.jpg 2048w\" sizes=\"100vw\" \/>\t\t\t\t\t\t\t\t\t\t\t<figcaption class=\"widget-image-caption wp-caption-text\">A. Eckstein, Kaya Kabartmas\u0131, Gavurkale, 1949<\/figcaption>\n\t\t\t\t\t\t\t\t\t\t<\/figure>\n\t\t\t\t\t\t\t\t\t<\/div>\n\t\t\t\t<\/div>\n\t\t\t\t\t<\/div>\n\t\t<\/div>\n\t\t\t\t\t<\/div>\n\t\t<\/section>\n\t\t\t\t<section class=\"elementor-section elementor-top-section elementor-element elementor-element-12675ac elementor-section-height-full elementor-section-boxed elementor-section-height-default elementor-section-items-middle\" data-id=\"12675ac\" data-element_type=\"section\" data-e-type=\"section\" id=\"section35a\">\n\t\t\t\t\t\t<div class=\"elementor-container elementor-column-gap-wide\">\n\t\t\t\t\t<div class=\"elementor-column elementor-col-50 elementor-top-column elementor-element elementor-element-cc181b0\" data-id=\"cc181b0\" data-element_type=\"column\" data-e-type=\"column\">\n\t\t\t<div class=\"elementor-widget-wrap elementor-element-populated\">\n\t\t\t\t\t\t<div class=\"elementor-element elementor-element-928a4e4 elementor-widget elementor-widget-image\" data-id=\"928a4e4\" data-element_type=\"widget\" data-e-type=\"widget\" data-widget_type=\"image.default\">\n\t\t\t\t<div class=\"elementor-widget-container\">\n\t\t\t\t\t\t\t\t\t\t\t\t<figure class=\"wp-caption\">\n\t\t\t\t\t\t\t\t\t\t<img loading=\"lazy\" decoding=\"async\" width=\"971\" height=\"631\" src=\"https:\/\/www.dainst.blog\/visual-narratives\/wp-content\/uploads\/sites\/24\/2020\/12\/E.-Eckstein-Genc-Bir-Kiz-Avanos.jpg\" class=\"attachment-full size-full wp-image-1738\" alt=\"E. Eckstein, Gen\u00e7 Bir K\u0131z, Avanos\" srcset=\"https:\/\/www.dainst.blog\/visual-narratives\/wp-content\/uploads\/sites\/24\/2020\/12\/E.-Eckstein-Genc-Bir-Kiz-Avanos.jpg 971w, https:\/\/www.dainst.blog\/visual-narratives\/wp-content\/uploads\/sites\/24\/2020\/12\/E.-Eckstein-Genc-Bir-Kiz-Avanos-300x195.jpg 300w, https:\/\/www.dainst.blog\/visual-narratives\/wp-content\/uploads\/sites\/24\/2020\/12\/E.-Eckstein-Genc-Bir-Kiz-Avanos-768x499.jpg 768w\" sizes=\"100vw\" \/>\t\t\t\t\t\t\t\t\t\t\t<figcaption class=\"widget-image-caption wp-caption-text\">E. Eckstein, Gen\u00e7 Bir K\u0131z, Avanos<\/figcaption>\n\t\t\t\t\t\t\t\t\t\t<\/figure>\n\t\t\t\t\t\t\t\t\t<\/div>\n\t\t\t\t<\/div>\n\t\t\t\t\t<\/div>\n\t\t<\/div>\n\t\t\t\t<div class=\"elementor-column elementor-col-50 elementor-top-column elementor-element elementor-element-7812d94\" data-id=\"7812d94\" data-element_type=\"column\" data-e-type=\"column\">\n\t\t\t<div class=\"elementor-widget-wrap elementor-element-populated\">\n\t\t\t\t\t\t<div class=\"elementor-element elementor-element-74cd4ef elementor-widget elementor-widget-image\" data-id=\"74cd4ef\" data-element_type=\"widget\" data-e-type=\"widget\" data-widget_type=\"image.default\">\n\t\t\t\t<div class=\"elementor-widget-container\">\n\t\t\t\t\t\t\t\t\t\t\t\t<figure class=\"wp-caption\">\n\t\t\t\t\t\t\t\t\t\t<img loading=\"lazy\" decoding=\"async\" width=\"525\" height=\"487\" src=\"https:\/\/www.dainst.blog\/visual-narratives\/wp-content\/uploads\/sites\/24\/2020\/12\/A.-Eckstein-Hastanede-Yasli-Bir-Kadin-Ankara-1024x949.jpg\" class=\"attachment-large size-large wp-image-1739\" alt=\"A. Eckstein, Hastanede Ya\u015fl\u0131 Bir Kad\u0131n, Ankara\" srcset=\"https:\/\/www.dainst.blog\/visual-narratives\/wp-content\/uploads\/sites\/24\/2020\/12\/A.-Eckstein-Hastanede-Yasli-Bir-Kadin-Ankara-1024x949.jpg 1024w, https:\/\/www.dainst.blog\/visual-narratives\/wp-content\/uploads\/sites\/24\/2020\/12\/A.-Eckstein-Hastanede-Yasli-Bir-Kadin-Ankara-300x278.jpg 300w, https:\/\/www.dainst.blog\/visual-narratives\/wp-content\/uploads\/sites\/24\/2020\/12\/A.-Eckstein-Hastanede-Yasli-Bir-Kadin-Ankara-768x712.jpg 768w, https:\/\/www.dainst.blog\/visual-narratives\/wp-content\/uploads\/sites\/24\/2020\/12\/A.-Eckstein-Hastanede-Yasli-Bir-Kadin-Ankara-1536x1423.jpg 1536w, https:\/\/www.dainst.blog\/visual-narratives\/wp-content\/uploads\/sites\/24\/2020\/12\/A.-Eckstein-Hastanede-Yasli-Bir-Kadin-Ankara-2048x1898.jpg 2048w\" sizes=\"100vw\" \/>\t\t\t\t\t\t\t\t\t\t\t<figcaption class=\"widget-image-caption wp-caption-text\">A. Eckstein, Hastanede Ya\u015fl\u0131 Bir Kad\u0131n, Ankara<\/figcaption>\n\t\t\t\t\t\t\t\t\t\t<\/figure>\n\t\t\t\t\t\t\t\t\t<\/div>\n\t\t\t\t<\/div>\n\t\t\t\t\t<\/div>\n\t\t<\/div>\n\t\t\t\t\t<\/div>\n\t\t<\/section>\n\t\t\t\t<section class=\"elementor-section elementor-top-section elementor-element elementor-element-cdc03d8 elementor-section-height-full elementor-section-boxed elementor-section-height-default elementor-section-items-middle\" data-id=\"cdc03d8\" data-element_type=\"section\" data-e-type=\"section\" id=\"section36\">\n\t\t\t\t\t\t<div class=\"elementor-container elementor-column-gap-no\">\n\t\t\t\t\t<div class=\"elementor-column elementor-col-100 elementor-top-column elementor-element elementor-element-6995be1\" data-id=\"6995be1\" data-element_type=\"column\" data-e-type=\"column\">\n\t\t\t<div class=\"elementor-widget-wrap elementor-element-populated\">\n\t\t\t\t\t\t<div class=\"elementor-element elementor-element-2cbb57d elementor-widget elementor-widget-image\" data-id=\"2cbb57d\" data-element_type=\"widget\" data-e-type=\"widget\" data-widget_type=\"image.default\">\n\t\t\t\t<div class=\"elementor-widget-container\">\n\t\t\t\t\t\t\t\t\t\t\t\t\t\t\t<img loading=\"lazy\" decoding=\"async\" width=\"150\" height=\"150\" src=\"https:\/\/www.dainst.blog\/visual-narratives\/wp-content\/uploads\/sites\/24\/2020\/11\/1200px-Deutsches_Archaologisches_Institut_Logo.svg-150x150.png\" class=\"attachment-thumbnail size-thumbnail wp-image-1262\" alt=\"German Archaeological Institute Logo\" srcset=\"https:\/\/www.dainst.blog\/visual-narratives\/wp-content\/uploads\/sites\/24\/2020\/11\/1200px-Deutsches_Archaologisches_Institut_Logo.svg-150x150.png 150w, https:\/\/www.dainst.blog\/visual-narratives\/wp-content\/uploads\/sites\/24\/2020\/11\/1200px-Deutsches_Archaologisches_Institut_Logo.svg-100x100.png 100w\" sizes=\"100vw\" \/>\t\t\t\t\t\t\t\t\t\t\t\t\t\t\t<\/div>\n\t\t\t\t<\/div>\n\t\t\t\t<div class=\"elementor-element elementor-element-4027920 elementor-widget elementor-widget-heading\" data-id=\"4027920\" data-element_type=\"widget\" data-e-type=\"widget\" data-widget_type=\"heading.default\">\n\t\t\t\t<div class=\"elementor-widget-container\">\n\t\t\t\t\t<h2 class=\"elementor-heading-title elementor-size-default\">Kaynak\u00e7a<\/h2>\t\t\t\t<\/div>\n\t\t\t\t<\/div>\n\t\t\t\t<div class=\"elementor-element elementor-element-2b37131 elementor-widget elementor-widget-text-editor\" data-id=\"2b37131\" data-element_type=\"widget\" data-e-type=\"widget\" data-widget_type=\"text-editor.default\">\n\t\t\t\t<div class=\"elementor-widget-container\">\n\t\t\t\t\t\t\t\t\t<ul><li><span lang=\"DE\">L. P. Johannsen, Erna Eckstein Schlossmann \u201eEigentlich bin ich nirgendwo zu Hause\u201c, J\u00fcdische Memoiren 17 (Berlin 2012)<\/span><\/li><li><span lang=\"DE\">K. B\u00fcrgel \u2013 K. Reiter, Wissenschaftsmigration im Nationalsozialismus. Der Kinderarzt Albert Eckstein und die Gesundheitsf\u00fcrsorge in der T\u00fcrkei (D\u00fcsseldorf 2005)<\/span><\/li><li><span lang=\"DE\">Landesbibliothek D\u00fcsseldorf Universit\u00e4tsarchiv Bestand 7\/10<\/span><\/li><li><span lang=\"DE\">Alman Arkeoloji Enstit\u00fcs\u00fc \u0130stanbul \u015eubesi, Fotothek<\/span><\/li><li>B. Do\u011framac\u0131, Fotografieren und Forschen. Wissenschaftliche Expeditionen mit der Kamera im t\u00fcrkischen Exil nach 1933 (Marburg 2013)<\/li><\/ul><p><strong>Haz\u0131rlayanlar:<br \/><\/strong>Hikaye ve Konsept: Berna G\u00fcler ve Ulrich Mania<br \/>Teknik Destek: Engin Dikkulak<br \/>Alman Arkeoloji Enstit\u00fcs\u00fc \u0130stanbul \u015eubesi, Foto\u011fraf Ar\u015fivi<\/p>\t\t\t\t\t\t\t\t<\/div>\n\t\t\t\t<\/div>\n\t\t\t\t<div class=\"elementor-element elementor-element-d739844 elementor-widget elementor-widget-button\" data-id=\"d739844\" data-element_type=\"widget\" data-e-type=\"widget\" data-widget_type=\"button.default\">\n\t\t\t\t<div class=\"elementor-widget-container\">\n\t\t\t\t\t\t\t\t\t<div class=\"elementor-button-wrapper\">\n\t\t\t\t\t<a class=\"elementor-button elementor-button-link elementor-size-md\" href=\"https:\/\/www.dainst.blog\/visual-narratives\/tr\/\">\n\t\t\t\t\t\t<span class=\"elementor-button-content-wrapper\">\n\t\t\t\t\t\t<span class=\"elementor-button-icon\">\n\t\t\t\t<i aria-hidden=\"true\" class=\"fas fa-angle-left\"><\/i>\t\t\t<\/span>\n\t\t\t\t\t\t\t\t\t<span class=\"elementor-button-text\">Visual Narratives Sitesine Geri D\u00f6n<\/span>\n\t\t\t\t\t<\/span>\n\t\t\t\t\t<\/a>\n\t\t\t\t<\/div>\n\t\t\t\t\t\t\t\t<\/div>\n\t\t\t\t<\/div>\n\t\t\t\t\t<\/div>\n\t\t<\/div>\n\t\t\t\t\t<\/div>\n\t\t<\/section>\n\t\t\t\t<\/div>\n\t\t","protected":false},"excerpt":{"rendered":"<p>Bu sergi, T\u00fcrkiye\u2019ye Atat\u00fcrk\u2019\u00fcn \u00dcniversite reformu \u00e7er\u00e7evesinde davetli olarak gelen \u00e7ocuk doktoru Albert Eckstein\u2019\u0131n hayat arkada\u015f\u0131 Erna Eckstein hakk\u0131ndad\u0131r. Bug\u00fcne kadar Albert Eckstein ile ilgili pek \u00e7ok sergi, haber ve yay\u0131n yap\u0131lm\u0131\u015f; fakat Erna hep biraz g\u00f6lgede kalm\u0131\u015ft\u0131r. Bu sergi ile onun \u00fczerindeki bu toz tabakas\u0131n\u0131 kald\u0131rmak istiyoruz. Erna Eckstein E. Eckstein, Be\u015fikte Bebek, Ankara &hellip; <\/p>\n<p class=\"link-more\"><a href=\"https:\/\/www.dainst.blog\/visual-narratives\/tr\/erna-eckstein-fotografik-animsamalar\/\" class=\"more-link\">Continue reading<span class=\"screen-reader-text\"> &#8220;Erna Eckstein: Foto\u011frafik An\u0131msamalar&#8221;<\/span><\/a><\/p>\n","protected":false},"author":101,"featured_media":0,"parent":0,"menu_order":0,"comment_status":"closed","ping_status":"closed","template":"template-page-builder-no-header-footer.php","meta":{"footnotes":""},"class_list":["post-632","page","type-page","status-publish","hentry"],"_links":{"self":[{"href":"https:\/\/www.dainst.blog\/visual-narratives\/wp-json\/wp\/v2\/pages\/632"}],"collection":[{"href":"https:\/\/www.dainst.blog\/visual-narratives\/wp-json\/wp\/v2\/pages"}],"about":[{"href":"https:\/\/www.dainst.blog\/visual-narratives\/wp-json\/wp\/v2\/types\/page"}],"author":[{"embeddable":true,"href":"https:\/\/www.dainst.blog\/visual-narratives\/wp-json\/wp\/v2\/users\/101"}],"replies":[{"embeddable":true,"href":"https:\/\/www.dainst.blog\/visual-narratives\/wp-json\/wp\/v2\/comments?post=632"}],"version-history":[{"count":437,"href":"https:\/\/www.dainst.blog\/visual-narratives\/wp-json\/wp\/v2\/pages\/632\/revisions"}],"predecessor-version":[{"id":4618,"href":"https:\/\/www.dainst.blog\/visual-narratives\/wp-json\/wp\/v2\/pages\/632\/revisions\/4618"}],"wp:attachment":[{"href":"https:\/\/www.dainst.blog\/visual-narratives\/wp-json\/wp\/v2\/media?parent=632"}],"curies":[{"name":"wp","href":"https:\/\/api.w.org\/{rel}","templated":true}]}}